{"id":24728,"date":"2026-03-26T13:47:03","date_gmt":"2026-03-26T12:47:03","guid":{"rendered":"https:\/\/www.wecity.com\/oportunidades\/palacio-da-justica-de-lisboa\/"},"modified":"2026-03-30T09:27:47","modified_gmt":"2026-03-30T07:27:47","slug":"palacio-da-justica-de-lisboa","status":"publish","type":"oportunidades","link":"https:\/\/www.wecity.com\/pt-pt\/investidores\/palacio-da-justica-de-lisboa\/","title":{"rendered":"Lisboa Pal\u00e1cio da Justi\u00e7a"},"content":{"rendered":"\n<p>A WECITY cumpre as disposi\u00e7\u00f5es do Regulamento (UE) 2020\/1503 do Parlamento Europeu e do Conselho, de 7 de outubro de 2020, relativo aos prestadores europeus de servi\u00e7os de financiamento das empresas atrav\u00e9s de capitais pr\u00f3prios, e do T\u00edtulo V da Lei 5\/2015, relativa \u00e0 promo\u00e7\u00e3o do financiamento das empresas, alterada pela Lei 18\/2022, de 28 de setembro, relativa \u00e0 cria\u00e7\u00e3o e crescimento de empresas. Est\u00e1 autorizado pela <strong>CNMV<\/strong> como Prestador de Servi\u00e7os de Financiamento Participativo, registado sob o n\u00famero 9, com uma proposta favor\u00e1vel do <strong>Banco de Espanha<\/strong>. <\/p>\n\n\n\n<p>Investidor, antes de fazeres o teu investimento, l\u00ea as <a href=\"https:\/\/www.wecity.com\/pt-pt\/informacao-investidor\/\" target=\"_blank\" rel=\"noreferrer noopener\">informa\u00e7\u00f5es b\u00e1sicas para o cliente investidor<\/a>, bem como o <a href=\"https:\/\/www.wecity.com\/pt-pt\/informacao-investidor\/#periodo_reflexi%C3%B3n\">per\u00edodo de reflex\u00e3o pr\u00e9-contratual para investidores inexperientes <\/a>.  <\/p>\n\n\n\n<p><strong>Tens a pele no jogo<\/strong>:  <em>&#8220;Em conformidade com o artigo 8.\u00ba, n.\u00ba 2, do Regulamento (UE) 2020\/1503 do Parlamento Europeu e do Conselho, de 7 de outubro de 2020, relativo aos prestadores europeus de servi\u00e7os de financiamento em capital pr\u00f3prio, informamos que <a href=\"https:\/\/www.wecity.com\/pt-pt\/equipo\/\" target=\"_blank\" rel=\"noreferrer noopener\">os parceiros, gestores e funcion\u00e1rios da wecity<\/a> podem investir nesta oportunidade. Estes investimentos ser\u00e3o efectuados nos mesmos termos e condi\u00e7\u00f5es que os outros investidores, sem tratamento preferencial ou acesso privilegiado \u00e0 informa\u00e7\u00e3o&#8221;. <\/em><\/p>\n\n\n\n<h2 class=\"wp-block-heading\">O investimento<\/h2>\n\n\n\n<div class=\"wp-block-group is-style-border-radius has-background\" style=\"background-color:#f5f7f6\"><div class=\"wp-block-group__inner-container is-layout-constrained wp-block-group-is-layout-constrained\">\n<ul class=\"wp-block-list\">\n<li><strong>Objetivo do empr\u00e9stimo:<\/strong> Terrenos.<\/li>\n\n\n\n<li><strong>Seguran\u00e7a:<\/strong> hipoteca de<sup>1\u00ba <\/sup>grau.<\/li>\n\n\n\n<li><strong>Prazo:<\/strong> 9 meses (+3 meses de prorroga\u00e7\u00e3o poss\u00edvel)<\/li>\n\n\n\n<li><strong>Obrigat\u00f3rio: <\/strong>6 meses.<\/li>\n\n\n\n<li><strong>Taxa de juro:<\/strong> 12 % ao ano.<\/li>\n\n\n\n<li><strong>Rendimento total estimado:<\/strong> 9<\/li>\n\n\n\n<li><strong>Pagamentos de juros:<\/strong> no vencimento.<\/li>\n\n\n\n<li><strong>Avalia\u00e7\u00e3o atual (RICS):<\/strong> 3.828.000 \u20ac<\/li>\n\n\n\n<li><strong>Avalia\u00e7\u00e3o ECO HET: <\/strong>10.469.000 \u20ac <strong>| LTV HET: <\/strong>15,76%.<\/li>\n\n\n\n<li><strong>LTV 1.\u00aa Reparti\u00e7\u00e3o: <\/strong>43,10%.<\/li>\n\n\n\n<li><strong>Aportaciones:<\/strong><ul><li><strong>Aportaci\u00f3n promotor:<\/strong> 635.000 \u20ac&nbsp;<\/li><\/ul>\n<ul class=\"wp-block-list\">\n<li><strong>Empr\u00e9stimo wecity:<\/strong> 1.650.000 \u20ac<\/li>\n<\/ul>\n<\/li>\n\n\n\n<li><strong>Investimento m\u00ednimo:<\/strong> 500 \u20ac<\/li>\n<\/ul>\n<\/div><\/div>\n\n\n\n<p>O promotor <strong>Legera <\/strong>(atrav\u00e9s da empresa MERIDIAN DIVERSITY LDA) solicita <strong>financiamento <\/strong>para<strong> <\/strong>para a<strong> aquisi\u00e7\u00e3o de um terreno <\/strong>para a constru\u00e7\u00e3o de um edif\u00edcio de tr\u00eas andares com 15 apartamentos em <strong>Lisboa<\/strong> (Rua Cal\u00e7ada dos Mestres, 112).<\/p>\n\n\n\n<p><strong>O terreno tem uma superf\u00edcie de 1.391 m<sup>2<\/sup><\/strong> e uma \u00e1rea edific\u00e1vel de 2.912 m<sup>2<\/sup>, onde se pretende desenvolver um edif\u00edcio de 3 pisos com 15 apartamentos e apartamentos com lugares de estacionamento e arrecada\u00e7\u00f5es. A <strong>licen\u00e7a de constru\u00e7\u00e3o<\/strong> est\u00e1 pendente <strong>de aprova\u00e7\u00e3o<\/strong>.<\/p>\n\n\n\n<p>A n\u00edvel comercial, a comercializa\u00e7\u00e3o n\u00e3o foi iniciada 0% (0 em 15).<\/p>\n\n\n\n<p>O promotor solicita \u00e0 <strong>wecity<\/strong> um <strong>empr\u00e9stimo a taxa fixa de 1 650 000 euros <\/strong>para cobrir parte da compra do terreno, cujo custo de aquisi\u00e7\u00e3o \u00e9 de 2 000 000 euros. <strong>O empr\u00e9stimo ser\u00e1 garantido por uma hipoteca de<sup>1\u00ba grau<\/sup>sobre o bem<\/strong> e ter\u00e1 uma <strong>dura\u00e7\u00e3o de 9 meses <\/strong>(+3 meses de poss\u00edvel prorroga\u00e7\u00e3o). O empr\u00e9stimo ser\u00e1 inteiramente utilizado para a aquisi\u00e7\u00e3o do terreno. <\/p>\n\n\n\n<p><strong>A sa\u00edda dos investidores<\/strong> <strong>da wecity<\/strong> ser\u00e1 feita atrav\u00e9s do capital pr\u00f3prio do promotor de outros projectos em curso.<\/p>\n\n\n\n<p>Os pagamentos de juros e o reembolso do capital investido ser\u00e3o efectuados<strong> na data de vencimento<\/strong>.<\/p>\n\n\n\n<h2 class=\"wp-block-heading\">AInvest<\/h2>\n\n\n\n<p>AInvest n\u00e3o se aplica neste momento.  <\/p>\n\n\n\n<h2 class=\"wp-block-heading\">O projeto<\/h2>\n\n\n\n<figure class=\"wp-block-image size-large\"><img decoding=\"async\" width=\"1024\" height=\"606\" src=\"https:\/\/www.wecity.com\/wp-content\/uploads\/2026\/03\/wecity_imag_inversion_Lisboa-Palacio-de-Justicia_01-2-1024x606.jpg\" alt=\"\" class=\"wp-image-24748\" srcset=\"https:\/\/www.wecity.com\/wp-content\/uploads\/2026\/03\/wecity_imag_inversion_Lisboa-Palacio-de-Justicia_01-2-1024x606.jpg 1024w, https:\/\/www.wecity.com\/wp-content\/uploads\/2026\/03\/wecity_imag_inversion_Lisboa-Palacio-de-Justicia_01-2-300x178.jpg 300w, https:\/\/www.wecity.com\/wp-content\/uploads\/2026\/03\/wecity_imag_inversion_Lisboa-Palacio-de-Justicia_01-2-768x455.jpg 768w, https:\/\/www.wecity.com\/wp-content\/uploads\/2026\/03\/wecity_imag_inversion_Lisboa-Palacio-de-Justicia_01-2-1536x909.jpg 1536w, https:\/\/www.wecity.com\/wp-content\/uploads\/2026\/03\/wecity_imag_inversion_Lisboa-Palacio-de-Justicia_01-2.jpg 1716w\" sizes=\"(max-width: 1024px) 100vw, 1024px\" \/><\/figure>\n\n\n\n<figure class=\"wp-block-image size-large is-resized\"><img decoding=\"async\" width=\"1024\" height=\"606\" src=\"https:\/\/www.wecity.com\/wp-content\/uploads\/2026\/03\/wecity_imag_inversion_Lisboa-Palacio-de-Justicia_02-1024x606.jpg\" alt=\"\" class=\"wp-image-24698\" style=\"aspect-ratio:1.6889885861318203;width:1025px;height:auto\" srcset=\"https:\/\/www.wecity.com\/wp-content\/uploads\/2026\/03\/wecity_imag_inversion_Lisboa-Palacio-de-Justicia_02-1024x606.jpg 1024w, https:\/\/www.wecity.com\/wp-content\/uploads\/2026\/03\/wecity_imag_inversion_Lisboa-Palacio-de-Justicia_02-300x178.jpg 300w, https:\/\/www.wecity.com\/wp-content\/uploads\/2026\/03\/wecity_imag_inversion_Lisboa-Palacio-de-Justicia_02-768x455.jpg 768w, https:\/\/www.wecity.com\/wp-content\/uploads\/2026\/03\/wecity_imag_inversion_Lisboa-Palacio-de-Justicia_02-1536x909.jpg 1536w, https:\/\/www.wecity.com\/wp-content\/uploads\/2026\/03\/wecity_imag_inversion_Lisboa-Palacio-de-Justicia_02.jpg 1716w\" sizes=\"(max-width: 1024px) 100vw, 1024px\" \/><\/figure>\n\n\n\n<figure class=\"wp-block-image size-large is-resized\"><img decoding=\"async\" width=\"1024\" height=\"606\" src=\"https:\/\/www.wecity.com\/wp-content\/uploads\/2026\/03\/wecity_imag_inversion_Lisboa-Palacio-de-Justicia_03-2-1024x606.jpg\" alt=\"\" class=\"wp-image-24753\" style=\"aspect-ratio:1.6889885861318203;width:1025px;height:auto\" srcset=\"https:\/\/www.wecity.com\/wp-content\/uploads\/2026\/03\/wecity_imag_inversion_Lisboa-Palacio-de-Justicia_03-2-1024x606.jpg 1024w, https:\/\/www.wecity.com\/wp-content\/uploads\/2026\/03\/wecity_imag_inversion_Lisboa-Palacio-de-Justicia_03-2-300x178.jpg 300w, https:\/\/www.wecity.com\/wp-content\/uploads\/2026\/03\/wecity_imag_inversion_Lisboa-Palacio-de-Justicia_03-2-768x455.jpg 768w, https:\/\/www.wecity.com\/wp-content\/uploads\/2026\/03\/wecity_imag_inversion_Lisboa-Palacio-de-Justicia_03-2-1536x909.jpg 1536w, https:\/\/www.wecity.com\/wp-content\/uploads\/2026\/03\/wecity_imag_inversion_Lisboa-Palacio-de-Justicia_03-2.jpg 1716w\" sizes=\"(max-width: 1024px) 100vw, 1024px\" \/><\/figure>\n\n\n\n<h2 class=\"wp-block-heading\">Localiza\u00e7\u00e3o e ambiente<\/h2>\n\n\n\n<iframe src=\"https:\/\/www.google.com\/maps\/embed?pb=!1m17!1m12!1m3!1d3112.484971045343!2d-9.165828000000001!3d38.729632!2m3!1f0!2f0!3f0!3m2!1i1024!2i768!4f13.1!3m2!1m1!2zMzjCsDQzJzQ2LjciTiA5wrAwOSc1Ny4wIlc!5e0!3m2!1ses!2ses!4v1774541685462!5m2!1ses!2ses\" width=\"800\" height=\"600\" style=\"border:0;\" allowfullscreen=\"\" loading=\"lazy\" referrerpolicy=\"no-referrer-when-downgrade\"><\/iframe>\n\n\n\n<p>Este projeto est\u00e1 localizado numa zona residencial do bairro de Campolide, em <strong>Lisboa<\/strong>. \u00c9 uma zona calma, com edif\u00edcios residenciais, longe da az\u00e1fama tur\u00edstica do centro mas com boas liga\u00e7\u00f5es. \u00c9 dominada por blocos de apartamentos e algumas casas tradicionais, com uma atmosfera local e quotidiana. Fica relativamente perto de eixos importantes da cidade, o que facilita o acesso a outras zonas.   <\/p>\n\n\n\n<p>Na zona envolvente existem v\u00e1rios pontos de interesse. A poucos minutos de dist\u00e2ncia encontra-se o Parque Florestal de Monsanto, uma grande \u00e1rea verde ideal para caminhadas ou desporto. Encontra tamb\u00e9m o Aqueduto das \u00c1guas Livres, um edif\u00edcio hist\u00f3rico de refer\u00eancia. N\u00e3o muito longe fica o Centro Comercial Amoreiras e o Miradouro do Parque Eduardo VII, com boas vistas sobre a cidade.   <\/p>\n\n\n\n<h2 class=\"wp-block-heading\">Garantia hipotec\u00e1ria<\/h2>\n\n\n\n<p>O empr\u00e9stimo ser\u00e1 garantido por uma hipoteca de<sup>1\u00ba<\/sup> grau sobre o ativo, situado na Rua Cal\u00e7ada dos Mestres, 112<strong>(Lisboa<\/strong>).<\/p>\n\n\n\n<p>De acordo com o relat\u00f3rio de avalia\u00e7\u00e3o realizado pela <strong>pvwtinsa<\/strong>, a Avalia\u00e7\u00e3o Atual ascende a \u20ac3.828.000 e a Avalia\u00e7\u00e3o Hipot\u00e9tica do Edif\u00edcio Conclu\u00eddo (HET) a \u20ac10.469.000. O empr\u00e9stimo a conceder ao promotor nesta fase \u00e9 de \u20ac1.650.000, o que significa um Loan to Value (LTV) de 43,10% e um Loan to Value (LTV) HET de 15,76% e um Loan to Value (LTV) no primeiro levantamento de 43,10%.<\/p>\n\n\n\n<h2 class=\"wp-block-heading\">Agente de garantia<\/h2>\n\n\n\n<p>A cria\u00e7\u00e3o, a manuten\u00e7\u00e3o, a gest\u00e3o, a administra\u00e7\u00e3o e, se for caso disso, a execu\u00e7\u00e3o do penhor em nome dos investidores da wecity ser\u00e3o efectuadas por uma entidade externa.<\/p>\n\n\n\n<p>Neste caso, o agente de garantia nomeado ser\u00e1 o indicado no contrato de empr\u00e9stimo.  <\/p>\n\n\n\n<div style=\"height:16px\" aria-hidden=\"true\" class=\"wp-block-spacer\"><\/div>\n\n\n\n<h2 class=\"wp-block-heading\" style=\"font-size:24px\">Classifica\u00e7\u00e3o<\/h2>\n\n\n\n<p>A wecity, enquanto prestadora de servi\u00e7os de financiamento colaborativo e em conformidade com o Regulamento Delegado (UE) 2024\/358 que complementa o Regulamento (UE) 2020\/1503 do Parlamento Europeu e do Conselho, fornece uma <a href=\"https:\/\/www.wecity.com\/pt-pt\/modelo-de-avaliacao-de-riscos\/\" target=\"_blank\" rel=\"noreferrer noopener\">descri\u00e7\u00e3o do m\u00e9todo de nota\u00e7\u00e3o de cr\u00e9dito<\/a><br> dos projectos utilizados para calcular as nota\u00e7\u00f5es. Se o c\u00e1lculo se basear em contas que n\u00e3o tenham sido objeto de auditoria, este facto deve ser claramente indicado na descri\u00e7\u00e3o do m\u00e9todo. <\/p>\n\n\n\n<h2 class=\"wp-block-heading\" style=\"font-size:24px\">Monitoriza\u00e7\u00e3o<\/h2>\n\n\n\n<p>O promotor ter\u00e1 de justificar a utiliza\u00e7\u00e3o dos fundos em cada uma das candidaturas. A utiliza\u00e7\u00e3o dos fundos pelo promotor ser\u00e1 monitorizada por uma empresa externa \u00e0 wecity.   <\/p>\n","protected":false},"featured_media":24668,"template":"","class_list":["post-24728","oportunidades","type-oportunidades","status-publish","has-post-thumbnail","hentry"],"acf":[],"_links":{"self":[{"href":"https:\/\/www.wecity.com\/pt-pt\/wp-json\/wp\/v2\/oportunidades\/24728","targetHints":{"allow":["GET"]}}],"collection":[{"href":"https:\/\/www.wecity.com\/pt-pt\/wp-json\/wp\/v2\/oportunidades"}],"about":[{"href":"https:\/\/www.wecity.com\/pt-pt\/wp-json\/wp\/v2\/types\/oportunidades"}],"wp:featuredmedia":[{"embeddable":true,"href":"https:\/\/www.wecity.com\/pt-pt\/wp-json\/wp\/v2\/media\/24668"}],"wp:attachment":[{"href":"https:\/\/www.wecity.com\/pt-pt\/wp-json\/wp\/v2\/media?parent=24728"}],"curies":[{"name":"wp","href":"https:\/\/api.w.org\/{rel}","templated":true}]}}