{"id":21803,"date":"2025-11-13T12:09:47","date_gmt":"2025-11-13T11:09:47","guid":{"rendered":"https:\/\/www.wecity.com\/oportunidades\/madrid-ilex-cobena\/"},"modified":"2025-11-17T13:38:04","modified_gmt":"2025-11-17T12:38:04","slug":"madrid-ilex-cobena","status":"publish","type":"oportunidades","link":"https:\/\/www.wecity.com\/pt-pt\/investidores\/madrid-ilex-cobena\/","title":{"rendered":"Madrid Ilex Cobe\u00f1a"},"content":{"rendered":"\n<p>A WECITY cumpre as disposi\u00e7\u00f5es do Regulamento (UE) 2020\/1503 do Parlamento Europeu e do Conselho, de 7 de outubro de 2020, relativo aos prestadores europeus de servi\u00e7os de financiamento das empresas atrav\u00e9s de capitais pr\u00f3prios, e do T\u00edtulo V da Lei 5\/2015, relativa \u00e0 promo\u00e7\u00e3o do financiamento das empresas, alterada pela Lei 18\/2022, de 28 de setembro, relativa \u00e0 cria\u00e7\u00e3o e crescimento de empresas. Est\u00e1 autorizado pela <strong>CNMV<\/strong> como Prestador de Servi\u00e7os de Financiamento Participativo, registado sob o n\u00famero 9, com uma proposta favor\u00e1vel do <strong>Banco de Espanha<\/strong>. <\/p>\n\n\n\n<p>Investidor, antes de fazeres o teu investimento, l\u00ea as <a href=\"https:\/\/www.wecity.com\/pt-pt\/informacao-investidor\/\" target=\"_blank\" rel=\"noreferrer noopener\">informa\u00e7\u00f5es b\u00e1sicas para o cliente investidor<\/a>, bem como o <a href=\"https:\/\/www.wecity.com\/pt-pt\/informacao-investidor\/#periodo_reflexi%C3%B3n\">per\u00edodo de reflex\u00e3o pr\u00e9-contratual para investidores inexperientes <\/a>.  <\/p>\n\n\n\n<p><strong>Tens a pele no jogo<\/strong>:  <em>&#8220;Em conformidade com o artigo 8.\u00ba, n.\u00ba 2, do Regulamento (UE) 2020\/1503 do Parlamento Europeu e do Conselho, de 7 de outubro de 2020, relativo aos prestadores europeus de servi\u00e7os de financiamento em capital pr\u00f3prio, informamos que <a href=\"https:\/\/www.wecity.com\/pt-pt\/equipo\/\" target=\"_blank\" rel=\"noreferrer noopener\">os parceiros, gestores e funcion\u00e1rios da wecity<\/a> podem investir nesta oportunidade. Estes investimentos ser\u00e3o efectuados nos mesmos termos e condi\u00e7\u00f5es que os outros investidores, sem tratamento preferencial ou acesso privilegiado \u00e0 informa\u00e7\u00e3o&#8221;. <\/em><\/p>\n\n\n\n<h2 class=\"wp-block-heading\">O investimento<\/h2>\n\n\n\n<div class=\"wp-block-group is-style-border-radius has-background\" style=\"background-color:#f5f7f6\"><div class=\"wp-block-group__inner-container is-layout-constrained wp-block-group-is-layout-constrained\">\n<ul class=\"wp-block-list\">\n<li><strong>Objetivo do empr\u00e9stimo:<\/strong> <strong>Financiar o IVA<\/strong> correspondente \u00e0 aquisi\u00e7\u00e3o de um terreno em Cobe\u00f1a, Madrid.<\/li>\n\n\n\n<li><strong>Promessa de reembolso do IVA <\/strong>(567.000 \u20ac)  <\/li>\n\n\n\n<li><strong>Prazo:<\/strong> 9 meses (+3 meses de prorroga\u00e7\u00e3o poss\u00edvel).<\/li>\n\n\n\n<li><strong>Obrigat\u00f3rio: <\/strong>6 meses.<\/li>\n\n\n\n<li><strong>Taxa de juro:<\/strong> 10,5% ao ano.<\/li>\n\n\n\n<li><strong>Rendimento total estimado:<\/strong> 7,87%<\/li>\n\n\n\n<li><strong>Pagamentos de juros:<\/strong> no vencimento.<\/li>\n\n\n\n<li><strong>Rating<\/strong>: <a href=\"https:\/\/www.wecity.com\/pt-pt\/modelo-de-avaliacao-de-riscos\/\">AAA<\/a><\/li>\n\n\n\n<li><strong>Contribui:<\/strong><ul><li><strong>Contribui\u00e7\u00e3o do promotor: <\/strong>2.190.000 \u20ac<\/li><\/ul>\n<ul class=\"wp-block-list\">\n<li><strong>Empr\u00e9stimo wecity<\/strong>: 510.000 \u20ac<\/li>\n<\/ul>\n<\/li>\n\n\n\n<li><strong>Investimento m\u00ednimo:<\/strong> 500 \u20ac<\/li>\n\n\n\n<li><strong>Investimento m\u00e1ximo:<\/strong> 500 \u20ac para a primeira meia hora.<\/li>\n<\/ul>\n<\/div><\/div>\n\n\n\n<p>A empresa <strong>DESARROLLOS ILEX COBE\u00d1A SL, <\/strong>sociedade gerida pela <strong>ILEX GESTI\u00d3N,<\/strong> solicita um financiamento atrav\u00e9s do <strong>wecity<\/strong> para o pagamento de parte do IVA correspondente \u00e0 aquisi\u00e7\u00e3o de um terreno situado no sector SAU3 &#8220;La Estaci\u00f3n&#8221; em Cobe\u00f1a (Madrid).<\/p>\n\n\n\n<p>O terreno tem uma superf\u00edcie de 4.610m<sup>2<\/sup> onde ser\u00e1 constru\u00eddo um empreendimento de <strong>22 <\/strong>habita\u00e7\u00f5es unifamiliares geminadas e geminadas, com uma \u00e1rea de constru\u00e7\u00e3o aproximada de 300m<sup>2<\/sup> cada. As casas est\u00e3o distribu\u00eddas por 4 e 5 quartos, com lotes privados, terra\u00e7os, adega e garagem para dois carros. O empreendimento contar\u00e1 ainda com uma piscina comum e um gin\u00e1sio. A n\u00edvel comercial, o promotor disp\u00f5e de 11 reservas.<\/p>\n\n\n\n<p>O promotor ainda n\u00e3o solicitou uma licen\u00e7a de constru\u00e7\u00e3o.<\/p>\n\n\n\n<p>O projeto ser\u00e1 financiado atrav\u00e9s de um empr\u00e9stimo de <strong>510.000 \u20ac, que ser\u00e1 garantido por um penhor do reembolso total do IVA sobre a aquisi\u00e7\u00e3o do terreno (567.000 \u20ac) da Ag\u00eancia Espanhola de Impostos (AEAT). <\/strong><\/p>\n\n\n\n<p>O promotor fornecer\u00e1 fundos pr\u00f3prios no montante de 2.190.000 \u20ac para a aquisi\u00e7\u00e3o do terreno.<\/p>\n\n\n\n<p>A sa\u00edda dos investidores <strong>da wecity<\/strong> est\u00e1 prevista com o reembolso do IVA pela AEAT.<\/p>\n\n\n\n<p>Atrav\u00e9s do wecity, podes participar numa opera\u00e7\u00e3o <strong>de empr\u00e9stimo a taxa fixa<\/strong> com <strong>uma taxa de juro anual de 10,5% para um prazo estimado de 9 meses<\/strong> (6 meses obrigat\u00f3rios) com possibilidade de prorroga\u00e7\u00e3o por mais 3 meses<strong> <\/strong>.<\/p>\n\n\n\n<p>Os pagamentos de juros e o reembolso do capital investido ser\u00e3o efectuados<strong> na data de vencimento<\/strong>.<\/p>\n\n\n\n<h2 class=\"wp-block-heading\">O projeto<\/h2>\n\n\n\n<figure class=\"wp-block-image size-large is-resized\"><img decoding=\"async\" width=\"1024\" height=\"606\" src=\"https:\/\/www.wecity.com\/wp-content\/uploads\/2025\/11\/wecity_imag_inversion_Madrid-Cobena_p-1-1024x606.jpg\" alt=\"\" class=\"wp-image-21720\" style=\"width:861px;height:undefinedpx\" srcset=\"https:\/\/www.wecity.com\/wp-content\/uploads\/2025\/11\/wecity_imag_inversion_Madrid-Cobena_p-1-1024x606.jpg 1024w, https:\/\/www.wecity.com\/wp-content\/uploads\/2025\/11\/wecity_imag_inversion_Madrid-Cobena_p-1-300x178.jpg 300w, https:\/\/www.wecity.com\/wp-content\/uploads\/2025\/11\/wecity_imag_inversion_Madrid-Cobena_p-1-768x455.jpg 768w, https:\/\/www.wecity.com\/wp-content\/uploads\/2025\/11\/wecity_imag_inversion_Madrid-Cobena_p-1-1536x909.jpg 1536w, https:\/\/www.wecity.com\/wp-content\/uploads\/2025\/11\/wecity_imag_inversion_Madrid-Cobena_p-1.jpg 1716w\" sizes=\"(max-width: 1024px) 100vw, 1024px\" \/><\/figure>\n\n\n\n<figure class=\"wp-block-image size-large is-resized\"><img decoding=\"async\" width=\"1024\" height=\"606\" src=\"https:\/\/www.wecity.com\/wp-content\/uploads\/2025\/11\/wecity_imag_inversion_Madrid-Cobena-1-1024x606.jpg\" alt=\"\" class=\"wp-image-21724\" style=\"width:861px;height:undefinedpx\" srcset=\"https:\/\/www.wecity.com\/wp-content\/uploads\/2025\/11\/wecity_imag_inversion_Madrid-Cobena-1-1024x606.jpg 1024w, https:\/\/www.wecity.com\/wp-content\/uploads\/2025\/11\/wecity_imag_inversion_Madrid-Cobena-1-300x178.jpg 300w, https:\/\/www.wecity.com\/wp-content\/uploads\/2025\/11\/wecity_imag_inversion_Madrid-Cobena-1-768x455.jpg 768w, https:\/\/www.wecity.com\/wp-content\/uploads\/2025\/11\/wecity_imag_inversion_Madrid-Cobena-1-1536x909.jpg 1536w, https:\/\/www.wecity.com\/wp-content\/uploads\/2025\/11\/wecity_imag_inversion_Madrid-Cobena-1.jpg 1716w\" sizes=\"(max-width: 1024px) 100vw, 1024px\" \/><\/figure>\n\n\n\n<figure class=\"wp-block-image size-large is-resized\"><img decoding=\"async\" width=\"1024\" height=\"606\" src=\"https:\/\/www.wecity.com\/wp-content\/uploads\/2025\/11\/wecity_imag_inversion_Madrid-Cobena-1024x606.jpg\" alt=\"\" class=\"wp-image-21728\" style=\"width:861px;height:undefinedpx\" srcset=\"https:\/\/www.wecity.com\/wp-content\/uploads\/2025\/11\/wecity_imag_inversion_Madrid-Cobena-1024x606.jpg 1024w, https:\/\/www.wecity.com\/wp-content\/uploads\/2025\/11\/wecity_imag_inversion_Madrid-Cobena-300x178.jpg 300w, https:\/\/www.wecity.com\/wp-content\/uploads\/2025\/11\/wecity_imag_inversion_Madrid-Cobena-768x455.jpg 768w, https:\/\/www.wecity.com\/wp-content\/uploads\/2025\/11\/wecity_imag_inversion_Madrid-Cobena-1536x909.jpg 1536w, https:\/\/www.wecity.com\/wp-content\/uploads\/2025\/11\/wecity_imag_inversion_Madrid-Cobena.jpg 1716w\" sizes=\"(max-width: 1024px) 100vw, 1024px\" \/><\/figure>\n\n\n\n<h2 class=\"wp-block-heading\">Localiza\u00e7\u00e3o e ambiente<\/h2>\n\n\n\n<iframe src=\"https:\/\/www.google.com\/maps\/embed?pb=!1m18!1m12!1m3!1d3030.7190068148157!2d-3.512952566207619!3d40.56988206824245!2m3!1f0!2f0!3f0!3m2!1i1024!2i768!4f13.1!3m3!1m2!1s0xd4233457af6fb1d%3A0x8907189e8f92a97!2sC.%20Vicente%20Aleixandre%2C%2028863%2C%20Madrid!5e0!3m2!1ses!2ses!4v1763035202877!5m2!1ses!2ses\" width=\"800\" height=\"600\" style=\"border:0;\" allowfullscreen=\"\" loading=\"lazy\" referrerpolicy=\"no-referrer-when-downgrade\"><\/iframe>\n\n\n\n<p><strong>A Calle Vicente Aleixandre<\/strong>, em Cobe\u00f1a, oferece uma zona residencial tranquila com casas espa\u00e7osas, perto do centro da cidade, do centro desportivo, da escola e de zonas verdes como o Parque Mirador.<\/p>\n\n\n\n<p>Tamb\u00e9m tem boas liga\u00e7\u00f5es a Algete, Ajalvir e Daganzo, zonas com servi\u00e7os e com\u00e9rcio, o que a torna uma localiza\u00e7\u00e3o conveniente e atractiva para fam\u00edlias e compradores que procuram qualidade de vida perto de Madrid.<\/p>\n\n\n\n<h2 class=\"wp-block-heading\">Garantias penhoradas<\/h2>\n\n\n\n<p>Neste projeto, a garantia \u00e9 o reembolso pela Ag\u00eancia Fiscal (AEAT) dos montantes pagos em IVA, neste caso no valor de <strong>567.000 \u20ac.<\/strong><\/p>\n\n\n\n<h2 class=\"wp-block-heading\">Agente de garantia<\/h2>\n\n\n\n<p>A cria\u00e7\u00e3o, a manuten\u00e7\u00e3o, a gest\u00e3o, a administra\u00e7\u00e3o e, se for caso disso, a execu\u00e7\u00e3o do penhor em nome dos investidores da wecity ser\u00e3o efectuadas por uma entidade externa.<\/p>\n\n\n\n<p>Neste caso, o agente de garantia nomeado ser\u00e1 o indicado no contrato de empr\u00e9stimo.  <\/p>\n\n\n\n<div style=\"height:16px\" aria-hidden=\"true\" class=\"wp-block-spacer\"><\/div>\n\n\n\n<h2 class=\"wp-block-heading\" style=\"font-size:24px\">Classifica\u00e7\u00e3o<\/h2>\n\n\n\n<p>A wecity, enquanto prestadora de servi\u00e7os de financiamento colaborativo e em conformidade com o Regulamento Delegado (UE) 2024\/358 que complementa o Regulamento (UE) 2020\/1503 do Parlamento Europeu e do Conselho, fornece uma <a href=\"https:\/\/www.wecity.com\/pt-pt\/modelo-de-avaliacao-de-riscos\/\" target=\"_blank\" rel=\"noreferrer noopener\">descri\u00e7\u00e3o do m\u00e9todo de nota\u00e7\u00e3o de cr\u00e9dito<\/a><br> dos projectos utilizados para calcular as nota\u00e7\u00f5es. Se o c\u00e1lculo se basear em contas que n\u00e3o tenham sido objeto de auditoria, este facto deve ser claramente indicado na descri\u00e7\u00e3o do m\u00e9todo. <\/p>\n\n\n\n<h2 class=\"wp-block-heading\" style=\"font-size:24px\">Monitoriza\u00e7\u00e3o<\/h2>\n\n\n\n<p>O promotor ter\u00e1 de justificar a utiliza\u00e7\u00e3o dos fundos em cada uma das candidaturas. A utiliza\u00e7\u00e3o dos fundos pelo promotor ser\u00e1 monitorizada por uma empresa externa \u00e0 wecity.   <\/p>\n\n\n\n<p><\/p>\n","protected":false},"featured_media":21719,"template":"","class_list":["post-21803","oportunidades","type-oportunidades","status-publish","has-post-thumbnail","hentry"],"acf":[],"_links":{"self":[{"href":"https:\/\/www.wecity.com\/pt-pt\/wp-json\/wp\/v2\/oportunidades\/21803","targetHints":{"allow":["GET"]}}],"collection":[{"href":"https:\/\/www.wecity.com\/pt-pt\/wp-json\/wp\/v2\/oportunidades"}],"about":[{"href":"https:\/\/www.wecity.com\/pt-pt\/wp-json\/wp\/v2\/types\/oportunidades"}],"wp:featuredmedia":[{"embeddable":true,"href":"https:\/\/www.wecity.com\/pt-pt\/wp-json\/wp\/v2\/media\/21719"}],"wp:attachment":[{"href":"https:\/\/www.wecity.com\/pt-pt\/wp-json\/wp\/v2\/media?parent=21803"}],"curies":[{"name":"wp","href":"https:\/\/api.w.org\/{rel}","templated":true}]}}