{"id":16133,"date":"2024-09-30T13:58:54","date_gmt":"2024-09-30T11:58:54","guid":{"rendered":"https:\/\/www.wecity.com\/oportunidades\/barcelona-teia\/"},"modified":"2025-03-13T18:09:17","modified_gmt":"2025-03-13T17:09:17","slug":"barcelona-teia","status":"publish","type":"oportunidades","link":"https:\/\/www.wecity.com\/pt-pt\/investidores\/barcelona-teia\/","title":{"rendered":"Barcelona-Tei\u00e0"},"content":{"rendered":"\n<p>A WECITY cumpre o Regulamento 2020\/1503 e est\u00e1 autorizada pela&nbsp;<strong>CNMV<\/strong>&nbsp;como Prestador de Servi\u00e7os de Financiamento Participativo registada sob o n\u00famero 9, com proposta favor\u00e1vel do&nbsp;<strong>Banco de Espanha<\/strong>.<\/p>\n\n\n\n<p><strong><strong>PROSPERITY GROUNDS SL<\/strong><\/strong>, solicita o financiamento da wecity para esta oportunidade de investimento. Investidor, antes de efetuar o seu investimento, por favor leia a&nbsp;<a href=\"https:\/\/www.wecity.com\/pt-pt\/informacao-investidor\/\">informa\u00e7\u00e3o b\u00e1sica para o cliente investidor<\/a>. A rentabilidade obtida no passado n\u00e3o garante as rentabilidades futuras.<\/p>\n\n\n\n<p><strong>Skin in the game<\/strong>:&nbsp;<em>\u00abEm conformidade com o artigo 8.\u00ba, n.\u00ba 2, do Regulamento (UE) 2020\/1503 do Parlamento Europeu e do Conselho, de 7 de outubro de 2020, relativo aos fornecedores europeus de financiamento em capital pr\u00f3prio, anuncia-se que&nbsp;<a href=\"https:\/\/www.wecity.com\/pt-pt\/equipo\/\">os parceiros, gestores e funcion\u00e1rios da wecity<\/a>&nbsp;podem investir nesta oportunidade. Estes investimentos ser\u00e3o efectuados nos mesmos termos e condi\u00e7\u00f5es que os outros investidores, sem tratamento preferencial ou acesso privilegiado \u00e0 informa\u00e7\u00e3o\u00bb.<\/em><\/p>\n\n\n\n<div style=\"height:16px\" aria-hidden=\"true\" class=\"wp-block-spacer\"><\/div>\n\n\n\n<h2 class=\"wp-block-heading\" style=\"font-size:24px\">O investimento<\/h2>\n\n\n\n<p>A oportunidade de investimento consiste em financiar parte dos custos de<strong> constru\u00e7\u00e3o de uma vivenda de luxo em Tei\u00e0, Barcelona<\/strong>. As obras j\u00e1 come\u00e7aram e est\u00e3o atualmente 32,56% conclu\u00eddas.<\/p>\n\n\n\n<p>A propriedade tem uma \u00e1rea de terreno de 800 m<sup>2<\/sup> onde ser\u00e1 constru\u00edda uma casa de 610 m<sup>2<\/sup>. A moradia ter\u00e1 5 quartos, jardim e piscina privada, bem como vistas espectaculares sobre o mar e uma constru\u00e7\u00e3o com materiais de primeira qualidade. A propriedade est\u00e1 atualmente a ser comercializada e tem um pre\u00e7o pedido de 4.900.000 euros.<\/p>\n\n\n\n<p>O projeto ser\u00e1 financiado por um <strong>empr\u00e9stimo hipotec\u00e1rio de taxa fixa de 800.000 euros<\/strong>, que ser\u00e1 garantido por uma 1\u00aa hipoteca , correspondente \u00e0 primeira fase e a primeira de um empr\u00e9stimo total, que poder\u00e1 ascender a um m\u00e1ximo de 1.600.000 euros em duas fases.<\/p>\n\n\n\n<p>1.354.468,74 euros (62,87%), dos quais 824.825,00 euros correspondem \u00e0 compra do terreno e 529.643,74 euros \u00e0 constru\u00e7\u00e3o. Os custos de constru\u00e7\u00e3o ser\u00e3o suportados conjuntamente pela wecity e pelo promotor.<\/p>\n\n\n\n<p>Atrav\u00e9s da wecity, poder\u00e1 participar numa opera\u00e7\u00e3o de <strong>empr\u00e9stimo a taxa fixa com uma taxa de juro anual de 11% por um prazo estimado de 12 meses<\/strong> (6 meses obrigat\u00f3rios) com a possibilidade de uma prorroga\u00e7\u00e3o de mais 6 meses.<\/p>\n\n\n\n<p>O reembolso do empr\u00e9stimo aos investidores wecity, e por conseguinte a sua sa\u00edda, est\u00e1 previsto para os pr\u00f3ximos 12 meses, com a possibilidade de uma prorroga\u00e7\u00e3o de mais 6 meses.<\/p>\n\n\n\n<div style=\"height:16px\" aria-hidden=\"true\" class=\"wp-block-spacer\"><\/div>\n\n\n\n<div class=\"wp-block-group is-style-border-radius has-gris-muy-claro-background-color has-background\"><div class=\"wp-block-group__inner-container is-layout-constrained wp-block-group-is-layout-constrained\">\n<p style=\"font-size:24px\"><strong>Dados essenciais da oportunidade<\/strong><\/p>\n\n\n\n<ul class=\"wp-block-list\">\n<li><strong>Objetivo do empr\u00e9stimo:<\/strong> Conclus\u00e3o das obras de uma moradia de luxo situada na Carrer Ram\u00f3n Llull 7, Tei\u00e0 (Barcelona).<\/li>\n\n\n\n<li><strong>Garantia:<\/strong> hipoteca primeiro grau.<\/li>\n\n\n\n<li><strong>Garantia adicional:<\/strong> promessa de procura\u00e7\u00e3o irrevog\u00e1vel de venda.<\/li>\n\n\n\n<li><strong>Prazo:<\/strong> 12 meses (+6 meses de prorroga\u00e7\u00e3o facultativa).<\/li>\n\n\n\n<li><strong>Taxa de juro:<\/strong> 11% ao ano.<\/li>\n\n\n\n<li><strong>Rendimento total estimado:<\/strong> 11%.<\/li>\n\n\n\n<li><strong>Pagamento de juros:<\/strong> no vencimento<\/li>\n\n\n\n<li><strong>LTV 1\u00ba levantamento:<\/strong> 18,32% (1\u00ba levantamento: <strong>286.012,20 \u20ac<\/strong>)<\/li>\n\n\n\n<li><strong>Avalia\u00e7\u00e3o ECO atual:<\/strong> 1 560 864,05 \u20ac (LTV atual: <strong>51,25%<\/strong>)<\/li>\n\n\n\n<li><strong>Avalia\u00e7\u00e3o ECO HET:<\/strong> 4.203.896,94 \u20ac (LTV HET: <strong>38,06%<\/strong>)<\/li>\n\n\n\n<li><strong>Contribui\u00e7\u00f5es:<\/strong>\n<ul class=\"wp-block-list\">\n<li><strong>Empr\u00e9stimo da Wecity (FASE I):<\/strong> 800.000 \u20ac<strong>.<\/strong><\/li>\n\n\n\n<li><strong>Fundos pr\u00f3prios do promotor:<\/strong> 1.354.468,74 \u20ac (62,87%)<\/li>\n<\/ul>\n<\/li>\n\n\n\n<li><strong>Investimento m\u00ednimo:<\/strong> 500 \u20ac.<\/li>\n\n\n\n<li><strong>Investimento m\u00e1ximo:<\/strong> Sem limites.<\/li>\n<\/ul>\n<\/div><\/div>\n\n\n\n<div style=\"height:26px\" aria-hidden=\"true\" class=\"wp-block-spacer\"><\/div>\n\n\n\n<h2 class=\"wp-block-heading\" style=\"font-size:24px\">Avalia\u00e7\u00e3o ECO<\/h2>\n\n\n\n<p>A <strong>avalia\u00e7\u00e3o atual<\/strong> para efeitos de garantia hipotec\u00e1ria (Portaria ECO 805\/2003) ascende a <strong>1.560.864,05 \u20ac .<\/strong> Isto significa um <strong>Loan to Value<\/strong> (LTV) sobre a avalia\u00e7\u00e3o atual de <strong>51,25%.<\/strong><\/p>\n\n\n\n<p>A <strong>avalia\u00e7\u00e3o<\/strong> com base <strong>no pressuposto<\/strong> de um <strong>edif\u00edcio acabado<\/strong> ascende a <strong>4.203.896,94 euros<\/strong>. Isto representa um <strong>Loan to Value<\/strong> (LTV) sobre a avalia\u00e7\u00e3o HET de <strong>38,06%.<\/strong><\/p>\n\n\n\n<p>O <strong>Loan to Value<\/strong> (LTV) na <strong>primeira aliena\u00e7\u00e3o<\/strong> \u00e9 de <strong>18,32%.<\/strong><\/p>\n\n\n\n<p>A empresa de avalia\u00e7\u00e3o independente encarregada de identificar o valor \u00e9 a SOCIEDAD DE TASACI\u00d3N, cuja denomina\u00e7\u00e3o social \u00e9 SOCIEDAD DE TASACI\u00d3N SA, e est\u00e1 registada como empresa de avalia\u00e7\u00e3o autorizada pelo Banco de Espanha com o n\u00famero 4301.<\/p>\n\n\n\n<div style=\"height:16px\" aria-hidden=\"true\" class=\"wp-block-spacer\"><\/div>\n\n\n\n<h2 class=\"wp-block-heading\" style=\"font-size:24px\">O Projeto<\/h2>\n\n\n\n<figure class=\"wp-block-image size-full is-resized\"><img decoding=\"async\" width=\"1716\" height=\"1016\" src=\"https:\/\/www.wecity.com\/wp-content\/uploads\/2024\/09\/wecity_imag_inversion_Barcelona-Teia_02-1.jpg\" alt=\"\" class=\"wp-image-16095\" style=\"width:809px;height:auto\" srcset=\"https:\/\/www.wecity.com\/wp-content\/uploads\/2024\/09\/wecity_imag_inversion_Barcelona-Teia_02-1.jpg 1716w, https:\/\/www.wecity.com\/wp-content\/uploads\/2024\/09\/wecity_imag_inversion_Barcelona-Teia_02-1-300x178.jpg 300w, https:\/\/www.wecity.com\/wp-content\/uploads\/2024\/09\/wecity_imag_inversion_Barcelona-Teia_02-1-1024x606.jpg 1024w, https:\/\/www.wecity.com\/wp-content\/uploads\/2024\/09\/wecity_imag_inversion_Barcelona-Teia_02-1-768x455.jpg 768w, https:\/\/www.wecity.com\/wp-content\/uploads\/2024\/09\/wecity_imag_inversion_Barcelona-Teia_02-1-1536x909.jpg 1536w\" sizes=\"(max-width: 1716px) 100vw, 1716px\" \/><\/figure>\n\n\n\n<figure class=\"wp-block-image size-full is-resized\"><img decoding=\"async\" width=\"1716\" height=\"1016\" src=\"https:\/\/www.wecity.com\/wp-content\/uploads\/2024\/09\/wecity_imag_inversion_Barcelona-Teia_01-1.jpg\" alt=\"\" class=\"wp-image-16091\" style=\"width:809px;height:auto\" srcset=\"https:\/\/www.wecity.com\/wp-content\/uploads\/2024\/09\/wecity_imag_inversion_Barcelona-Teia_01-1.jpg 1716w, https:\/\/www.wecity.com\/wp-content\/uploads\/2024\/09\/wecity_imag_inversion_Barcelona-Teia_01-1-300x178.jpg 300w, https:\/\/www.wecity.com\/wp-content\/uploads\/2024\/09\/wecity_imag_inversion_Barcelona-Teia_01-1-1024x606.jpg 1024w, https:\/\/www.wecity.com\/wp-content\/uploads\/2024\/09\/wecity_imag_inversion_Barcelona-Teia_01-1-768x455.jpg 768w, https:\/\/www.wecity.com\/wp-content\/uploads\/2024\/09\/wecity_imag_inversion_Barcelona-Teia_01-1-1536x909.jpg 1536w\" sizes=\"(max-width: 1716px) 100vw, 1716px\" \/><\/figure>\n\n\n\n<figure class=\"wp-block-image size-full is-resized\"><img decoding=\"async\" width=\"1716\" height=\"1016\" src=\"https:\/\/www.wecity.com\/wp-content\/uploads\/2024\/09\/wecity_imag_inversion_Barcelona-Teia_04.jpg\" alt=\"\" class=\"wp-image-16073\" style=\"width:809px;height:auto\" srcset=\"https:\/\/www.wecity.com\/wp-content\/uploads\/2024\/09\/wecity_imag_inversion_Barcelona-Teia_04.jpg 1716w, https:\/\/www.wecity.com\/wp-content\/uploads\/2024\/09\/wecity_imag_inversion_Barcelona-Teia_04-300x178.jpg 300w, https:\/\/www.wecity.com\/wp-content\/uploads\/2024\/09\/wecity_imag_inversion_Barcelona-Teia_04-1024x606.jpg 1024w, https:\/\/www.wecity.com\/wp-content\/uploads\/2024\/09\/wecity_imag_inversion_Barcelona-Teia_04-768x455.jpg 768w, https:\/\/www.wecity.com\/wp-content\/uploads\/2024\/09\/wecity_imag_inversion_Barcelona-Teia_04-1536x909.jpg 1536w\" sizes=\"(max-width: 1716px) 100vw, 1716px\" \/><\/figure>\n\n\n\n<figure class=\"wp-block-image size-full is-resized\"><img decoding=\"async\" width=\"1716\" height=\"1016\" src=\"https:\/\/www.wecity.com\/wp-content\/uploads\/2024\/09\/wecity_imag_inversion_Barcelona-Teia_05.jpg\" alt=\"\" class=\"wp-image-16077\" style=\"width:809px;height:auto\" srcset=\"https:\/\/www.wecity.com\/wp-content\/uploads\/2024\/09\/wecity_imag_inversion_Barcelona-Teia_05.jpg 1716w, https:\/\/www.wecity.com\/wp-content\/uploads\/2024\/09\/wecity_imag_inversion_Barcelona-Teia_05-300x178.jpg 300w, https:\/\/www.wecity.com\/wp-content\/uploads\/2024\/09\/wecity_imag_inversion_Barcelona-Teia_05-1024x606.jpg 1024w, https:\/\/www.wecity.com\/wp-content\/uploads\/2024\/09\/wecity_imag_inversion_Barcelona-Teia_05-768x455.jpg 768w, https:\/\/www.wecity.com\/wp-content\/uploads\/2024\/09\/wecity_imag_inversion_Barcelona-Teia_05-1536x909.jpg 1536w\" sizes=\"(max-width: 1716px) 100vw, 1716px\" \/><\/figure>\n\n\n\n<div style=\"height:16px\" aria-hidden=\"true\" class=\"wp-block-spacer\"><\/div>\n\n\n\n<h2 class=\"wp-block-heading\" style=\"font-size:24px\">Localiza\u00e7\u00e3o<\/h2>\n\n\n\n<p><strong>Tei\u00e0<\/strong> \u00e9 o bairro residencial mais exclusivo da costa de <strong>Barcelona<\/strong>, situado na regi\u00e3o de Maresme, na Catalunha, ao longo da costa mediterr\u00e2nica. Esta encantadora aldeia \u00e9 conhecida pelo seu ambiente tranquilo e pela sua rica hist\u00f3ria, embora o seu desenvolvimento moderno tenha estado fortemente ligado \u00e0 atividade agr\u00edcola e vin\u00edcola.<\/p>\n\n\n\n<p>Este munic\u00edpio tem um <strong>centro hist\u00f3rico <\/strong>atrativo <strong>e uma s\u00e9rie de trilhos naturais <\/strong>que s\u00e3o populares entre os residentes e os visitantes. Hoje, \u00e9 uma cidade que combina tradi\u00e7\u00e3o e modernidade, com uma vida cultural ativa e uma gama crescente de servi\u00e7os e lojas.<\/p>\n\n\n\n<p>A propriedade est\u00e1 localizada no topo da aldeia, conhecida pelas suas impressionantes vistas sobre a encosta e o mar. Tei\u00e0 \u00e9 mais do que um lugar para viver; \u00e9 um ref\u00fagio onde a natureza e a tranquilidade se encontram, oferecendo um cen\u00e1rio perfeito para aqueles que procuram um equil\u00edbrio entre a vida moderna e a serenidade do ambiente natural.<\/p>\n\n\n\n<iframe src=\"https:\/\/www.google.com\/maps\/embed?pb=!1m18!1m12!1m3!1d2754.9039225235592!2d2.3285118757704484!3d41.49624837128618!2m3!1f0!2f0!3f0!3m2!1i1024!2i768!4f13.1!3m3!1m2!1s0x12a4b0cd6be6e3af%3A0xe808d9b69c35ea9e!2sCarrer%20Ramon%20Llull%2C%207%2C%2008329%20Tei%C3%A0%2C%20Barcelona!5e1!3m2!1ses!2ses!4v1727697718827!5m2!1ses!2ses\" width=\"800\" height=\"600\" style=\"border:0;\" allowfullscreen=\"\" loading=\"lazy\" referrerpolicy=\"no-referrer-when-downgrade\"><\/iframe>\n\n\n\n<div style=\"height:16px\" aria-hidden=\"true\" class=\"wp-block-spacer\"><\/div>\n\n\n\n<h2 class=\"wp-block-heading\" style=\"font-size:24px\">A garantia hipotec\u00e1ria<\/h2>\n\n\n\n<p>O empr\u00e9stimo ser\u00e1 <strong>garantido por <\/strong>uma <strong>hipoteca de <\/strong><sup><strong>1\u00ba<\/strong><\/sup><strong> grau<\/strong> <strong>sobre o<\/strong> <strong>ativo e o edif\u00edcio, situado na Carrer Ram\u00f3n Llull 7, Tei\u00e0, Barcelona.<\/strong><\/p>\n\n\n\n<p>De acordo com o relat\u00f3rio de avalia\u00e7\u00e3o realizado pela <strong>SOCIEDAD DE TASACI\u00d3N<\/strong>, a avalia\u00e7\u00e3o atual ascende a <strong>1.560.864,05 \u20ac.<\/strong> O empr\u00e9stimo a conceder ao promotor \u00e9 de <strong>800.000<\/strong> \u20ac <strong>, o que significa um Loan to Value (LTV) sobre a avalia\u00e7\u00e3o atual de 51,25%<\/strong> e um <strong>Loan to Value (LTV)<\/strong> sobre a <strong>primeira aliena\u00e7\u00e3o<\/strong> de <strong>18,32%<\/strong>.<\/p>\n\n\n\n<div style=\"height:16px\" aria-hidden=\"true\" class=\"wp-block-spacer\"><\/div>\n\n\n\n<h2 class=\"wp-block-heading\" style=\"font-size:24px\"><strong><strong>Agente de garantias<\/strong><\/strong><\/h2>\n\n\n\n<p>A constitui\u00e7\u00e3o, preserva\u00e7\u00e3o, gest\u00e3o, administra\u00e7\u00e3o e, se for caso disso, a execu\u00e7\u00e3o dos <strong>direitos hipotec\u00e1rios imobili\u00e1rios em nome dos investidores da wecity ser\u00e3o efectuadas por uma entidade externa \u00e0 wecity.<\/strong><\/p>\n\n\n\n<p><em>O agente de garantia escolhido para este projeto \u00e9 a<strong> Ceiba Global Alternative Investments SL<\/strong>, uma empresa dedicada \u00e0 presta\u00e7\u00e3o de servi\u00e7os fiduci\u00e1rios por contrato ou mandato\u201d.<\/em><\/p>\n\n\n\n<p>A Ceiba Global \u00e9 uma empresa detida pela Ceiba Legal SL, um escrit\u00f3rio de advogados especializado em financiamentos alternativos que presta servi\u00e7os a v\u00e1rios ve\u00edculos de investimento.<\/p>\n\n\n\n<p>Em 2023, a Ceiba Legal prestou servi\u00e7os de assessoria jur\u00eddica no valor de 150 000 000 euros, formalizando e estruturando mais de 60 000 000 euros em opera\u00e7\u00f5es de financiamento alternativo.<\/p>\n\n\n\n<p><strong>Atualmente, \u00e9 um dos escrit\u00f3rios mais reconhecidos no mercado espanhol na estrutura\u00e7\u00e3o de opera\u00e7\u00f5es de d\u00edvida garantida.<\/strong><\/p>\n\n\n\n<p>Para al\u00e9m disso, a Ceiba presta assessoria jur\u00eddica \u00e0 wecity durante toda a vida do empr\u00e9stimo, desde a sua estrutura\u00e7\u00e3o at\u00e9 \u00e0 sua execu\u00e7\u00e3o.<\/p>\n\n\n\n<div style=\"height:16px\" aria-hidden=\"true\" class=\"wp-block-spacer\"><\/div>\n\n\n\n<h2 class=\"wp-block-heading\" style=\"font-size:24px\"><strong>Monotoriza\u00e7\u00e3o<\/strong><\/h2>\n\n\n\n<p>O promotor ter\u00e1 de justificar a utiliza\u00e7\u00e3o dos fundos em cada um dos momentos solicitados. A utiliza\u00e7\u00e3o dos fundos pelo promotor ser\u00e1 monitorizada por uma empresa externa \u00e0 wecity.<\/p>\n\n\n\n<h2 class=\"wp-block-heading\" style=\"font-size:24px\"><\/h2>\n","protected":false},"featured_media":16067,"template":"","class_list":["post-16133","oportunidades","type-oportunidades","status-publish","has-post-thumbnail","hentry"],"acf":[],"_links":{"self":[{"href":"https:\/\/www.wecity.com\/pt-pt\/wp-json\/wp\/v2\/oportunidades\/16133","targetHints":{"allow":["GET"]}}],"collection":[{"href":"https:\/\/www.wecity.com\/pt-pt\/wp-json\/wp\/v2\/oportunidades"}],"about":[{"href":"https:\/\/www.wecity.com\/pt-pt\/wp-json\/wp\/v2\/types\/oportunidades"}],"wp:featuredmedia":[{"embeddable":true,"href":"https:\/\/www.wecity.com\/pt-pt\/wp-json\/wp\/v2\/media\/16067"}],"wp:attachment":[{"href":"https:\/\/www.wecity.com\/pt-pt\/wp-json\/wp\/v2\/media?parent=16133"}],"curies":[{"name":"wp","href":"https:\/\/api.w.org\/{rel}","templated":true}]}}