{"id":15240,"date":"2024-07-24T09:59:24","date_gmt":"2024-07-24T07:59:24","guid":{"rendered":"https:\/\/www.wecity.com\/?post_type=oportunidades&#038;p=15240"},"modified":"2025-03-13T17:21:16","modified_gmt":"2025-03-13T16:21:16","slug":"marbella-la-quinta","status":"publish","type":"oportunidades","link":"https:\/\/www.wecity.com\/pt-pt\/investidores\/marbella-la-quinta\/","title":{"rendered":"Marbella-La Quinta"},"content":{"rendered":"\n<p>A WECITY cumpre o Regulamento 2020\/1503 e est\u00e1 autorizada pela&nbsp;<strong>CNMV<\/strong>&nbsp;como Prestador de Servi\u00e7os de Financiamento Participativo registada sob o n\u00famero 9, com proposta favor\u00e1vel do&nbsp;<strong>Banco de Espanha<\/strong>.<\/p>\n\n\n\n<p><strong><strong>Tortuga Projects Developments SL<\/strong><\/strong>, solicita o financiamento da wecity para esta oportunidade de investimento. Investidor, antes de efetuar o seu investimento, por favor leia a&nbsp;<a href=\"https:\/\/www.wecity.com\/pt-pt\/informacao-investidor\/\">informa\u00e7\u00e3o b\u00e1sica para o cliente investidor<\/a>. A rentabilidade obtida no passado n\u00e3o garante as rentabilidades futuras.<\/p>\n\n\n\n<p><strong>Skin in the game<\/strong>:&nbsp;<em>\u00abEm conformidade com o artigo 8.\u00ba, n.\u00ba 2, do Regulamento (UE) 2020\/1503 do Parlamento Europeu e do Conselho, de 7 de outubro de 2020, relativo aos fornecedores europeus de financiamento em capital pr\u00f3prio, anuncia-se que&nbsp;<a href=\"https:\/\/www.wecity.com\/pt-pt\/equipo\/\">os parceiros, gestores e funcion\u00e1rios da wecity<\/a>&nbsp;podem investir nesta oportunidade. Estes investimentos ser\u00e3o efectuados nos mesmos termos e condi\u00e7\u00f5es que os outros investidores, sem tratamento preferencial ou acesso privilegiado \u00e0 informa\u00e7\u00e3o\u00bb.<\/em><\/p>\n\n\n\n<div style=\"height:16px\" aria-hidden=\"true\" class=\"wp-block-spacer\"><\/div>\n\n\n\n<h2 class=\"wp-block-heading\" style=\"font-size:24px\">O investimento<\/h2>\n\n\n\n<p>A oportunidade de investimento consiste em financiar os custos de constru\u00e7\u00e3o de uma moradia de luxo localizada em Benahav\u00eds, Marbella. Esta \u00e9 uma das urbaniza\u00e7\u00f5es privadas mais exclusivas de Marbella, com acesso controlado e seguran\u00e7a privada.<\/p>\n\n\n\n<p>O terreno tem 2.200m2 onde se desenvolver\u00e1 uma casa de 1.050 m2 com 7 quartos com terra\u00e7o, grandes jardins e todo o tipo de detalhes e luxos como elevador, piscina interior e piscina exterior infinita com espectaculares vistas para o mar.<\/p>\n\n\n\n<p>O projeto ser\u00e1 financiado atrav\u00e9s de um <strong>empr\u00e9stimo a taxa fixa com garantia hipotec\u00e1ria de 1\u00ba grau no montante de 2.000.000\u20ac<\/strong>, correspondente \u00e0 FASE I de um empr\u00e9stimo total, que poder\u00e1 ascender a um m\u00e1ximo de<strong> 4.200.000\u20ac em 3 fases.<\/strong><\/p>\n\n\n\n<p>At\u00e9 \u00e0 data, o promotor contribuiu com fundos pr\u00f3prios no montante <strong>de 1.469.600 euros (42%),<\/strong> que foram utilizados para a aquisi\u00e7\u00e3o do terreno, do projeto e da licen\u00e7a de constru\u00e7\u00e3o. O promotor pode ativar as FASES II e III at\u00e9 que os fundos necess\u00e1rios para a execu\u00e7\u00e3o total do projeto estejam conclu\u00eddos.<\/p>\n\n\n\n<p>O reembolso do empr\u00e9stimo do wecity ser\u00e1 efectuado com a venda e entrega do im\u00f3vel. Devido \u00e0 natureza \u00fanica deste tipo de ativo, o processo de comercializa\u00e7\u00e3o ser\u00e1 iniciado assim que o progresso da obra for elevado.<\/p>\n\n\n\n<p>Atrav\u00e9s da wecity pode participar numa opera\u00e7\u00e3o de cr\u00e9dito a taxa fixa com uma <strong>taxa de juro anual de 12% para um prazo estimado de 18 meses<\/strong> (6 meses de cumprimento obrigat\u00f3rio) e com a<strong> possibilidade de uma prorroga\u00e7\u00e3o de mais 6 meses<\/strong>.<\/p>\n\n\n\n<p>Com um<strong> investimento m\u00ednimo de 500 euros<\/strong>, pode participar nesta oportunidade com uma excelente rendibilidade e com garantias m\u00e1ximas. A rendibilidade total estimada \u00e9 de 18% durante 18 meses (ou 24% se o prazo final for de 24 meses incluindo a prorroga\u00e7\u00e3o). O pagamento de juros ser\u00e1 na maturidade do projeto, e se o promotor decidir ativar os 6 meses de prorroga\u00e7\u00e3o, ser\u00e1 necess\u00e1rio pagar juros no 18\u00ba m\u00eas.<\/p>\n\n\n\n<div style=\"height:16px\" aria-hidden=\"true\" class=\"wp-block-spacer\"><\/div>\n\n\n\n<div class=\"wp-block-group is-style-border-radius has-gris-muy-claro-background-color has-background\"><div class=\"wp-block-group__inner-container is-layout-constrained wp-block-group-is-layout-constrained\">\n<p style=\"font-size:24px\"><strong>Dados essenciais da oportunidade<\/strong><\/p>\n\n\n\n<ul class=\"wp-block-list\">\n<li><strong>Objetivo do empr\u00e9stimo:<\/strong> Financiar os custos de constru\u00e7\u00e3o de uma moradia de luxo na urbaniza\u00e7\u00e3o El Herrojo, lote 90, Benahav\u00eds (Marbella, M\u00e1laga).<\/li>\n\n\n\n<li><strong>Garantia:<\/strong> hipoteca de<sup>primeiro<\/sup> grau.<\/li>\n\n\n\n<li><strong>Garantia adicional:<\/strong> promessa de procura\u00e7\u00e3o irrevog\u00e1vel de venda.<\/li>\n\n\n\n<li><strong>Prazo:<\/strong> 18 meses (+ 6 meses de prorroga\u00e7\u00e3o poss\u00edvel).<\/li>\n\n\n\n<li><strong>Taxa de juro:<\/strong> 12% ao ano.<\/li>\n\n\n\n<li><strong>Rendimento total previsto:<\/strong> 18%.<\/li>\n\n\n\n<li><strong>Pagamento de juros:<\/strong> no vencimento.<\/li>\n\n\n\n<li><strong>LTV 1\u00ba levantamento: <\/strong>45,21% (1\u00ba levantamento<strong>:<\/strong> <strong>1.574.270 \u20ac<\/strong>).<\/li>\n\n\n\n<li><strong>Avalia\u00e7\u00e3o atual do ECO:<\/strong> 3 482 490 euros (<strong>LTV: 57,43%<\/strong>).<\/li>\n\n\n\n<li><strong>Avalia\u00e7\u00e3o ECO HET: <\/strong>10.780.646 \u20ac (<strong>LTV HET: 38,96%<\/strong>).<\/li>\n\n\n\n<li><strong>Contribui\u00e7\u00f5es:<\/strong>\n<ul class=\"wp-block-list\">\n<li><strong>Fundos pr\u00f3prios do promotor:<\/strong> <strong>\u20ac1.469.600<\/strong> (42%)<strong>.<\/strong><\/li>\n\n\n\n<li><strong>Investidores wecity fase I:<\/strong> 2.000.000 \u20ac<strong>.<\/strong><\/li>\n<\/ul>\n<\/li>\n\n\n\n<li><strong>Investimento m\u00ednimo:<\/strong> 500 euros.<\/li>\n\n\n\n<li><strong>Investimento m\u00e1ximo<\/strong>: Sem limites.<\/li>\n<\/ul>\n<\/div><\/div>\n\n\n\n<div style=\"height:26px\" aria-hidden=\"true\" class=\"wp-block-spacer\"><\/div>\n\n\n\n<h2 class=\"wp-block-heading\" style=\"font-size:24px\">Avalia\u00e7\u00e3o ECO<\/h2>\n\n\n\n<p>A <strong>avalia\u00e7\u00e3o atual<\/strong> para efeitos de garantia hipotec\u00e1ria (Portaria ECO 805\/2003) ascende a <strong>3 482 490 euros.<\/strong> Isto representa um <strong>Loan to Value<\/strong> (LTV) sobre a avalia\u00e7\u00e3o atual de <strong>57,43%.<\/strong><\/p>\n\n\n\n<p>A <strong>avalia\u00e7\u00e3o <\/strong>com base<strong> no pressuposto <\/strong>de um <strong>edif\u00edcio conclu\u00eddo <\/strong>ascende a <strong>10 780 646 euros.<\/strong> Isto representa um <strong>Loan to Value<\/strong> (LTV) sobre a avalia\u00e7\u00e3o HET de <strong>38,96%.<\/strong><\/p>\n\n\n\n<p>O <strong>Loan to Value<\/strong> (LTV) na <strong>primeira aliena\u00e7\u00e3o <\/strong>\u00e9 de <strong>45,21%<\/strong>.<\/p>\n\n\n\n<p><strong>O avaliador independente respons\u00e1vel pela identifica\u00e7\u00e3o do valor \u00e9 a KRATA, cuja denomina\u00e7\u00e3o social \u00e9<\/strong> <strong>Krata SA, e est\u00e1 registada como empresa de avalia\u00e7\u00e3o aprovada pelo Banco de Espanha com o n\u00famero 4323.<\/strong><\/p>\n\n\n\n<div style=\"height:16px\" aria-hidden=\"true\" class=\"wp-block-spacer\"><\/div>\n\n\n\n<h2 class=\"wp-block-heading\" style=\"font-size:24px\">O Projeto<\/h2>\n\n\n\n<p>O projeto consiste na constru\u00e7\u00e3o de uma moradia de luxo situada em Benahav\u00eds, Marbella.<\/p>\n\n\n\n<figure class=\"wp-block-image size-full is-resized\"><img decoding=\"async\" width=\"858\" height=\"508\" src=\"https:\/\/www.wecity.com\/wp-content\/uploads\/2024\/07\/wecity_imag_inversion-Marbella-La-Quinta_p.png\" alt=\"\" class=\"wp-image-15395\" style=\"width:809px;height:auto\" srcset=\"https:\/\/www.wecity.com\/wp-content\/uploads\/2024\/07\/wecity_imag_inversion-Marbella-La-Quinta_p.png 858w, https:\/\/www.wecity.com\/wp-content\/uploads\/2024\/07\/wecity_imag_inversion-Marbella-La-Quinta_p-300x178.png 300w, https:\/\/www.wecity.com\/wp-content\/uploads\/2024\/07\/wecity_imag_inversion-Marbella-La-Quinta_p-768x455.png 768w\" sizes=\"(max-width: 858px) 100vw, 858px\" \/><\/figure>\n\n\n\n<figure class=\"wp-block-image size-full is-resized\"><img decoding=\"async\" width=\"858\" height=\"508\" src=\"https:\/\/www.wecity.com\/wp-content\/uploads\/2024\/07\/wecity_imag_inversion-Marbella-La-Quinta_01.jpg\" alt=\"\" class=\"wp-image-15245\" style=\"width:809px;height:auto\" srcset=\"https:\/\/www.wecity.com\/wp-content\/uploads\/2024\/07\/wecity_imag_inversion-Marbella-La-Quinta_01.jpg 858w, https:\/\/www.wecity.com\/wp-content\/uploads\/2024\/07\/wecity_imag_inversion-Marbella-La-Quinta_01-300x178.jpg 300w, https:\/\/www.wecity.com\/wp-content\/uploads\/2024\/07\/wecity_imag_inversion-Marbella-La-Quinta_01-768x455.jpg 768w\" sizes=\"(max-width: 858px) 100vw, 858px\" \/><\/figure>\n\n\n\n<figure class=\"wp-block-image size-full is-resized\"><img decoding=\"async\" width=\"858\" height=\"508\" src=\"https:\/\/www.wecity.com\/wp-content\/uploads\/2024\/07\/wecity_imag_inversion-Marbella-La-Quinta_02.jpg\" alt=\"\" class=\"wp-image-15249\" style=\"width:809px;height:auto\" srcset=\"https:\/\/www.wecity.com\/wp-content\/uploads\/2024\/07\/wecity_imag_inversion-Marbella-La-Quinta_02.jpg 858w, https:\/\/www.wecity.com\/wp-content\/uploads\/2024\/07\/wecity_imag_inversion-Marbella-La-Quinta_02-300x178.jpg 300w, https:\/\/www.wecity.com\/wp-content\/uploads\/2024\/07\/wecity_imag_inversion-Marbella-La-Quinta_02-768x455.jpg 768w\" sizes=\"(max-width: 858px) 100vw, 858px\" \/><\/figure>\n\n\n\n<figure class=\"wp-block-image size-full is-resized\"><img decoding=\"async\" width=\"858\" height=\"508\" src=\"https:\/\/www.wecity.com\/wp-content\/uploads\/2024\/07\/wecity_imag_inversion-Marbella-La-Quinta_03.jpg\" alt=\"\" class=\"wp-image-15253\" style=\"width:809px;height:auto\" srcset=\"https:\/\/www.wecity.com\/wp-content\/uploads\/2024\/07\/wecity_imag_inversion-Marbella-La-Quinta_03.jpg 858w, https:\/\/www.wecity.com\/wp-content\/uploads\/2024\/07\/wecity_imag_inversion-Marbella-La-Quinta_03-300x178.jpg 300w, https:\/\/www.wecity.com\/wp-content\/uploads\/2024\/07\/wecity_imag_inversion-Marbella-La-Quinta_03-768x455.jpg 768w\" sizes=\"(max-width: 858px) 100vw, 858px\" \/><\/figure>\n\n\n\n<figure class=\"wp-block-image size-full is-resized\"><img decoding=\"async\" width=\"858\" height=\"508\" src=\"https:\/\/www.wecity.com\/wp-content\/uploads\/2024\/07\/wecity_imag_inversion-Marbella-La-Quinta_04.jpg\" alt=\"\" class=\"wp-image-15257\" style=\"width:809px;height:auto\" srcset=\"https:\/\/www.wecity.com\/wp-content\/uploads\/2024\/07\/wecity_imag_inversion-Marbella-La-Quinta_04.jpg 858w, https:\/\/www.wecity.com\/wp-content\/uploads\/2024\/07\/wecity_imag_inversion-Marbella-La-Quinta_04-300x178.jpg 300w, https:\/\/www.wecity.com\/wp-content\/uploads\/2024\/07\/wecity_imag_inversion-Marbella-La-Quinta_04-768x455.jpg 768w\" sizes=\"(max-width: 858px) 100vw, 858px\" \/><\/figure>\n\n\n\n<figure class=\"wp-block-image size-full is-resized\"><img decoding=\"async\" width=\"858\" height=\"508\" src=\"https:\/\/www.wecity.com\/wp-content\/uploads\/2024\/07\/wecity_imag_inversion-Marbella-La-Quinta_05.jpg\" alt=\"\" class=\"wp-image-15261\" style=\"width:809px;height:auto\" srcset=\"https:\/\/www.wecity.com\/wp-content\/uploads\/2024\/07\/wecity_imag_inversion-Marbella-La-Quinta_05.jpg 858w, https:\/\/www.wecity.com\/wp-content\/uploads\/2024\/07\/wecity_imag_inversion-Marbella-La-Quinta_05-300x178.jpg 300w, https:\/\/www.wecity.com\/wp-content\/uploads\/2024\/07\/wecity_imag_inversion-Marbella-La-Quinta_05-768x455.jpg 768w\" sizes=\"(max-width: 858px) 100vw, 858px\" \/><\/figure>\n\n\n\n<div style=\"height:16px\" aria-hidden=\"true\" class=\"wp-block-spacer\"><\/div>\n\n\n\n<h2 class=\"wp-block-heading\" style=\"font-size:24px\">Localizaci\u00f3n<\/h2>\n\n\n\n<p>O projeto est\u00e1 localizado na prestigiada urbaniza\u00e7\u00e3o de <strong>El Herrojo<\/strong>, na zona de Marbella Benahav\u00eds, prov\u00edncia de M\u00e1laga, uma das zonas mais exclusivas da <strong>Costa del Sol.<\/strong><\/p>\n\n\n\n<p>A sua localiza\u00e7\u00e3o privilegiada no topo da montanha garante vistas panor\u00e2micas sem paralelo sobre o <strong>Mar Mediterr\u00e2neo <\/strong>e a paisagem circundante. Esta localiza\u00e7\u00e3o elevada oferece aos residentes um o\u00e1sis de serenidade e privacidade, enquanto desfrutam da beleza natural que rodeia a zona.<br>A poucos minutos de carro da entrada principal encontra-se o vibrante <strong>centro de Marbella<\/strong>, com os seus restaurantes exclusivos e boutiques de luxo, bem como a ic\u00f3nica <strong>Golden Mile<\/strong> e a zona hist\u00f3rica de Puerto <strong>Ban\u00fas.<\/strong> Os residentes de El Herrojo desfrutam da conveni\u00eancia de ter acesso r\u00e1pido a todas as comodidades e atrac\u00e7\u00f5es que fazem de Marbella Benahav\u00eds um dos destinos mais desejados da Costa del Sol.<\/p>\n\n\n\n<iframe src=\"https:\/\/www.google.com\/maps\/embed?pb=!1m18!1m12!1m3!1d735.9268608850011!2d-5.000039230432302!3d36.51160317616563!2m3!1f0!2f0!3f0!3m2!1i1024!2i768!4f13.1!3m3!1m2!1s0xd72d58ced826ae5%3A0xd119a198c1b9f6a6!2sUrbanizacion%20el%20Herrojo%2C%2090%2C%2029678%20Benahav%C3%ADs%2C%20M%C3%A1laga!5e1!3m2!1ses!2ses!4v1721810109036!5m2!1ses!2ses\" width=\"800\" height=\"600\" style=\"border:0;\" allowfullscreen=\"\" loading=\"lazy\" referrerpolicy=\"no-referrer-when-downgrade\"><\/iframe>\n\n\n\n<div style=\"height:16px\" aria-hidden=\"true\" class=\"wp-block-spacer\"><\/div>\n\n\n\n<h2 class=\"wp-block-heading\" style=\"font-size:24px\">A garantia hipotec\u00e1ria<\/h2>\n\n\n\n<p>O empr\u00e9stimo ser\u00e1 <strong>garantido por <\/strong>uma <strong>hipoteca de <sup><strong>1\u00ba<\/strong><\/sup> grau<\/strong> <strong>sobre <\/strong>os <strong>activos e o edif\u00edcio<\/strong> situado no lote 90, urbaniza\u00e7\u00e3o El Herrojo, Benahavis (Marbella, M\u00e1laga).<\/p>\n\n\n\n<p>De acordo com o relat\u00f3rio de avalia\u00e7\u00e3o efectuado pela <strong>CBRE<\/strong>, a avalia\u00e7\u00e3o atual ascende a<strong> \u20ac3.482.490.<\/strong> O empr\u00e9stimo a ser feito ao promotor \u00e9 de <strong>\u20ac2.000.000, o que significa um Loan to Value (LTV) sobre a avalia\u00e7\u00e3o atual de 57,43%<\/strong> e um <strong>Loan to Value da 1\u00aa aliena\u00e7\u00e3o de 45,21%.<\/strong><\/p>\n\n\n\n<div style=\"height:16px\" aria-hidden=\"true\" class=\"wp-block-spacer\"><\/div>\n\n\n\n<h2 class=\"wp-block-heading\" style=\"font-size:24px\"><strong><strong>Agente de garantias<\/strong><\/strong><\/h2>\n\n\n\n<p>A constitui\u00e7\u00e3o, preserva\u00e7\u00e3o, gest\u00e3o, administra\u00e7\u00e3o e, se for caso disso, a execu\u00e7\u00e3o dos <strong>direitos hipotec\u00e1rios imobili\u00e1rios em nome dos investidores da wecity ser\u00e3o efectuadas por uma entidade externa \u00e0 wecity.<\/strong><\/p>\n\n\n\n<p><em>O agente de garantia escolhido para este projeto \u00e9 a<strong> Ceiba Global Alternative Investments SL<\/strong>, uma empresa dedicada \u00e0 presta\u00e7\u00e3o de servi\u00e7os fiduci\u00e1rios por contrato ou mandato\u201d.<\/em><\/p>\n\n\n\n<p>A Ceiba Global \u00e9 uma empresa detida pela Ceiba Legal SL, um escrit\u00f3rio de advogados especializado em financiamentos alternativos que presta servi\u00e7os a v\u00e1rios ve\u00edculos de investimento.<\/p>\n\n\n\n<p>Em 2023, a Ceiba Legal prestou servi\u00e7os de assessoria jur\u00eddica no valor de 150 000 000 euros, formalizando e estruturando mais de 60 000 000 euros em opera\u00e7\u00f5es de financiamento alternativo.<\/p>\n\n\n\n<p><strong>Atualmente, \u00e9 um dos escrit\u00f3rios mais reconhecidos no mercado espanhol na estrutura\u00e7\u00e3o de opera\u00e7\u00f5es de d\u00edvida garantida.<\/strong><\/p>\n\n\n\n<p>Para al\u00e9m disso, a Ceiba presta assessoria jur\u00eddica \u00e0 wecity durante toda a vida do empr\u00e9stimo, desde a sua estrutura\u00e7\u00e3o at\u00e9 \u00e0 sua execu\u00e7\u00e3o.<\/p>\n\n\n\n<div style=\"height:16px\" aria-hidden=\"true\" class=\"wp-block-spacer\"><\/div>\n\n\n\n<h2 class=\"wp-block-heading\" style=\"font-size:24px\"><strong>Monotoriza\u00e7\u00e3o<\/strong><\/h2>\n\n\n\n<p>O promotor ter\u00e1 de justificar a utiliza\u00e7\u00e3o dos fundos em cada um dos momentos solicitados. A utiliza\u00e7\u00e3o dos fundos pelo promotor ser\u00e1 monitorizada por uma empresa externa \u00e0 wecity.<\/p>\n\n\n\n<h2 class=\"wp-block-heading\"><\/h2>\n","protected":false},"featured_media":15395,"template":"","class_list":["post-15240","oportunidades","type-oportunidades","status-publish","has-post-thumbnail","hentry"],"acf":[],"_links":{"self":[{"href":"https:\/\/www.wecity.com\/pt-pt\/wp-json\/wp\/v2\/oportunidades\/15240","targetHints":{"allow":["GET"]}}],"collection":[{"href":"https:\/\/www.wecity.com\/pt-pt\/wp-json\/wp\/v2\/oportunidades"}],"about":[{"href":"https:\/\/www.wecity.com\/pt-pt\/wp-json\/wp\/v2\/types\/oportunidades"}],"wp:featuredmedia":[{"embeddable":true,"href":"https:\/\/www.wecity.com\/pt-pt\/wp-json\/wp\/v2\/media\/15395"}],"wp:attachment":[{"href":"https:\/\/www.wecity.com\/pt-pt\/wp-json\/wp\/v2\/media?parent=15240"}],"curies":[{"name":"wp","href":"https:\/\/api.w.org\/{rel}","templated":true}]}}