{"id":14955,"date":"2024-07-01T10:53:19","date_gmt":"2024-07-01T08:53:19","guid":{"rendered":"https:\/\/www.wecity.com\/oportunidades\/malaga-catedral\/"},"modified":"2025-03-13T17:16:04","modified_gmt":"2025-03-13T16:16:04","slug":"malaga-catedral","status":"publish","type":"oportunidades","link":"https:\/\/www.wecity.com\/pt-pt\/investidores\/malaga-catedral\/","title":{"rendered":"M\u00e1laga-Catedral"},"content":{"rendered":"\n<p>A WECITY cumpre o Regulamento 2020\/1503 e est\u00e1 autorizada pela&nbsp;<strong>CNMV<\/strong>&nbsp;como Prestador de Servi\u00e7os de Financiamento Participativo registada sob o n\u00famero 9, com proposta favor\u00e1vel do&nbsp;<strong>Banco de Espanha<\/strong>.<\/p>\n\n\n\n<p><strong><strong><strong><strong><strong><strong><strong><strong><strong><strong><strong><strong><strong>ILITUR HOMES SL<\/strong><\/strong><\/strong><\/strong><\/strong><\/strong><\/strong><\/strong><\/strong><\/strong><\/strong><\/strong><\/strong>, solicita o financiamento da wecity para esta oportunidade de investimento. Investidor, antes de efetuar o seu investimento, por favor leia a <a href=\"https:\/\/www.wecity.com\/pt-pt\/informacao-investidor\/\">informa\u00e7\u00e3o b\u00e1sica para o cliente investidor<\/a>. A rentabilidade obtida no passado n\u00e3o garante as rentabilidades futuras.<\/p>\n\n\n\n<p><strong>Skin in the game<\/strong>: <em>&#8220;Em conformidade com o artigo 8.\u00ba, n.\u00ba 2, do Regulamento (UE) 2020\/1503 do Parlamento Europeu e do Conselho, de 7 de outubro de 2020, relativo aos fornecedores europeus de financiamento em capital pr\u00f3prio, anuncia-se que <a href=\"https:\/\/www.wecity.com\/pt-pt\/equipo\/\">os parceiros, gestores e funcion\u00e1rios da wecity<\/a> podem investir nesta oportunidade. Estes investimentos ser\u00e3o efectuados nos mesmos termos e condi\u00e7\u00f5es que os outros investidores, sem tratamento preferencial ou acesso privilegiado \u00e0 informa\u00e7\u00e3o&#8221;.<\/em><\/p>\n\n\n\n<div style=\"height:16px\" aria-hidden=\"true\" class=\"wp-block-spacer\"><\/div>\n\n\n\n<h2 class=\"wp-block-heading\" style=\"font-size:24px\">O investimento<\/h2>\n\n\n\n<p><strong>A oportunidade de investimento<\/strong> consiste no <strong>financiamento dos custos de constru\u00e7\u00e3o<\/strong> para a remodela\u00e7\u00e3o de 4 casas de luxo em <strong>C\/ Santa Mar\u00eda 23, M\u00e1laga, a poucos metros da Catedral, <\/strong>bem como na <strong>anula\u00e7\u00e3o<\/strong> dos <strong>encargos hipotec\u00e1rios<\/strong> das <strong>4 casas em C\/ Santa Mar\u00eda 23 e dos edif\u00edcios em C\/ Zanca 1-3 e C\/ G\u00f3mez Salazar 14<\/strong>, num montante total de <strong>577.389 \u20ac.<\/strong><\/p>\n\n\n\n<p>As habita\u00e7\u00f5es, com uma superf\u00edcie constru\u00edda de 170<sup>m2<\/sup>, (680<sup>m2 <\/sup>de superf\u00edcie total) foram concebidas com grande aten\u00e7\u00e3o ao pormenor, incluindo uma cobertura com um terra\u00e7o com excelentes vistas para a Catedral. A comercializa\u00e7\u00e3o das habita\u00e7\u00f5es teve in\u00edcio em junho de 2024. O projeto tem uma licen\u00e7a de constru\u00e7\u00e3o, concedida em outubro de 2023.<\/p>\n\n\n\n<p><strong>O financiamento ser\u00e1 feito atrav\u00e9s de um empr\u00e9stimo hipotec\u00e1rio de 1.250.000 \u20ac a uma taxa fixa com uma garantia hipotec\u00e1ria de 1\u00ba grau<\/strong> correspondente \u00e0 FASE I de um empr\u00e9stimo total que pode atingir um m\u00e1ximo de 2.450.000 \u20ac na FASE III.<\/p>\n\n\n\n<p><strong>O promotor<\/strong> (Ilitur Homes) contribuiu <strong>com fundos pr\u00f3prios no valor de 1.162.368<\/strong> euros (IVA inclu\u00eddo), o que representa <strong>47,44%<\/strong> dos fundos necess\u00e1rios para o projeto. As fases II e III podem ser activadas at\u00e9 serem atingidos os fundos necess\u00e1rios para a execu\u00e7\u00e3o do projeto.<\/p>\n\n\n\n<p>O empr\u00e9stimo da wecity ter\u00e1 garantias adicionais atrav\u00e9s da hipoteca em 1\u00ba grau dos seguintes edif\u00edcios propriedade do promotor:<\/p>\n\n\n\n<ul class=\"wp-block-list\">\n<li>C\/ Lagunillas 41<\/li>\n\n\n\n<li>C\/ Lagunillas 43<\/li>\n\n\n\n<li>C\/ G\u00f3mez Salazar 34<\/li>\n\n\n\n<li>C\/ Carrasco 14.<\/li>\n<\/ul>\n\n\n\n<p><strong>A amortiza\u00e7\u00e3o do empr\u00e9stimo e a sa\u00edda dos investidores<\/strong> da <strong>wecity<\/strong> efectua-se com a venda e entrega dos 4 im\u00f3veis da C\/ Santa Mar\u00eda 23.<\/p>\n\n\n\n<p>Atrav\u00e9s de wecity pode participar numa opera\u00e7\u00e3o de empr\u00e9stimo a taxa fixa com uma <strong>taxa de juro anual de 11% para um prazo estimado de 15 meses<\/strong> (6 meses de cumprimento obrigat\u00f3rio) com a<strong> possibilidade de uma prorroga\u00e7\u00e3o de 6 meses adicionais<\/strong>. A rendibilidade total estimada \u00e9 de 13,75% para 15 meses ou de 19,25% se o prazo final for de 21 meses com a prorroga\u00e7\u00e3o. O pagamento dos juros + devolu\u00e7\u00e3o do capital investido ser\u00e1 efectuado no vencimento.<\/p>\n\n\n\n<p>Com um<strong> investimento m\u00ednimo de 500\u20ac<\/strong>, pode participar nesta oportunidade com um excelente rendimento e com o m\u00e1ximo de garantias.<\/p>\n\n\n\n<div style=\"height:16px\" aria-hidden=\"true\" class=\"wp-block-spacer\"><\/div>\n\n\n\n<div class=\"wp-block-group is-style-border-radius has-gris-muy-claro-background-color has-background\"><div class=\"wp-block-group__inner-container is-layout-constrained wp-block-group-is-layout-constrained\">\n<p style=\"font-size:24px\"><strong><strong><strong><strong><strong><strong><strong><strong><strong><strong><strong><strong><strong><strong>Dados essenciais da oportunidade<\/strong> inversi\u00f3n<\/strong><\/strong><\/strong><\/strong><\/strong><\/strong><\/strong><\/strong><\/strong><\/strong><\/strong><\/strong><\/strong><\/p>\n\n\n\n<ul class=\"wp-block-list\">\n<li><strong>Objetivo do empr\u00e9stimo:<\/strong> Financiar os custos de constru\u00e7\u00e3o para a renova\u00e7\u00e3o de 4 habita\u00e7\u00f5es na C\/ Santa Mar\u00eda 23 e anular os encargos hipotec\u00e1rios sobre os seguintes bens: 4 habita\u00e7\u00f5es na C\/ Santa Mar\u00eda 23, edif\u00edcio na C\/ Zanca 1-3 e edif\u00edcio na C\/ G\u00f3mez Salazar 34.<\/li>\n\n\n\n<li><strong>Garantia:<\/strong> hipoteca de<sup>1\u00ba<\/sup> grau sobre os bens.<\/li>\n\n\n\n<li><strong>Garantia adicional <\/strong>: Hipoteca de<sup>1\u00ba<\/sup> grau sobre os im\u00f3veis situados nas C\/ Lagunillas 41 e 43, C\/ G\u00f3mez Salazar 34 e C\/ Carrasco 14.<\/li>\n\n\n\n<li><strong>Garantia<\/strong> <strong>adicional:<\/strong> procura\u00e7\u00e3o irrevog\u00e1vel de venda<\/li>\n\n\n\n<li><strong>Prazo:<\/strong> 15 meses<\/li>\n\n\n\n<li><strong>Prorroga\u00e7\u00e3o facultativa: <\/strong>6 meses<\/li>\n\n\n\n<li><strong>Taxa de juro anual:<\/strong> 11%.<\/li>\n\n\n\n<li><strong>Rendimento total estimado:<\/strong> 13,75%.<\/li>\n\n\n\n<li><strong>Pagamento de juros:<\/strong> no vencimento.<\/li>\n\n\n\n<li><strong>Comercializa\u00e7\u00e3o<\/strong>: 0% (0 de 4 pcs.)<\/li>\n\n\n\n<li><strong>Avalia\u00e7\u00e3o atual ECO<\/strong> (calle Santa Maria 23): 2.349.831 \u20ac<\/li>\n\n\n\n<li><strong>Avalia\u00e7\u00e3o ECO HET (<\/strong> calle Santa Maria 23): 5.397.791 \u20ac<\/li>\n\n\n\n<li><strong>Avalia\u00e7\u00e3o ECO atual<\/strong> (total de garantias): 5.076.876 \u20ac<strong> <\/strong>| <strong>LTV:<\/strong> 24,62%<\/li>\n\n\n\n<li><strong>Avalia\u00e7\u00e3o ECO HET<\/strong> (garantias totais): 8.124.838 \u20ac |<strong> LTV: <\/strong>30,14%<\/li>\n\n\n\n<li><strong>Primeiro levantamento:<\/strong> <strong>794,265 \u20ac <\/strong>| <strong>LTV : <\/strong>15,64%<\/li>\n\n\n\n<li><strong>Contribui\u00e7\u00f5es:<\/strong>\n<ul class=\"wp-block-list\">\n<li><strong>Promotor:<\/strong> 1.162.368 \u20ac (47,44%)<\/li>\n\n\n\n<li><strong>Empr\u00e9stimo Wecity FASE I:<\/strong> 1.250.000 \u20ac.<\/li>\n<\/ul>\n<\/li>\n\n\n\n<li><strong>Investimento m\u00ednimo:<\/strong> 500 \u20ac.<\/li>\n\n\n\n<li><strong>Investimento m\u00e1ximo<\/strong>: Sem limites<\/li>\n<\/ul>\n<\/div><\/div>\n\n\n\n<div style=\"height:26px\" aria-hidden=\"true\" class=\"wp-block-spacer\"><\/div>\n\n\n\n<h2 class=\"wp-block-heading\" style=\"font-size:24px\">Avalia\u00e7\u00e3o ECO e garantia hipotec\u00e1ria<\/h2>\n\n\n\n<p>A <strong>avalia\u00e7\u00e3o atual<\/strong> para efeitos de garantia hipotec\u00e1ria (Ordem ECO 805\/2003) dos 4 fogos da C\/ Santa Mar\u00eda 23 ascende a 2 349 831 euros. A <strong>avalia\u00e7\u00e3o <\/strong>(HET), no<strong> pressuposto <\/strong>de um <strong>edif\u00edcio conclu\u00eddo, <\/strong>ascende a <strong>5.397.790<\/strong> euros. A empresa de avalia\u00e7\u00e3o independente encarregada de identificar o valor \u00e9 a <strong>GESVALT, <\/strong>cuja denomina\u00e7\u00e3o social \u00e9 GESVALT Sociedad de Tasaci\u00f3n SA, e que est\u00e1 <strong>registada<\/strong> como empresa de avalia\u00e7\u00e3o aprovada pelo <strong>Banco de Espanha <\/strong>com o n\u00famero 4455.<\/p>\n\n\n\n<p>Al\u00e9m disso, neste projeto est\u00e3o hipotecados em primeiro lugar os seguintes bens<\/p>\n\n\n\n<p>1) A <strong>avalia\u00e7\u00e3o atual<\/strong> para efeitos de garantia hipotec\u00e1ria, (Ordem ECO 805\/2003) do edif\u00edcio situado na C\/ Lagunillas 41, ascende a 198.801 \u20ac. A empresa de avalia\u00e7\u00e3o independente encarregada de identificar o valor \u00e9 a <strong>GESVALT, <\/strong>cuja denomina\u00e7\u00e3o social \u00e9 GESVALT Sociedad de Tasaci\u00f3n SA, e est\u00e1 <strong>registada<\/strong> como empresa de avalia\u00e7\u00e3o aprovada pelo <strong>Banco de Espanha <\/strong>com o n\u00famero 4455.<\/p>\n\n\n\n<p>2) A <strong>avalia\u00e7\u00e3o atual<\/strong> para efeitos de garantia hipotec\u00e1ria (Ordem ECO 805\/2003) do im\u00f3vel situado na C\/ Lagunillas 43, ascende a 1.301.057 \u20ac. A empresa de avalia\u00e7\u00e3o independente encarregada de identificar o valor \u00e9 a <strong>GESVALT, <\/strong>cuja denomina\u00e7\u00e3o social \u00e9 GESVALT Sociedad de Tasaci\u00f3n SA, e est\u00e1 <strong>registada<\/strong> como Empresa de Avalia\u00e7\u00e3o Aprovada pelo <strong>Banco de Espanha <\/strong>com o n\u00famero 4455.<\/p>\n\n\n\n<p>3) A <strong>avalia\u00e7\u00e3o atual<\/strong> para efeitos de garantia hipotec\u00e1ria, (Ordem ECO 805\/2003) do im\u00f3vel sito em C\/ G\u00f3mez Salazar, 34, ascende a 590.935 \u20ac. A empresa de avalia\u00e7\u00e3o independente encarregada de identificar o valor \u00e9 a <strong>GESVALT, <\/strong>cuja denomina\u00e7\u00e3o social \u00e9 GESVALT Sociedad de Tasaci\u00f3n SA, e que est\u00e1 <strong>registada<\/strong> como Empresa de Avalia\u00e7\u00e3o Aprovada pelo <strong>Banco de Espanha <\/strong>com o n\u00famero 4455.<\/p>\n\n\n\n<p>4) A <strong>avalia\u00e7\u00e3o atual<\/strong> para efeitos de garantia hipotec\u00e1ria (Ordem ECO 805\/2003) do im\u00f3vel sito em C\/ Carrasco, 14, ascende a 636.255 \u20ac. A empresa de avalia\u00e7\u00e3o independente encarregada de identificar o valor \u00e9 a <strong>GESVALT, <\/strong>cuja denomina\u00e7\u00e3o social \u00e9 GESVALT Sociedad de Tasaci\u00f3n SA, e que est\u00e1 <strong>registada<\/strong> como Empresa de Avalia\u00e7\u00e3o Aprovada pelo <strong>Banco de Espanha <\/strong>com o n\u00famero 4455.<\/p>\n\n\n\n<p><strong>O valor total das actuais avalia\u00e7\u00f5es ECO <\/strong>dos bens hipotecados ascende a <strong>5 076 879 euros<\/strong>. Isto representa um <strong>Loan to Value<\/strong> (LTV) sobre a avalia\u00e7\u00e3o atual de <strong>24,62%<\/strong>.<\/p>\n\n\n\n<p><strong>O valor total das avalia\u00e7\u00f5es ECO HET<\/strong> dos activos hipotecados \u00e9 de <strong>8.124.838<\/strong> euros. Isto representa um <strong>Loan to Value<\/strong> (LTV) sobre a avalia\u00e7\u00e3o atual de <strong>30,15%<\/strong>.<\/p>\n\n\n\n<p>O r\u00e1cio <strong>empr\u00e9stimo\/valor<\/strong> (LTV) no <strong>primeiro levantamento <\/strong>\u00e9 de <strong>15,64%<\/strong>.<\/p>\n\n\n\n<div style=\"height:16px\" aria-hidden=\"true\" class=\"wp-block-spacer\"><\/div>\n\n\n\n<h2 class=\"wp-block-heading\" style=\"font-size:24px\">O projeto<\/h2>\n\n\n\n<figure class=\"wp-block-image size-full is-resized\"><img decoding=\"async\" width=\"858\" height=\"508\" src=\"https:\/\/www.wecity.com\/wp-content\/uploads\/2024\/07\/wecity_imag_inversion-Malaga-Catedral_02.png\" alt=\"\" class=\"wp-image-14883\" style=\"width:809px;height:auto\" srcset=\"https:\/\/www.wecity.com\/wp-content\/uploads\/2024\/07\/wecity_imag_inversion-Malaga-Catedral_02.png 858w, https:\/\/www.wecity.com\/wp-content\/uploads\/2024\/07\/wecity_imag_inversion-Malaga-Catedral_02-300x178.png 300w, https:\/\/www.wecity.com\/wp-content\/uploads\/2024\/07\/wecity_imag_inversion-Malaga-Catedral_02-768x455.png 768w\" sizes=\"(max-width: 858px) 100vw, 858px\" \/><\/figure>\n\n\n\n<figure class=\"wp-block-image size-full is-resized\"><img decoding=\"async\" width=\"858\" height=\"508\" src=\"https:\/\/www.wecity.com\/wp-content\/uploads\/2024\/07\/wecity_imag_inversion-Malaga-Catedral_01.png\" alt=\"\" class=\"wp-image-14887\" style=\"width:809px;height:auto\" srcset=\"https:\/\/www.wecity.com\/wp-content\/uploads\/2024\/07\/wecity_imag_inversion-Malaga-Catedral_01.png 858w, https:\/\/www.wecity.com\/wp-content\/uploads\/2024\/07\/wecity_imag_inversion-Malaga-Catedral_01-300x178.png 300w, https:\/\/www.wecity.com\/wp-content\/uploads\/2024\/07\/wecity_imag_inversion-Malaga-Catedral_01-768x455.png 768w\" sizes=\"(max-width: 858px) 100vw, 858px\" \/><\/figure>\n\n\n\n<figure class=\"wp-block-image size-full is-resized\"><img decoding=\"async\" width=\"858\" height=\"508\" src=\"https:\/\/www.wecity.com\/wp-content\/uploads\/2024\/07\/wecity_imag_inversion-Malaga-Catedral_00-1.png\" alt=\"\" class=\"wp-image-14891\" style=\"width:809px;height:auto\" srcset=\"https:\/\/www.wecity.com\/wp-content\/uploads\/2024\/07\/wecity_imag_inversion-Malaga-Catedral_00-1.png 858w, https:\/\/www.wecity.com\/wp-content\/uploads\/2024\/07\/wecity_imag_inversion-Malaga-Catedral_00-1-300x178.png 300w, https:\/\/www.wecity.com\/wp-content\/uploads\/2024\/07\/wecity_imag_inversion-Malaga-Catedral_00-1-768x455.png 768w\" sizes=\"(max-width: 858px) 100vw, 858px\" \/><\/figure>\n\n\n\n<div style=\"height:16px\" aria-hidden=\"true\" class=\"wp-block-spacer\"><\/div>\n\n\n\n<h2 class=\"wp-block-heading\" style=\"font-size:24px\">Localiza\u00e7\u00e3o<\/h2>\n\n\n\n<p><strong>M\u00e1laga<\/strong>, situada na Costa del Sol, tem uma oferta imobili\u00e1ria variada, desde apartamentos elegantes no centro hist\u00f3rico a moradias modernas e penthouses exclusivas com vista para o Mediterr\u00e2neo.<\/p>\n\n\n\n<p>A cidade tem uma infraestrutura de primeira classe, incluindo institui\u00e7\u00f5es de ensino de prest\u00edgio, como a <strong>St. George&#8217;s International School<\/strong>, e servi\u00e7os m\u00e9dicos, como o <strong>Hospital Internacional Vithas Xanit<\/strong>. M\u00e1laga \u00e9 um centro cultural de renome, com numerosos museus, como o <strong>Museu Picasso e o Centro Pompidou,<\/strong> bem como uma vasta gama de instala\u00e7\u00f5es gastron\u00f3micas e de lazer.<\/p>\n\n\n\n<p>Para os entusiastas do desporto, M\u00e1laga oferece uma variedade de op\u00e7\u00f5es, desde campos de golfe de alta qualidade a modernas instala\u00e7\u00f5es para desportos aqu\u00e1ticos e caminhadas no vizinho <strong>Parque Natural Montes de M\u00e1laga<\/strong>. O seu clima ensolarado durante todo o ano, juntamente com a sua excelente conetividade, gra\u00e7as \u00e0 proximidade do Aeroporto Internacional de M\u00e1laga e da rede de transportes p\u00fablicos, fazem de M\u00e1laga um local atrativo para viver e investir.<\/p>\n\n\n\n<iframe src=\"https:\/\/www.google.com\/maps\/embed?pb=!1m18!1m12!1m3!1d3027.3352692026224!2d-4.422973624519003!3d36.72099247216113!2m3!1f0!2f0!3f0!3m2!1i1024!2i768!4f13.1!3m3!1m2!1s0xd72f7957a0981d5%3A0x3fb68c1759a669c6!2sCalle%20Sta.%20Mar%C3%ADa%2C%2023%2C%20Distrito%20Centro%2C%2029015%20M%C3%A1laga!5e1!3m2!1ses!2ses!4v1719824718823!5m2!1ses!2ses\" width=\"800\" height=\"600\" style=\"border:0;\" allowfullscreen=\"\" loading=\"lazy\" referrerpolicy=\"no-referrer-when-downgrade\"><\/iframe>\n\n\n\n<h2 class=\"wp-block-heading\" style=\"font-size:24px\">Agente de garantia<\/h2>\n\n\n\n<p>A constitui\u00e7\u00e3o, preserva\u00e7\u00e3o, gest\u00e3o, administra\u00e7\u00e3o e, se for caso disso, a execu\u00e7\u00e3o dos <strong>direitos hipotec\u00e1rios imobili\u00e1rios em nome dos investidores da wecity ser\u00e3o efectuadas por uma entidade externa \u00e0 wecity<\/strong>.<\/p>\n\n\n\n<p><em>O agente de garantia escolhido para este projeto \u00e9 a<strong> Ceiba Global Alternative Investments SL<\/strong>, uma empresa dedicada \u00e0 presta\u00e7\u00e3o de servi\u00e7os fiduci\u00e1rios por contrato ou mandato&#8221;.<\/em><\/p>\n\n\n\n<p>A Ceiba Global \u00e9 uma empresa detida pela Ceiba Legal SL, um escrit\u00f3rio de advogados especializado em financiamentos alternativos que presta servi\u00e7os a v\u00e1rios ve\u00edculos de investimento.<\/p>\n\n\n\n<p>Em 2023, a Ceiba Legal prestou servi\u00e7os de assessoria jur\u00eddica no valor de 150 000 000 euros, formalizando e estruturando mais de 60 000 000 euros em opera\u00e7\u00f5es de financiamento alternativo.<\/p>\n\n\n\n<p><strong>Atualmente, \u00e9 um dos escrit\u00f3rios mais reconhecidos no mercado espanhol na estrutura\u00e7\u00e3o de opera\u00e7\u00f5es de d\u00edvida garantida.<\/strong><\/p>\n\n\n\n<p>Para al\u00e9m disso, a Ceiba presta assessoria jur\u00eddica \u00e0 wecity durante toda a vida do empr\u00e9stimo, desde a sua estrutura\u00e7\u00e3o at\u00e9 \u00e0 sua execu\u00e7\u00e3o.<\/p>\n\n\n\n<div style=\"height:16px\" aria-hidden=\"true\" class=\"wp-block-spacer\"><\/div>\n\n\n\n<h2 class=\"wp-block-heading\" style=\"font-size:24px\">Monitoring<\/h2>\n\n\n\n<p>O promotor ter\u00e1 de justificar a utiliza\u00e7\u00e3o dos fundos em cada uma das candidaturas. A utiliza\u00e7\u00e3o dos fundos pelo promotor ser\u00e1 monitorizada por uma empresa externa \u00e0 wecity.<\/p>\n\n\n\n<p style=\"font-size:24px\"><\/p>\n","protected":false},"featured_media":14898,"template":"","class_list":["post-14955","oportunidades","type-oportunidades","status-publish","has-post-thumbnail","hentry"],"acf":[],"_links":{"self":[{"href":"https:\/\/www.wecity.com\/pt-pt\/wp-json\/wp\/v2\/oportunidades\/14955","targetHints":{"allow":["GET"]}}],"collection":[{"href":"https:\/\/www.wecity.com\/pt-pt\/wp-json\/wp\/v2\/oportunidades"}],"about":[{"href":"https:\/\/www.wecity.com\/pt-pt\/wp-json\/wp\/v2\/types\/oportunidades"}],"wp:featuredmedia":[{"embeddable":true,"href":"https:\/\/www.wecity.com\/pt-pt\/wp-json\/wp\/v2\/media\/14898"}],"wp:attachment":[{"href":"https:\/\/www.wecity.com\/pt-pt\/wp-json\/wp\/v2\/media?parent=14955"}],"curies":[{"name":"wp","href":"https:\/\/api.w.org\/{rel}","templated":true}]}}