{"id":6082,"date":"2023-09-25T11:12:48","date_gmt":"2023-09-25T09:12:48","guid":{"rendered":"https:\/\/www.wecity.com\/renovables\/flix-asco-i\/"},"modified":"2023-09-25T16:51:29","modified_gmt":"2023-09-25T14:51:29","slug":"flix-asco-i","status":"publish","type":"renovables","link":"https:\/\/www.wecity.com\/fr\/renouvelables\/flix-asco-i\/","title":{"rendered":"FLIX-ASC\u00d3 I"},"content":{"rendered":"\n<p>wecity est conforme \u00e0 la loi 5\/2015 et au r\u00e8glement (UE) 2020\/1503 du Parlement europ\u00e9en et du Conseil du 7 octobre 2020 relatif aux prestataires europ\u00e9ens de services de financement participatif (crowdfunding) pour les entreprises.<\/p>\n\n\n\n<p>Elle est autoris\u00e9e par la CNMV en tant que plateforme de financement participatif enregistr\u00e9e sous le num\u00e9ro 30, avec une proposition favorable de la Banque d&rsquo;Espagne.<\/p>\n\n\n\n<p>Investisseur, avant d&rsquo;effectuer votre investissement, veuillez lire les informations de base pour le client investisseur. Les performances pass\u00e9es ne garantissent pas les performances futures.<\/p>\n\n\n\n<h2 class=\"wp-block-heading\">R\u00e9sum\u00e9 du Projet<\/h2>\n\n\n\n<p>En octobre 2021, la Generalitat de Catalunya a \u00e9tabli de nouvelles exigences pour les projets de production d&rsquo;\u00e9nergie propre dans la r\u00e9gion. Entre autres, elle oblige les projets de plus de 5 MW \u00e0 proposer aux citoyens locaux de participer au financement des projets et, par cons\u00e9quent, aux b\u00e9n\u00e9fices \u00e9conomiques qu&rsquo;ils g\u00e9n\u00e9reront.<\/p>\n\n\n\n<p>Le projet faisant l&rsquo;objet de l&rsquo;appel d&rsquo;offres, appel\u00e9 FLIX-ASC\u00d3 I, comprend la centrale solaire photovolta\u00efque et les infrastructures d&rsquo;\u00e9vacuation associ\u00e9es, le centre de sectionnement et de comptage (CSM), la ligne d&rsquo;\u00e9vacuation moyenne tension (LMT), la ligne d&rsquo;\u00e9vacuation haute tension (LAT) et la sous-station de collecteur sur\u00e9lev\u00e9e (SET).<\/p>\n\n\n\n<p>Les principales caract\u00e9ristiques du projet sont \u00e9num\u00e9r\u00e9es ci-dessous :<\/p>\n\n\n\n<ul class=\"wp-block-list\">\n<li>Puissance nominale au point de raccordement : 16,06 MWac<\/li>\n\n\n\n<li>Puissance de pointe install\u00e9e : 21 MWc<\/li>\n\n\n\n<li>Tension de la LMT : 30 kV<\/li>\n<\/ul>\n\n\n\n<h2 class=\"wp-block-heading\">Phases du projet<\/h2>\n\n\n\n<p>Le projet comporte une phase initiale de r\u00e9servation pour les investisseurs locaux de la municipalit\u00e9 de Flix, des municipalit\u00e9s voisines et des municipalit\u00e9s appartenant \u00e0 la r\u00e9gion de la Ribera d&rsquo;Ebre.<\/p>\n\n\n\n<p>Cette offre de participation locale restera ouverte jusqu&rsquo;\u00e0 la date \u00e0 laquelle la soci\u00e9t\u00e9 obtiendra l&rsquo;autorisation administrative pr\u00e9alable ou jusqu&rsquo;\u00e0 ce que 20 % de la participation soit obtenue.<\/p>\n\n\n\n<p><\/p>\n\n\n\n<h2 class=\"wp-block-heading\">Environnement et localisation<\/h2>\n\n\n\n<p>Flix est une commune de la r\u00e9gion de la Ribera d&rsquo;Ebre, au sud de Lleida, tr\u00e8s proche de l&rsquo;Aragon. Elle est situ\u00e9e sur le m\u00e9andre le plus spectaculaire de l&rsquo;Ebre.<\/p>\n\n\n\n<figure class=\"wp-block-image\"><img decoding=\"async\" src=\"https:\/\/v1.wecity.com\/img_oportunidad\/galerias\/53\/Captura%20de%20pantalla%202023-05-08%20a%20las%2017.18.31.png\" alt=\"inversi\u00f3n renovables_Flix-Asc\u00f3 I\"\/><\/figure>\n\n\n\n<h2 class=\"wp-block-heading\">Qui peut participer?<\/h2>\n\n\n\n<p>Peuvent participer les personnes physiques (directement ou par l&rsquo;interm\u00e9diaire d&rsquo;une soci\u00e9t\u00e9 de v\u00e9hicules qui les regroupe) et les personnes morales ou priv\u00e9es, situ\u00e9es dans la commune o\u00f9 se trouve l&rsquo;installation, ou dans les communes limitrophes de cette commune ou celles appartenant \u00e0 la m\u00eame r\u00e9gion.<\/p>\n\n\n\n<p>\u00c0 cette fin :<\/p>\n\n\n\n<ul class=\"wp-block-list\">\n<li>Les personnes int\u00e9ress\u00e9es doivent \u00eatre enregistr\u00e9es dans les communes susmentionn\u00e9es depuis au moins deux ans.<\/li>\n\n\n\n<li>Les personnes morales doivent remplir l&rsquo;une des conditions suivantes : (i) avoir leur si\u00e8ge social dans les communes susmentionn\u00e9es depuis au moins deux ans, ou (ii) \u00eatre consid\u00e9r\u00e9es comme des communaut\u00e9s \u00e9nerg\u00e9tiques citoyennes conform\u00e9ment aux r\u00e8glements europ\u00e9ens et aux dispositions qui les d\u00e9veloppent, \u00e0 condition qu&rsquo;au moins 50 de leurs membres soient enregistr\u00e9s dans les communes susmentionn\u00e9es.<\/li>\n\n\n\n<li>Les personnes physiques ou morales qui se voient offrir une participation de 20 % ne peuvent d\u00e9tenir une participation sup\u00e9rieure \u00e0 10 %.<\/li>\n\n\n\n<li>Cette offre de participation locale restera ouverte jusqu&rsquo;\u00e0 la date d&rsquo;obtention par la soci\u00e9t\u00e9 de l&rsquo;autorisation administrative pr\u00e9alable ou jusqu&rsquo;\u00e0 l&rsquo;obtention d&rsquo;une participation de 20%.<\/li>\n<\/ul>\n\n\n\n<h2 class=\"wp-block-heading\">\u00c9nergies renouvelables<\/h2>\n\n\n\n<p>Les centrales de production d&rsquo;\u00e9nergie renouvelable se caract\u00e9risent par le fait qu&rsquo;elles fonctionnent avec des sources d&rsquo;\u00e9nergie qui ont la capacit\u00e9 de se r\u00e9g\u00e9n\u00e9rer et sont donc th\u00e9oriquement in\u00e9puisables si elles sont utilis\u00e9es de mani\u00e8re durable. Cette caract\u00e9ristique permet de mieux faire coexister la production d&rsquo;\u00e9lectricit\u00e9 et le respect de l&rsquo;environnement. Par rapport \u00e0 d&rsquo;autres installations \u00e9nerg\u00e9tiques, ce type de projet pr\u00e9sente les avantages suivants :<\/p>\n\n\n\n<ul class=\"wp-block-list\">\n<li>La r\u00e9duction de la d\u00e9pendance externe aux combustibles fossiles pour l&rsquo;approvisionnement en \u00e9nergie, la mise en place d&rsquo;un syst\u00e8me \u00e9nerg\u00e9tique renouvelable et durable et la diversification des sources d&rsquo;\u00e9nergie primaire.<\/li>\n\n\n\n<li>Utilisation de ressources renouvelables au niveau mondial.<\/li>\n\n\n\n<li>Absence d&rsquo;\u00e9mission de CO2 et d&rsquo;autres gaz polluants dans l&rsquo;atmosph\u00e8re.<\/li>\n\n\n\n<li>Faible taux de production de d\u00e9chets et de rejets polluants pendant la phase d&rsquo;exploitation.<\/li>\n<\/ul>\n\n\n\n<p>Au cours des derni\u00e8res ann\u00e9es, il est devenu \u00e9vident que le degr\u00e9 d&rsquo;autosuffisance dans le d\u00e9bat \u00e9nerg\u00e9tique est l&rsquo;une des questions centrales dans les perspectives strat\u00e9giques des diff\u00e9rents pays, tant \u00e0 court qu&rsquo;\u00e0 long terme. Cette situation implique que les projets d&rsquo;\u00e9nergie renouvelable sont pris en compte dans la planification \u00e9nerg\u00e9tique des diff\u00e9rents pays et r\u00e9gions.<\/p>\n\n\n\n<p>Quant aux diff\u00e9rents accords internationaux auxquels l&rsquo;Espagne est li\u00e9e, ils visent principalement \u00e0 r\u00e9duire le taux d&rsquo;\u00e9missions de gaz \u00e0 effet de serre et la n\u00e9cessit\u00e9 de d\u00e9velopper des projets avec des sources indig\u00e8nes pour garantir l&rsquo;approvisionnement \u00e9nerg\u00e9tique et r\u00e9duire la d\u00e9pendance \u00e0 l&rsquo;\u00e9gard de l&rsquo;\u00e9tranger. Ce sont l\u00e0 quelques-unes des raisons qui ont motiv\u00e9 le d\u00e9veloppement de la centrale photovolta\u00efque qui fait l&rsquo;objet de cette \u00e9tude. L&rsquo;utilisation de cette \u00e9nergie renouvelable permet d&rsquo;\u00e9viter la production d&rsquo;\u00e9missions associ\u00e9es \u00e0 l&rsquo;utilisation de combustibles fossiles.<\/p>\n\n\n\n<p>En ce sens, les \u00e9conomies de combustible attendues permettent d&rsquo;\u00e9viter des \u00e9missions \u00e9quivalentes de dioxyde de soufre, d&rsquo;oxydes d&rsquo;azote, de dioxyde de carbone et de particules. En outre, le plan d&rsquo;action national pour les \u00e9nergies renouvelables 2011-2020 (NREAP), approuv\u00e9 afin de respecter l&rsquo;engagement de l&rsquo;Espagne de produire 20 % de sa consommation brute d&rsquo;\u00e9nergie \u00e0 partir de sources d&rsquo;\u00e9nergie renouvelables, conform\u00e9ment \u00e0 la directive 2009\/28\/CE, fixe des objectifs minimaux contraignants et obligatoires pour la part d&rsquo;\u00e9nergie provenant de sources renouvelables dans la consommation totale d&rsquo;\u00e9nergie.<\/p>\n","protected":false},"featured_media":6044,"template":"","class_list":["post-6082","renovables","type-renovables","status-publish","has-post-thumbnail","hentry"],"acf":[],"_links":{"self":[{"href":"https:\/\/www.wecity.com\/fr\/wp-json\/wp\/v2\/renovables\/6082","targetHints":{"allow":["GET"]}}],"collection":[{"href":"https:\/\/www.wecity.com\/fr\/wp-json\/wp\/v2\/renovables"}],"about":[{"href":"https:\/\/www.wecity.com\/fr\/wp-json\/wp\/v2\/types\/renovables"}],"wp:featuredmedia":[{"embeddable":true,"href":"https:\/\/www.wecity.com\/fr\/wp-json\/wp\/v2\/media\/6044"}],"wp:attachment":[{"href":"https:\/\/www.wecity.com\/fr\/wp-json\/wp\/v2\/media?parent=6082"}],"curies":[{"name":"wp","href":"https:\/\/api.w.org\/{rel}","templated":true}]}}