{"id":5771,"date":"2023-02-12T18:17:50","date_gmt":"2023-02-12T17:17:50","guid":{"rendered":"https:\/\/www.wecity.com\/oportunidades\/oviedo-mariscal\/"},"modified":"2023-09-06T18:18:12","modified_gmt":"2023-09-06T16:18:12","slug":"oviedo-mariscal","status":"publish","type":"oportunidades","link":"https:\/\/www.wecity.com\/fr\/opportunites\/oviedo-mariscal\/","title":{"rendered":"Oviedo-Mariscal"},"content":{"rendered":"\n<p>wecity est conforme \u00e0 la loi 5\/2015, est autoris\u00e9e par la CNMV en tant que plateforme de financement participatif enregistr\u00e9e sous le num\u00e9ro 30, avec une proposition favorable de la Banque d&rsquo;Espagne.<\/p>\n\n\n\n<p>Marlis Proyectos SL demande un financement \u00e0 wecity pour cette opportunit\u00e9 d&rsquo;investissement.<\/p>\n\n\n\n<p>Les partenaires de wecity investissent dans cette opportunit\u00e9.<\/p>\n\n\n\n<p>Investisseur, avant de r\u00e9aliser votre investissement, veuillez lire les informations de base pour le client investisseur. Les performances pass\u00e9es ne garantissent pas les performances futures.<\/p>\n\n\n\n<h2 class=\"wp-block-heading\">R\u00e9sum\u00e9 du projet<\/h2>\n\n\n\n<figure class=\"wp-block-image size-full is-resized\"><img decoding=\"async\" src=\"https:\/\/www.wecity.com\/wp-content\/uploads\/2023\/02\/wecity_sello_calidad_Rating_Location-04.jpg\" alt=\"\" class=\"wp-image-1726\" style=\"width:283px;height:140px\" width=\"283\" height=\"140\" srcset=\"https:\/\/www.wecity.com\/wp-content\/uploads\/2023\/02\/wecity_sello_calidad_Rating_Location-04.jpg 819w, https:\/\/www.wecity.com\/wp-content\/uploads\/2023\/02\/wecity_sello_calidad_Rating_Location-04-300x148.jpg 300w, https:\/\/www.wecity.com\/wp-content\/uploads\/2023\/02\/wecity_sello_calidad_Rating_Location-04-768x379.jpg 768w, https:\/\/www.wecity.com\/wp-content\/uploads\/2023\/02\/wecity_sello_calidad_Rating_Location-04-810x404.jpg 810w\" sizes=\"(max-width: 283px) 100vw, 283px\" \/><\/figure>\n\n\n\n<p>Marlis Proyectos SL vous pr\u00e9sente une opportunit\u00e9 d&rsquo;Equity, qui consiste \u00e0 financer l&rsquo;achat d&rsquo;un terrain \u00e0 Oviedo, plus pr\u00e9cis\u00e9ment dans la rue Mariscal Sol\u00eds 5, pour la construction de 22 nouveaux logements, 22 places de parking et 20 salles de stockage. La dur\u00e9e estim\u00e9e de cette op\u00e9ration est de 30 mois.<\/p>\n\n\n\n<p>L&rsquo;objectif de financement de Wecity est de 500 000 \u20ac, ce qui, avec l&rsquo;apport du promoteur de 187 181 \u20ac, le pr\u00eat bancaire de 3 021 828 \u20ac (convenu au pr\u00e9alable avec BBVA) et les futurs acomptes garantis de 512 205 \u20ac, donne un total de 4 221 215 \u20ac.<\/p>\n\n\n\n<p>Les fonds seront utilis\u00e9s pour l&rsquo;achat du site et l&rsquo;ex\u00e9cution des travaux, ainsi que pour les co\u00fbts associ\u00e9s.<\/p>\n\n\n\n<p>L&rsquo;achat du site devrait avoir lieu en novembre 2022 et les travaux devraient commencer en novembre\/d\u00e9cembre 2022 pour une dur\u00e9e estim\u00e9e \u00e0 24 mois. Le d\u00e9veloppement a actuellement une r\u00e9servation document\u00e9e de 7 logements.<\/p>\n\n\n\n<p>Par l&rsquo;interm\u00e9diaire de wecity, vous pouvez participer \u00e0 une transaction de capitaux propres d&rsquo;une dur\u00e9e estim\u00e9e \u00e0 30 mois, dans laquelle le promoteur contribue \u00e0 hauteur de 27,24% des capitaux propres (187 171 \u20ac), conform\u00e9ment au principe de \u00ab\u00a0skin in the game\u00a0\u00bb (participation au jeu) de wecity.<\/p>\n\n\n\n<p>Le promoteur de cette opportunit\u00e9 demande aux investisseurs wecity un investissement minimum de 500 \u20ac pour une dur\u00e9e de 30 mois.<\/p>\n\n\n\n<p>Inscrivez-vous gratuitement ou connectez-vous \u00e0 votre profil pour voir le dossier du projet dans la section Documents.<\/p>\n\n\n\n<h2 class=\"wp-block-heading\">Expertise et Rating<\/h2>\n\n\n\n<p>L&rsquo;\u00e9valuation ECO actuelle r\u00e9alis\u00e9e par ST Sociedad de Tasaci\u00f3n s&rsquo;\u00e9l\u00e8ve \u00e0 1 308 432 \u20ac.<\/p>\n\n\n\n<p>L&rsquo;\u00e9valuation HET (Hypothetical Completed Building) r\u00e9alis\u00e9e par ST Sociedad de Tasaci\u00f3n s&rsquo;\u00e9l\u00e8ve \u00e0 5 535 164 \u20ac.<\/p>\n\n\n<div class=\"wp-block-image\">\n<figure class=\"alignleft size-full is-resized\"><img decoding=\"async\" src=\"https:\/\/www.wecity.com\/wp-content\/uploads\/2023\/02\/wecity_rating-AA_inversion-Madrid.jpg\" alt=\"\" class=\"wp-image-1423\" style=\"width:148px;height:52px\" width=\"148\" height=\"52\"\/><\/figure>\n<\/div>\n\n\n<p>Une \u00e9valuation externe du projet a \u00e9t\u00e9 demand\u00e9e au cabinet de conseil JLL, qui lui a attribu\u00e9 la note AA.<\/p>\n\n\n\n<p>Inscrivez-vous gratuitement ou connectez-vous \u00e0 votre profil pour consulter l&rsquo;\u00e9valuation et la notation de JLL dans la section Documents.<\/p>\n\n\n\n<h2 class=\"wp-block-heading\">Le Projet<\/h2>\n\n\n\n<p>Il s&rsquo;agit d&rsquo;un projet de 3 140,78 m2 de surface construite totale, r\u00e9partie en 22 logements, 22 places de parking et 20 locaux de stockage (9 \u00e9tages au-dessus du niveau du sol) pour une vente ult\u00e9rieure \u00e0 des tiers.<\/p>\n\n\n\n<h3 class=\"wp-block-heading\"><strong>Plan<\/strong><\/h3>\n\n\n\n<figure class=\"wp-block-image size-large\"><img decoding=\"async\" width=\"1024\" height=\"482\" src=\"https:\/\/www.wecity.com\/wp-content\/uploads\/2023\/02\/wecity_inversion-Oviedo-Mariscal_planos-1024x482.png\" alt=\"\" class=\"wp-image-1729\" srcset=\"https:\/\/www.wecity.com\/wp-content\/uploads\/2023\/02\/wecity_inversion-Oviedo-Mariscal_planos-1024x482.png 1024w, https:\/\/www.wecity.com\/wp-content\/uploads\/2023\/02\/wecity_inversion-Oviedo-Mariscal_planos-300x141.png 300w, https:\/\/www.wecity.com\/wp-content\/uploads\/2023\/02\/wecity_inversion-Oviedo-Mariscal_planos-768x362.png 768w, https:\/\/www.wecity.com\/wp-content\/uploads\/2023\/02\/wecity_inversion-Oviedo-Mariscal_planos.png 1527w\" sizes=\"(max-width: 1024px) 100vw, 1024px\" \/><\/figure>\n\n\n\n<p><strong>Images<\/strong><\/p>\n\n\n\n<figure class=\"wp-block-image size-full\"><img decoding=\"async\" width=\"830\" height=\"810\" src=\"https:\/\/www.wecity.com\/wp-content\/uploads\/2023\/02\/wecity_Imagen_inversion_Oviedo_fachada.jpg\" alt=\"\" class=\"wp-image-1732\" srcset=\"https:\/\/www.wecity.com\/wp-content\/uploads\/2023\/02\/wecity_Imagen_inversion_Oviedo_fachada.jpg 830w, https:\/\/www.wecity.com\/wp-content\/uploads\/2023\/02\/wecity_Imagen_inversion_Oviedo_fachada-300x293.jpg 300w, https:\/\/www.wecity.com\/wp-content\/uploads\/2023\/02\/wecity_Imagen_inversion_Oviedo_fachada-768x749.jpg 768w, https:\/\/www.wecity.com\/wp-content\/uploads\/2023\/02\/wecity_Imagen_inversion_Oviedo_fachada-48x48.jpg 48w\" sizes=\"(max-width: 830px) 100vw, 830px\" \/><\/figure>\n\n\n\n<figure class=\"wp-block-image size-full\"><img decoding=\"async\" width=\"830\" height=\"554\" src=\"https:\/\/www.wecity.com\/wp-content\/uploads\/2023\/02\/wecity_Imagen_inversion_Oviedo_p.jpg\" alt=\"\" class=\"wp-image-1735\" srcset=\"https:\/\/www.wecity.com\/wp-content\/uploads\/2023\/02\/wecity_Imagen_inversion_Oviedo_p.jpg 830w, https:\/\/www.wecity.com\/wp-content\/uploads\/2023\/02\/wecity_Imagen_inversion_Oviedo_p-300x200.jpg 300w, https:\/\/www.wecity.com\/wp-content\/uploads\/2023\/02\/wecity_Imagen_inversion_Oviedo_p-768x513.jpg 768w, https:\/\/www.wecity.com\/wp-content\/uploads\/2023\/02\/wecity_Imagen_inversion_Oviedo_p-400x267.jpg 400w\" sizes=\"(max-width: 830px) 100vw, 830px\" \/><\/figure>\n\n\n\n<figure class=\"wp-block-image size-full\"><img decoding=\"async\" width=\"830\" height=\"554\" src=\"https:\/\/www.wecity.com\/wp-content\/uploads\/2023\/02\/wecity_Imagen_inversion_Oviedo_1.jpg\" alt=\"\" class=\"wp-image-1738\" srcset=\"https:\/\/www.wecity.com\/wp-content\/uploads\/2023\/02\/wecity_Imagen_inversion_Oviedo_1.jpg 830w, https:\/\/www.wecity.com\/wp-content\/uploads\/2023\/02\/wecity_Imagen_inversion_Oviedo_1-300x200.jpg 300w, https:\/\/www.wecity.com\/wp-content\/uploads\/2023\/02\/wecity_Imagen_inversion_Oviedo_1-768x513.jpg 768w, https:\/\/www.wecity.com\/wp-content\/uploads\/2023\/02\/wecity_Imagen_inversion_Oviedo_1-400x267.jpg 400w\" sizes=\"(max-width: 830px) 100vw, 830px\" \/><\/figure>\n\n\n\n<figure class=\"wp-block-image size-full\"><img decoding=\"async\" width=\"830\" height=\"554\" src=\"https:\/\/www.wecity.com\/wp-content\/uploads\/2023\/02\/wecity_Imagen_inversion_Oviedo_2.jpg\" alt=\"\" class=\"wp-image-1741\" srcset=\"https:\/\/www.wecity.com\/wp-content\/uploads\/2023\/02\/wecity_Imagen_inversion_Oviedo_2.jpg 830w, https:\/\/www.wecity.com\/wp-content\/uploads\/2023\/02\/wecity_Imagen_inversion_Oviedo_2-300x200.jpg 300w, https:\/\/www.wecity.com\/wp-content\/uploads\/2023\/02\/wecity_Imagen_inversion_Oviedo_2-768x513.jpg 768w, https:\/\/www.wecity.com\/wp-content\/uploads\/2023\/02\/wecity_Imagen_inversion_Oviedo_2-400x267.jpg 400w\" sizes=\"(max-width: 830px) 100vw, 830px\" \/><\/figure>\n\n\n\n<h2 class=\"wp-block-heading\">Environnement et Localisation<\/h2>\n\n\n\n<p>Le projet est situ\u00e9 dans la rue Mariscal Solis 5, Oviedo, Asturies. Il s&rsquo;agit d&rsquo;un quartier r\u00e9sidentiel entour\u00e9 de beaux espaces verts o\u00f9 l&rsquo;on peut se promener.<\/p>\n\n\n\n<p>Il s&rsquo;agit d&rsquo;une enclave privil\u00e9gi\u00e9e avec toutes les commodit\u00e9s \u00e0 proximit\u00e9 : commerces, centres \u00e9ducatifs, sanitaires et sportifs, ainsi qu&rsquo;un large \u00e9ventail d&rsquo;installations de loisirs et de restauration.<\/p>\n\n\n\n<p>Il b\u00e9n\u00e9ficie d&rsquo;excellentes communications, tant par les transports priv\u00e9s que publics, avec plusieurs arr\u00eats de bus, des gares ferroviaires et une sortie vers l&rsquo;AS-11.<\/p>\n\n\n\n<figure class=\"wp-block-image size-full\"><img decoding=\"async\" width=\"830\" height=\"509\" src=\"https:\/\/www.wecity.com\/wp-content\/uploads\/2023\/02\/wecity_Imagen_ubicacion.jpg\" alt=\"\" class=\"wp-image-1744\" srcset=\"https:\/\/www.wecity.com\/wp-content\/uploads\/2023\/02\/wecity_Imagen_ubicacion.jpg 830w, https:\/\/www.wecity.com\/wp-content\/uploads\/2023\/02\/wecity_Imagen_ubicacion-300x184.jpg 300w, https:\/\/www.wecity.com\/wp-content\/uploads\/2023\/02\/wecity_Imagen_ubicacion-768x471.jpg 768w\" sizes=\"(max-width: 830px) 100vw, 830px\" \/><\/figure>\n\n\n\n<h2 class=\"wp-block-heading\">Donn\u00e9es de l&rsquo;opportunit\u00e9<\/h2>\n\n\n\n<ul class=\"wp-block-list\">\n<li>Type d&rsquo;investissement : Fonds propres &#8211; Plus-values<\/li>\n\n\n\n<li>Objet du financement :<\/li>\n<\/ul>\n\n\n\n<p>\u00ab\u00a0Acquisition de la propri\u00e9t\u00e9, d\u00e9molition ult\u00e9rieure de l&rsquo;immeuble actuel et construction d&rsquo;un immeuble r\u00e9sidentiel de 22 logements, entrep\u00f4ts et garages, situ\u00e9 Calle Mariscal Sol\u00eds n\u00ba5, Finca no 46.156, inscrit au Registre foncier d&rsquo;Oviedo num\u00e9ro 1, Volume 3.333, Livre 2.588, Folio 209. CRU : 33027000481729\u00a0\u00bb<\/p>\n\n\n\n<ul class=\"wp-block-list\">\n<li>Structure du capital :<\/li>\n\n\n\n<li>Marlis Proyectos SL : 187 181 \u20ac (27,24 % du capital).<\/li>\n\n\n\n<li>Investisseurs Wecity : 500 000 \u20ac (72,76 % des fonds propres).<\/li>\n\n\n\n<li>Pr\u00eat bancaire : 3.021.828 \u20ac.<\/li>\n\n\n\n<li>Type de bien : R\u00e9sidentiel<\/li>\n\n\n\n<li>Dur\u00e9e estim\u00e9e : 30 mois<\/li>\n\n\n\n<li>Investissement minimum : \u20ac500<\/li>\n<\/ul>\n\n\n\n<h2 class=\"wp-block-heading\" id=\"escenarios_economicos\">Sc\u00e9narios \u00e9con\u00f3miques<\/h2>\n\n\n\n<p>Selon les crit\u00e8res de la CNMV, en plus du sc\u00e9nario de base (favorable) propos\u00e9 par le promoteur et que nous v\u00e9rifions, dans les projets de mise en \u00e9quivalence, deux sc\u00e9narios suppl\u00e9mentaires doivent \u00eatre publi\u00e9s pour montrer les variations potentielles du plan d&rsquo;affaires.<\/p>\n\n\n\n<div class=\"wp-block-group is-style-border-radius has-verde-muy-claro-background-color has-background\"><div class=\"wp-block-group__inner-container is-layout-constrained wp-block-group-is-layout-constrained\">\n<h2 class=\"wp-block-heading\"><strong>Favorable<\/strong><\/h2>\n\n\n\n<p>Revenu estim\u00e9\u207d\u00b9\u207e : 5 122 054 \u20ac.<\/p>\n\n\n\n<p>Estimation des co\u00fbts\u207d\u00b2\u207e : 4 609 110 \u20ac.<\/p>\n\n\n\n<p>Frais d&rsquo;achat : 572.000 \u20ac.<\/p>\n\n\n\n<p>Construction : 2.561.836 \u20ac.<\/p>\n\n\n\n<p>D\u00e9veloppement : 1.438.974 \u20ac.<\/p>\n\n\n\n<p>Commission de la ville : 36.300<\/p>\n\n\n\n<p>Le sc\u00e9nario favorable est le sc\u00e9nario envisag\u00e9 par le promoteur. Le projet dispose d&rsquo;un budget de construction sign\u00e9 et d&rsquo;une \u00e9valuation ECO, qui \u00e9tablit le prix de vente conform\u00e9ment \u00e0 l&rsquo;ECO\/805\/2003.<\/p>\n<\/div><\/div>\n\n\n\n<div style=\"height:20px\" aria-hidden=\"true\" class=\"wp-block-spacer\"><\/div>\n\n\n\n<div class=\"wp-block-group is-style-border-radius has-gris-muy-claro-background-color has-background\"><div class=\"wp-block-group__inner-container is-layout-constrained wp-block-group-is-layout-constrained\">\n<h2 class=\"wp-block-heading\"><strong>Mod\u00e9r\u00e9<\/strong><\/h2>\n\n\n\n<p>Revenu estim\u00e9\u207d\u00b9\u207e : 5,122,054 \u20ac.<\/p>\n\n\n\n<p>Estimation des co\u00fbts\u207d\u00b2\u207e : 4 738 464 \u20ac.<\/p>\n\n\n\n<p>Frais d&rsquo;achat : 572.000 \u20ac.<\/p>\n\n\n\n<p>Construction : 2.946.112 \u20ac.<\/p>\n\n\n\n<p>D\u00e9veloppement : 1.184.052 \u20ac.<\/p>\n\n\n\n<p>Commission de la ville : 36 300<\/p>\n\n\n\n<p>Le sc\u00e9nario mod\u00e9r\u00e9 suppose un \u00e9cart \u00e0 la hausse de 15 % du prix de la construction.<\/p>\n<\/div><\/div>\n\n\n\n<div style=\"height:20px\" aria-hidden=\"true\" class=\"wp-block-spacer\"><\/div>\n\n\n\n<div class=\"wp-block-group is-style-border-radius has-gris-muy-claro-background-color has-background\"><div class=\"wp-block-group__inner-container is-layout-constrained wp-block-group-is-layout-constrained\">\n<h2 class=\"wp-block-heading\"><strong>D\u00e9favorable<\/strong><\/h2>\n\n\n\n<p>Recettes estim\u00e9es\u207d\u00b9\u207e : 4.507.408 \u20ac.<\/p>\n\n\n\n<p>Co\u00fbts estim\u00e9s\u207d\u00b2\u207e : 4.605.490 \u20ac.<\/p>\n\n\n\n<p>Frais d&rsquo;achat : 572.000 \u20ac.<\/p>\n\n\n\n<p>Construction : 2.946.112 \u20ac.<\/p>\n\n\n\n<p>D\u00e9veloppement : 1.051.078 \u20ac.<\/p>\n\n\n\n<p>Commission de la ville : 36 300<\/p>\n\n\n\n<p>Le sc\u00e9nario d\u00e9favorable suppose une d\u00e9viation \u00e0 la hausse de 15 % du prix de construction et une diminution de 12 % des prix de vente.<\/p>\n<\/div><\/div>\n\n\n\n<p>(1) Revenu estim\u00e9 d\u00e9fini par le promoteur \u00e0 partir de la vente du projet achev\u00e9. Le prix de vente du projet a \u00e9t\u00e9 v\u00e9rifi\u00e9 par un rapport d&rsquo;\u00e9valuation r\u00e9alis\u00e9 par une soci\u00e9t\u00e9 d&rsquo;\u00e9valuation conform\u00e9ment \u00e0 l&rsquo;ordre ECO\/805\/2003 du 27 mars, sur les r\u00e8gles d&rsquo;\u00e9valuation des biens immobiliers et de certains droits \u00e0 certaines fins financi\u00e8res.<\/p>\n\n\n\n<p>(2) Estimation des co\u00fbts : les co\u00fbts totaux n\u00e9cessaires au d\u00e9veloppement de l&rsquo;opportunit\u00e9, les ressources \u00e9conomiques n\u00e9cessaires pour achever la construction du projet et les ressources \u00e9conomiques n\u00e9cessaires au d\u00e9veloppement de la promotion non associ\u00e9e \u00e0 la construction, telles que les commissions de vente, la promotion du d\u00e9veloppeur, le financement bancaire, les taxes, etc.<\/p>\n","protected":false},"featured_media":1725,"template":"","class_list":["post-5771","oportunidades","type-oportunidades","status-publish","has-post-thumbnail","hentry"],"acf":[],"_links":{"self":[{"href":"https:\/\/www.wecity.com\/fr\/wp-json\/wp\/v2\/oportunidades\/5771","targetHints":{"allow":["GET"]}}],"collection":[{"href":"https:\/\/www.wecity.com\/fr\/wp-json\/wp\/v2\/oportunidades"}],"about":[{"href":"https:\/\/www.wecity.com\/fr\/wp-json\/wp\/v2\/types\/oportunidades"}],"wp:featuredmedia":[{"embeddable":true,"href":"https:\/\/www.wecity.com\/fr\/wp-json\/wp\/v2\/media\/1725"}],"wp:attachment":[{"href":"https:\/\/www.wecity.com\/fr\/wp-json\/wp\/v2\/media?parent=5771"}],"curies":[{"name":"wp","href":"https:\/\/api.w.org\/{rel}","templated":true}]}}