{"id":20545,"date":"2025-08-01T11:55:41","date_gmt":"2025-08-01T09:55:41","guid":{"rendered":"https:\/\/www.wecity.com\/oportunidades\/alentejo-sines-2\/"},"modified":"2025-08-11T14:29:47","modified_gmt":"2025-08-11T12:29:47","slug":"alentejo-sines-2","status":"publish","type":"oportunidades","link":"https:\/\/www.wecity.com\/fr\/opportunites\/alentejo-sines-2\/","title":{"rendered":"Alentejo-Sines"},"content":{"rendered":"\n<p>WECITY respecte les dispositions du r\u00e8glement (UE) 2020\/1503 du Parlement europ\u00e9en et du Conseil du 7 octobre 2020 relatif aux prestataires europ\u00e9ens de services de financement participatif aux entreprises et le titre V de la loi 5\/2015 relative \u00e0 la promotion du financement des entreprises, modifi\u00e9e par la loi 18\/2022 du 28 septembre relative \u00e0 la cr\u00e9ation et \u00e0 la croissance des entreprises. Il est autoris\u00e9 par la <strong>CNMV<\/strong> en tant que prestataire de services de financement participatif, enregistr\u00e9 sous le num\u00e9ro 9, avec une proposition favorable de la <strong>Banque d&rsquo;Espagne<\/strong>. <\/p>\n\n\n\n<p>Investisseur, avant d&rsquo;effectuer votre investissement, veuillez lire les <a href=\"https:\/\/www.wecity.com\/fr\/information-pour-linvestisseur\/\" target=\"_blank\" rel=\"noreferrer noopener\">informations de base pour le client investisseur<\/a>, ainsi que le <a href=\"https:\/\/www.wecity.com\/fr\/information-pour-linvestisseur\/#periodo_reflexi%C3%B3n\">d\u00e9lai de r\u00e9flexion pr\u00e9contractuel pour les investisseurs inexp\u00e9riment\u00e9s <\/a>.  <\/p>\n\n\n\n<p><strong>La peau du jeu<\/strong>:  <em>\u00a0\u00bb Conform\u00e9ment \u00e0 l&rsquo;article 8.2 du r\u00e8glement (UE) 2020\/1503 du Parlement europ\u00e9en et du Conseil du 7 octobre 2020 relatif aux fournisseurs europ\u00e9ens de financement participatif, nous vous informons que les <a href=\"https:\/\/www.wecity.com\/fr\/equipo\/\" target=\"_blank\" rel=\"noreferrer noopener\">associ\u00e9s, dirigeants et salari\u00e9s de wecity<\/a> peuvent investir dans cette opportunit\u00e9. Ces investissements seront r\u00e9alis\u00e9s dans les m\u00eames conditions que les autres investisseurs, sans traitement pr\u00e9f\u00e9rentiel ni acc\u00e8s privil\u00e9gi\u00e9 \u00e0 l&rsquo;information. \u00a0\u00bb <\/em><\/p>\n\n\n\n<h2 class=\"wp-block-heading\">L&rsquo;investissement<\/h2>\n\n\n\n<div class=\"wp-block-group is-style-border-radius has-background\" style=\"background-color:#f5f7f6\"><div class=\"wp-block-group__inner-container is-layout-constrained wp-block-group-is-layout-constrained\">\n<ul class=\"wp-block-list\">\n<li><strong>Objet du pr\u00eat :<\/strong> financer les co\u00fbts d&rsquo;acquisition et de d\u00e9veloppement.<\/li>\n\n\n\n<li><strong>Garantie : Hypoth\u00e8que du 1er degr\u00e9 <\/strong>(Sines)\n<ul class=\"wp-block-list\">\n<li>\u00c9valuation actuelle (RICS) : 5.323.900 \u20ac<\/li>\n<\/ul>\n<\/li>\n\n\n\n<li><strong>Garantie : hypoth\u00e8que de 1er degr\u00e9<\/strong> (Comporta)\n<ul class=\"wp-block-list\">\n<li>\u00c9valuation actuelle (RICS) : 3.091.600 \u20ac<\/li>\n<\/ul>\n<\/li>\n\n\n\n<li><strong>LTVs<\/strong>\n<ul class=\"wp-block-list\">\n<li>LTV actuel Grade: 19,01%<\/li>\n\n\n\n<li>LTV actuel phase I et II : 35,64%<\/li>\n<\/ul>\n<\/li>\n\n\n\n<li><strong>D\u00e9lai :<\/strong> 9 mois (+3 mois de prolongation possible)<\/li>\n\n\n\n<li><strong>Obligatoire : <\/strong>4 mois<\/li>\n\n\n\n<li><strong>Taux d&rsquo;int\u00e9r\u00eat :<\/strong> 12% par an<\/li>\n\n\n\n<li><strong>Rendement total estim\u00e9 :<\/strong> 9%<\/li>\n\n\n\n<li><strong>Paiements d&rsquo;int\u00e9r\u00eats :<\/strong> \u00e0 l&rsquo;\u00e9ch\u00e9ance<\/li>\n\n\n\n<li><strong>Contributions :<\/strong><ul><li><strong>Promoteur :<\/strong> 1.135.000,00 \u20ac<\/li><\/ul>\n<ul class=\"wp-block-list\">\n<li><strong>Pr\u00eat Wecity<\/strong> (phase I) : 1.600.000,00\u20ac<\/li>\n<\/ul>\n<\/li>\n\n\n\n<li><strong>Investissement minimum :<\/strong> 500 \u20ac<\/li>\n<\/ul>\n<\/div><\/div>\n\n\n\n<p>Le promoteur <strong>SOCCAL E VAZ INVEST, LDA<\/strong> demande un pr\u00eat hypoth\u00e9caire \u00e0 wecity pour financer l&rsquo;acquisition d&rsquo;un terrain et les travaux d&rsquo;urbanisation sur le site.<\/p>\n\n\n\n<p>Le site est situ\u00e9 \u00e0 Courela da Cruz (lot 7), <strong>Sines<\/strong>, et sera utilis\u00e9 pour le d\u00e9veloppement de <strong>100 logements<\/strong>. Le co\u00fbt total de l&rsquo;acquisition du terrain est de 2 450 000 euros. <\/p>\n\n\n\n<p>Le montant du pr\u00eat demand\u00e9 \u00e0 wecity peut atteindre un maximum de 3.000.000 qui sera distribu\u00e9 en deux phases.  <\/p>\n\n\n\n<p>La phase I du pr\u00eat s&rsquo;\u00e9l\u00e8vera \u00e0 1 600 000 euros, qui, avec les 1 135 000 euros fournis par le promoteur, serviront \u00e0 financer les co\u00fbts d&rsquo;achat et d&rsquo;acquisition du site.<\/p>\n\n\n\n<p>Dans la phase II du pr\u00eat, le promoteur pourra activer jusqu&rsquo;\u00e0 1 400 000 euros suppl\u00e9mentaires pour r\u00e9aliser les travaux d&rsquo;urbanisation sur le terrain en m\u00eame temps que la commercialisation des logements.<\/p>\n\n\n\n<p>Le pr\u00eat de Wecity sera garanti par une <strong>hypoth\u00e8que de premier rang <\/strong>sur le terrain, dont l&rsquo;\u00e9valuation actuelle est de 5 323 900 euros, ainsi que <strong>par une hypoth\u00e8que de premier rang suppl\u00e9mentaire <\/strong>sur une villa en vente \u00e0 Santa Margarida Serra (Comporta), d&rsquo;une valeur de 3 091 600 euros.<\/p>\n\n\n\n<p>Le remboursement du pr\u00eat \u00e0 Wecity devrait \u00eatre r\u00e9alis\u00e9 gr\u00e2ce \u00e0 la pr\u00e9vente des maisons du projet ou \u00e0 la vente de la villa \u00e0 Comporta.<\/p>\n\n\n\n<p>Par le biais de wecity, vous pouvez participer \u00e0 une op\u00e9ration de <strong>pr\u00eat \u00e0 taux fixe<\/strong> avec un <strong>taux d&rsquo;int\u00e9r\u00eat annuel de 12% pour une dur\u00e9e estim\u00e9e de 9 mois<\/strong> (4 mois de mise en conformit\u00e9 obligatoire) avec la possibilit\u00e9 de prolonger de 3 mois suppl\u00e9mentaires sur<strong> <\/strong>.<\/p>\n\n\n\n<p>Le paiement des int\u00e9r\u00eats et le remboursement du capital investi seront effectu\u00e9s<strong> \u00e0 l&rsquo;\u00e9ch\u00e9ance<\/strong>.<\/p>\n\n\n\n<h2 class=\"wp-block-heading\">Le projet<\/h2>\n\n\n\n<figure class=\"wp-block-image size-large is-resized\"><img decoding=\"async\" width=\"1024\" height=\"606\" src=\"https:\/\/www.wecity.com\/wp-content\/uploads\/2025\/08\/wecity_imag_inversion_Alentejo-Sines-1-2-1024x606.jpg\" alt=\"\" class=\"wp-image-20521\" style=\"width:861px;height:undefinedpx\" srcset=\"https:\/\/www.wecity.com\/wp-content\/uploads\/2025\/08\/wecity_imag_inversion_Alentejo-Sines-1-2-1024x606.jpg 1024w, https:\/\/www.wecity.com\/wp-content\/uploads\/2025\/08\/wecity_imag_inversion_Alentejo-Sines-1-2-300x178.jpg 300w, https:\/\/www.wecity.com\/wp-content\/uploads\/2025\/08\/wecity_imag_inversion_Alentejo-Sines-1-2-768x455.jpg 768w, https:\/\/www.wecity.com\/wp-content\/uploads\/2025\/08\/wecity_imag_inversion_Alentejo-Sines-1-2-1536x909.jpg 1536w, https:\/\/www.wecity.com\/wp-content\/uploads\/2025\/08\/wecity_imag_inversion_Alentejo-Sines-1-2.jpg 1716w\" sizes=\"(max-width: 1024px) 100vw, 1024px\" \/><\/figure>\n\n\n\n<figure class=\"wp-block-image size-large is-resized\"><img decoding=\"async\" width=\"1024\" height=\"606\" src=\"https:\/\/www.wecity.com\/wp-content\/uploads\/2025\/08\/wecity_imag_inversion_Alentejo-Sines-2-2-1024x606.jpg\" alt=\"\" class=\"wp-image-20525\" style=\"width:861px;height:undefinedpx\" srcset=\"https:\/\/www.wecity.com\/wp-content\/uploads\/2025\/08\/wecity_imag_inversion_Alentejo-Sines-2-2-1024x606.jpg 1024w, https:\/\/www.wecity.com\/wp-content\/uploads\/2025\/08\/wecity_imag_inversion_Alentejo-Sines-2-2-300x178.jpg 300w, https:\/\/www.wecity.com\/wp-content\/uploads\/2025\/08\/wecity_imag_inversion_Alentejo-Sines-2-2-768x455.jpg 768w, https:\/\/www.wecity.com\/wp-content\/uploads\/2025\/08\/wecity_imag_inversion_Alentejo-Sines-2-2-1536x909.jpg 1536w, https:\/\/www.wecity.com\/wp-content\/uploads\/2025\/08\/wecity_imag_inversion_Alentejo-Sines-2-2.jpg 1716w\" sizes=\"(max-width: 1024px) 100vw, 1024px\" \/><\/figure>\n\n\n\n<figure class=\"wp-block-image size-large is-resized\"><img decoding=\"async\" width=\"1024\" height=\"606\" src=\"https:\/\/www.wecity.com\/wp-content\/uploads\/2025\/08\/wecity_imag_inversion_Alentejo-Sines-3-1-1024x606.jpg\" alt=\"\" class=\"wp-image-20529\" style=\"width:861px;height:undefinedpx\" srcset=\"https:\/\/www.wecity.com\/wp-content\/uploads\/2025\/08\/wecity_imag_inversion_Alentejo-Sines-3-1-1024x606.jpg 1024w, https:\/\/www.wecity.com\/wp-content\/uploads\/2025\/08\/wecity_imag_inversion_Alentejo-Sines-3-1-300x178.jpg 300w, https:\/\/www.wecity.com\/wp-content\/uploads\/2025\/08\/wecity_imag_inversion_Alentejo-Sines-3-1-768x455.jpg 768w, https:\/\/www.wecity.com\/wp-content\/uploads\/2025\/08\/wecity_imag_inversion_Alentejo-Sines-3-1-1536x909.jpg 1536w, https:\/\/www.wecity.com\/wp-content\/uploads\/2025\/08\/wecity_imag_inversion_Alentejo-Sines-3-1.jpg 1716w\" sizes=\"(max-width: 1024px) 100vw, 1024px\" \/><\/figure>\n\n\n\n<figure class=\"wp-block-image size-large is-resized\"><img decoding=\"async\" width=\"1024\" height=\"606\" src=\"https:\/\/www.wecity.com\/wp-content\/uploads\/2025\/08\/wecity_imag_inversion_Alentejo-Sines-4-1-1024x606.jpg\" alt=\"\" class=\"wp-image-20533\" style=\"width:861px;height:undefinedpx\" srcset=\"https:\/\/www.wecity.com\/wp-content\/uploads\/2025\/08\/wecity_imag_inversion_Alentejo-Sines-4-1-1024x606.jpg 1024w, https:\/\/www.wecity.com\/wp-content\/uploads\/2025\/08\/wecity_imag_inversion_Alentejo-Sines-4-1-300x178.jpg 300w, https:\/\/www.wecity.com\/wp-content\/uploads\/2025\/08\/wecity_imag_inversion_Alentejo-Sines-4-1-768x455.jpg 768w, https:\/\/www.wecity.com\/wp-content\/uploads\/2025\/08\/wecity_imag_inversion_Alentejo-Sines-4-1-1536x909.jpg 1536w, https:\/\/www.wecity.com\/wp-content\/uploads\/2025\/08\/wecity_imag_inversion_Alentejo-Sines-4-1.jpg 1716w\" sizes=\"(max-width: 1024px) 100vw, 1024px\" \/><\/figure>\n\n\n\n<h2 class=\"wp-block-heading\">Situation et environnement<\/h2>\n\n\n\n<iframe src=\"https:\/\/www.google.com\/maps\/embed?pb=!1m17!1m12!1m3!1d3145.9173829887004!2d-8.854271!3d37.955715!2m3!1f0!2f0!3f0!3m2!1i1024!2i768!4f13.1!3m2!1m1!2zMzfCsDU3JzIwLjYiTiA4wrA1MScxNS40Ilc!5e0!3m2!1ses!2ses!4v1754042459954!5m2!1ses!2ses\" width=\"800\" height=\"600\" style=\"border:0;\" allowfullscreen=\"\" loading=\"lazy\" referrerpolicy=\"no-referrer-when-downgrade\"><\/iframe>\n\n\n\n<p><strong>Sines<\/strong> est une ville c\u00f4ti\u00e8re du sud-ouest du <strong>Portugal<\/strong>, situ\u00e9e \u00e0 environ 150 km de Lisbonne, avec un important port industriel qui stimule sa croissance \u00e9conomique et son attractivit\u00e9 immobili\u00e8re. Dans les environs, vous trouverez des lieux d&rsquo;int\u00e9r\u00eat tels que la plage Vasco da Gama, le ch\u00e2teau de Sines et le centre historique, qui offrent des possibilit\u00e9s de loisirs, de patrimoine et de services. \u00c0 noter \u00e9galement le centre artistique de Sines et la proximit\u00e9 du parc naturel du sud-ouest de l&rsquo;Alentejo, qui apporte une valeur ajout\u00e9e aux r\u00e9sidents et aux projets touristiques.    <\/p>\n\n\n\n<h2 class=\"wp-block-heading\">Garantie hypoth\u00e9caire<\/h2>\n\n\n\n<p>Le pr\u00eat sera garanti par une hypoth\u00e8que de<sup>premier<\/sup> degr\u00e9 sur le bien, situ\u00e9 \u00e0 Courela da Cruz, lot 7<strong>(Sines<\/strong>).<\/p>\n\n\n\n<p>Conform\u00e9ment aux rapports d\u2019\u00e9valuation \u00e9tablis selon la norme RICS, la valeur actuelle de l\u2019actif situ\u00e9 \u00e0 Sines, avec une garantie hypoth\u00e9caire de premier rang, est de 5 323 900 \u20ac. La garantie suppl\u00e9mentaire, \u00e9galement de premier rang, portant sur la villa situ\u00e9e \u00e0 Comporta, pr\u00e9sente une \u00e9valuation de 3 091 600 \u20ac<\/p>\n\n\n\n<p>Le pr\u00eat \u00e0 accorder au promoteur pr\u00e9voit les param\u00e8tres suivants : un rapport pr\u00eat\/valeur (RPV) sur l&rsquo;\u00e9valuation actuelle dans la premi\u00e8re fourchette de <strong>19,01 %<\/strong>, et un rapport pr\u00eat\/valeur sur l&rsquo;\u00e9valuation actuelle si l&rsquo;on consid\u00e8re les premi\u00e8re et deuxi\u00e8me fourchettes de <strong>35,64 %<\/strong>.<\/p>\n\n\n\n<h2 class=\"wp-block-heading\">Agent de garantie<\/h2>\n\n\n\n<p>La cr\u00e9ation, la maintenance, la gestion, l&rsquo;administration et, le cas \u00e9ch\u00e9ant, l&rsquo;ex\u00e9cution du gage au nom des investisseurs de la wecity sont effectu\u00e9es par une entit\u00e9 externe.<\/p>\n\n\n\n<p>Dans ce cas, l&rsquo;agent de garantie d\u00e9sign\u00e9 sera celui indiqu\u00e9 dans le contrat de pr\u00eat.  <\/p>\n\n\n\n<div style=\"height:16px\" aria-hidden=\"true\" class=\"wp-block-spacer\"><\/div>\n\n\n\n<h2 class=\"wp-block-heading\" style=\"font-size:24px\">Evaluation<\/h2>\n\n\n\n<p>wecity, en tant que fournisseur de services de crowdfunding et conform\u00e9ment au r\u00e8glement d\u00e9l\u00e9gu\u00e9 (UE) 2024\/358 compl\u00e9tant le r\u00e8glement (UE) 2020\/1503 du Parlement europ\u00e9en et du Conseil, fournit une <a href=\"https:\/\/www.wecity.com\/fr\/modele-devaluation-des-risques\/\" target=\"_blank\" rel=\"noreferrer noopener\">description de la m\u00e9thode de notation de cr\u00e9dit<\/a><br> des projets utilis\u00e9s pour calculer les notations. Si le calcul est fond\u00e9 sur des comptes non audit\u00e9s, cela doit \u00eatre clairement indiqu\u00e9 dans la description de la m\u00e9thode. <\/p>\n\n\n\n<h2 class=\"wp-block-heading\" style=\"font-size:24px\">Contr\u00f4le<\/h2>\n\n\n\n<p>Le promoteur devra justifier l&rsquo;utilisation des fonds dans chacune des demandes. L&rsquo;utilisation des fonds par le promoteur sera contr\u00f4l\u00e9e par une soci\u00e9t\u00e9 externe \u00e0 wecity.   <\/p>\n\n\n\n<p><\/p>\n","protected":false},"featured_media":20491,"template":"","class_list":["post-20545","oportunidades","type-oportunidades","status-publish","has-post-thumbnail","hentry"],"acf":[],"_links":{"self":[{"href":"https:\/\/www.wecity.com\/fr\/wp-json\/wp\/v2\/oportunidades\/20545","targetHints":{"allow":["GET"]}}],"collection":[{"href":"https:\/\/www.wecity.com\/fr\/wp-json\/wp\/v2\/oportunidades"}],"about":[{"href":"https:\/\/www.wecity.com\/fr\/wp-json\/wp\/v2\/types\/oportunidades"}],"wp:featuredmedia":[{"embeddable":true,"href":"https:\/\/www.wecity.com\/fr\/wp-json\/wp\/v2\/media\/20491"}],"wp:attachment":[{"href":"https:\/\/www.wecity.com\/fr\/wp-json\/wp\/v2\/media?parent=20545"}],"curies":[{"name":"wp","href":"https:\/\/api.w.org\/{rel}","templated":true}]}}