{"id":19154,"date":"2025-05-12T18:08:25","date_gmt":"2025-05-12T16:08:25","guid":{"rendered":"https:\/\/www.wecity.com\/oportunidades\/barcelone-premia-de-dalt-ii\/"},"modified":"2025-05-13T18:19:09","modified_gmt":"2025-05-13T16:19:09","slug":"barcelone-premia-de-dalt-ii","status":"publish","type":"oportunidades","link":"https:\/\/www.wecity.com\/fr\/opportunites\/barcelone-premia-de-dalt-ii\/","title":{"rendered":"Barcelona-Premi\u00e0 de Dalt II"},"content":{"rendered":"\n<p>WECITY respecte les dispositions du r\u00e8glement (UE) 2020\/1503 du Parlement europ\u00e9en et du Conseil du 7 octobre 2020 relatif aux prestataires europ\u00e9ens de services de financement participatif aux entreprises et le titre V de la loi 5\/2015 relative \u00e0 la promotion du financement des entreprises, modifi\u00e9e par la loi 18\/2022 du 28 septembre relative \u00e0 la cr\u00e9ation et \u00e0 la croissance des entreprises. Il est autoris\u00e9 par la <strong>CNMV<\/strong> en tant que prestataire de services de financement participatif, enregistr\u00e9 sous le num\u00e9ro 9, avec une proposition favorable de la <strong>Banque d&rsquo;Espagne<\/strong>. <\/p>\n\n\n\n<p>Investisseur, avant d&rsquo;effectuer votre investissement, veuillez lire les <a href=\"https:\/\/www.wecity.com\/fr\/information-pour-linvestisseur\/\" target=\"_blank\" rel=\"noreferrer noopener\">informations de base pour le client investisseur<\/a>, ainsi que le <a href=\"https:\/\/www.wecity.com\/fr\/information-pour-linvestisseur\/#periodo_reflexi%C3%B3n\">d\u00e9lai de r\u00e9flexion pr\u00e9contractuel pour les investisseurs inexp\u00e9riment\u00e9s <\/a>.  <\/p>\n\n\n\n<p><strong>La peau du jeu<\/strong>:  <em>\u00a0\u00bb Conform\u00e9ment \u00e0 l&rsquo;article 8.2 du r\u00e8glement (UE) 2020\/1503 du Parlement europ\u00e9en et du Conseil du 7 octobre 2020 relatif aux apporteurs europ\u00e9ens de financement participatif, nous informons que les <a href=\"https:\/\/www.wecity.com\/fr\/equipo\/\" target=\"_blank\" rel=\"noreferrer noopener\">associ\u00e9s, dirigeants et salari\u00e9s de wecity<\/a> peuvent investir dans cette opportunit\u00e9. Ces investissements seront r\u00e9alis\u00e9s dans les m\u00eames conditions que les autres investisseurs, sans traitement pr\u00e9f\u00e9rentiel ni acc\u00e8s privil\u00e9gi\u00e9 \u00e0 l&rsquo;information. \u00a0\u00bb <\/em><\/p>\n\n\n\n<h2 class=\"wp-block-heading\">L&rsquo;investissement<\/h2>\n\n\n\n<div class=\"wp-block-group is-style-border-radius has-background\" style=\"background-color:#f5f7f6\"><div class=\"wp-block-group__inner-container is-layout-constrained wp-block-group-is-layout-constrained\">\n<ul class=\"wp-block-list\">\n<li><strong>Objet du pr\u00eat :<\/strong> financement de la construction d&rsquo;une villa de luxe \u00e0 Cam\u00ed a Premi\u00e0 de Dalt 90, Tei\u00e0, Barcelone.<\/li>\n\n\n\n<li><strong>Garantie :<\/strong> hypoth\u00e8que de<sup>1er <\/sup>degr\u00e9<\/li>\n\n\n\n<li><strong>D\u00e9lai :<\/strong> 8 mois (+6 mois de prolongation possible)<\/li>\n\n\n\n<li><strong>Obligatoire : <\/strong>6 mois.<\/li>\n\n\n\n<li><strong>Taux d&rsquo;int\u00e9r\u00eat :<\/strong> 11 % par an<\/li>\n\n\n\n<li><strong>Rendement total estim\u00e9 :<\/strong> 7,33 %<\/li>\n\n\n\n<li><strong>Paiements d&rsquo;int\u00e9r\u00eats :<\/strong> \u00e0 l&rsquo;\u00e9ch\u00e9ance<\/li>\n\n\n\n<li><strong>\u00c9valuation ECO <\/strong>(actuelle)<strong>:<\/strong> 1.128.910,79 \u20ac 1.128.910,79 \u20ac 1.128.910,79 \u20ac | LTV actuel : 110,73%<\/li>\n\n\n\n<li><strong><strong>Evaluation<\/strong> ECO <\/strong>(HET)<strong>:<\/strong> 4.114.475,31 \u20ac | LTV HET : 48,61%<\/li>\n\n\n\n<li><strong>LTV 1\u00e8re cession : <\/strong>70%<\/li>\n\n\n\n<li><strong>Rating : <\/strong><a href=\"https:\/\/www.wecity.com\/fr\/modele-devaluation-des-risques\/\" target=\"_blank\" rel=\"noreferrer noopener\">AA<\/a><\/li>\n\n\n\n<li><strong>Contributions :<\/strong><ul><li><strong>Promoteur : <\/strong>794.592,99\u20ac<\/li><\/ul>\n<ul class=\"wp-block-list\">\n<li><strong>Pr\u00eat pour la phase II de Wecity :<\/strong> 500 000 \u20ac<\/li>\n<\/ul>\n<\/li>\n\n\n\n<li><strong>Investissement minimum :<\/strong> 500 \u20ac<\/li>\n\n\n\n<li><strong>Investissement maximal :<\/strong> 500 \u20ac pour la premi\u00e8re demi-heure.<\/li>\n<\/ul>\n<\/div><\/div>\n\n\n\n<p>Le promoteur <strong>Prosperity Grounds, S.L, <\/strong>demande un financement par le biais de <strong>wecity<\/strong> pour couvrir les co\u00fbts de construction d&rsquo;une villa de luxe \u00e0 <strong>Cam\u00ed a Premi\u00e0 de Dalt, Tei\u00e0, Barcelone.<\/strong><\/p>\n\n\n\n<p>Le projet <strong>dispose<\/strong> d&rsquo;un <strong>permis de construire<\/strong>. La propri\u00e9t\u00e9 a une superficie de 800<sup>m2 sur laquelle <\/sup>une maison de 588,15<sup>m2<\/sup> sera d\u00e9velopp\u00e9e. La villa aura 5 chambres \u00e0 coucher, un jardin et une piscine priv\u00e9e, ainsi que des vues spectaculaires sur la mer, et une construction avec des mat\u00e9riaux de premi\u00e8re qualit\u00e9. La propri\u00e9t\u00e9 est actuellement en cours de commercialisation et le prix demand\u00e9 est de 4.200.000 \u20ac.   <\/p>\n\n\n\n<p>Ce pr\u00eat correspond \u00e0 la phase II d&rsquo;un pr\u00eat total de 2 000 000 \u20ac, la phase I (750 000 \u20ac) ayant d\u00e9j\u00e0 \u00e9t\u00e9 financ\u00e9e avec succ\u00e8s.<\/p>\n\n\n\n<p>Le montant du pr\u00eat de <strong>la phase II<\/strong> sera de 500 000 euros \u00e0 taux fixe et sera garanti par une hypoth\u00e8que <strong>de<sup>premier<\/sup> <sup>rang1<\/sup>.<\/strong><\/p>\n\n\n\n<p>\u00c0 ce jour, le promoteur a apport\u00e9 ses propres fonds \u00e0 hauteur de <strong>794 592,99 \u20ac<\/strong> (51,44 %) pour couvrir le co\u00fbt de l&rsquo;acquisition du terrain et les frais techniques pour le d\u00e9but de la construction.  <\/p>\n\n\n\n<p><strong>Tailor&amp;Bau<\/strong> est le promoteur d\u00e9l\u00e9gu\u00e9 du projet, et la soci\u00e9t\u00e9 de d\u00e9veloppement est Prosperity Grounds, S.L.<\/p>\n\n\n\n<p>Par le biais de wecity, vous pouvez participer \u00e0 une op\u00e9ration de <strong>pr\u00eat \u00e0 taux fixe<\/strong> avec un <strong>taux d&rsquo;int\u00e9r\u00eat annuel de 11% pour une dur\u00e9e estim\u00e9e \u00e0 8 mois<\/strong> (6 mois obligatoires) avec la possibilit\u00e9 de prolonger de 6 mois suppl\u00e9mentaires<strong> <\/strong>.<\/p>\n\n\n\n<p>Les paiements d&rsquo;int\u00e9r\u00eats et le remboursement du capital investi seront effectu\u00e9s<strong> \u00e0 l&rsquo;\u00e9ch\u00e9ance<\/strong>.<\/p>\n\n\n\n<h2 class=\"wp-block-heading\">Le projet<\/h2>\n\n\n\n<figure class=\"wp-block-image size-large is-resized\"><img decoding=\"async\" width=\"1024\" height=\"606\" src=\"https:\/\/www.wecity.com\/wp-content\/uploads\/2024\/10\/wecity_imag_inversion_Barcelona-Premia-de-Dalt_00-1024x606.jpg\" alt=\"\" class=\"wp-image-16267\" style=\"width:861px;height:undefinedpx\" srcset=\"https:\/\/www.wecity.com\/wp-content\/uploads\/2024\/10\/wecity_imag_inversion_Barcelona-Premia-de-Dalt_00-1024x606.jpg 1024w, https:\/\/www.wecity.com\/wp-content\/uploads\/2024\/10\/wecity_imag_inversion_Barcelona-Premia-de-Dalt_00-300x178.jpg 300w, https:\/\/www.wecity.com\/wp-content\/uploads\/2024\/10\/wecity_imag_inversion_Barcelona-Premia-de-Dalt_00-768x455.jpg 768w, https:\/\/www.wecity.com\/wp-content\/uploads\/2024\/10\/wecity_imag_inversion_Barcelona-Premia-de-Dalt_00-1536x909.jpg 1536w, https:\/\/www.wecity.com\/wp-content\/uploads\/2024\/10\/wecity_imag_inversion_Barcelona-Premia-de-Dalt_00.jpg 1716w\" sizes=\"(max-width: 1024px) 100vw, 1024px\" \/><\/figure>\n\n\n\n<figure class=\"wp-block-image size-large is-resized\"><img decoding=\"async\" width=\"1024\" height=\"606\" src=\"https:\/\/www.wecity.com\/wp-content\/uploads\/2024\/10\/wecity_imag_inversion_Barcelona-Premia-de-Dalt_01-1024x606.jpg\" alt=\"\" class=\"wp-image-16271\" style=\"width:861px;height:undefinedpx\" srcset=\"https:\/\/www.wecity.com\/wp-content\/uploads\/2024\/10\/wecity_imag_inversion_Barcelona-Premia-de-Dalt_01-1024x606.jpg 1024w, https:\/\/www.wecity.com\/wp-content\/uploads\/2024\/10\/wecity_imag_inversion_Barcelona-Premia-de-Dalt_01-300x178.jpg 300w, https:\/\/www.wecity.com\/wp-content\/uploads\/2024\/10\/wecity_imag_inversion_Barcelona-Premia-de-Dalt_01-768x455.jpg 768w, https:\/\/www.wecity.com\/wp-content\/uploads\/2024\/10\/wecity_imag_inversion_Barcelona-Premia-de-Dalt_01-1536x909.jpg 1536w, https:\/\/www.wecity.com\/wp-content\/uploads\/2024\/10\/wecity_imag_inversion_Barcelona-Premia-de-Dalt_01.jpg 1716w\" sizes=\"(max-width: 1024px) 100vw, 1024px\" \/><\/figure>\n\n\n\n<figure class=\"wp-block-image size-large is-resized\"><img decoding=\"async\" width=\"1024\" height=\"606\" src=\"https:\/\/www.wecity.com\/wp-content\/uploads\/2024\/10\/wecity_imag_inversion_Barcelona-Premia-de-Dalt_02-1024x606.jpg\" alt=\"\" class=\"wp-image-16275\" style=\"width:861px;height:undefinedpx\" srcset=\"https:\/\/www.wecity.com\/wp-content\/uploads\/2024\/10\/wecity_imag_inversion_Barcelona-Premia-de-Dalt_02-1024x606.jpg 1024w, https:\/\/www.wecity.com\/wp-content\/uploads\/2024\/10\/wecity_imag_inversion_Barcelona-Premia-de-Dalt_02-300x178.jpg 300w, https:\/\/www.wecity.com\/wp-content\/uploads\/2024\/10\/wecity_imag_inversion_Barcelona-Premia-de-Dalt_02-768x455.jpg 768w, https:\/\/www.wecity.com\/wp-content\/uploads\/2024\/10\/wecity_imag_inversion_Barcelona-Premia-de-Dalt_02-1536x909.jpg 1536w, https:\/\/www.wecity.com\/wp-content\/uploads\/2024\/10\/wecity_imag_inversion_Barcelona-Premia-de-Dalt_02.jpg 1716w\" sizes=\"(max-width: 1024px) 100vw, 1024px\" \/><\/figure>\n\n\n\n<figure class=\"wp-block-image size-large is-resized\"><img decoding=\"async\" width=\"1024\" height=\"606\" src=\"https:\/\/www.wecity.com\/wp-content\/uploads\/2024\/10\/wecity_imag_inversion_Barcelona-Premia-de-Dalt_03-1024x606.png\" alt=\"\" class=\"wp-image-16279\" style=\"width:861px;height:undefinedpx\" srcset=\"https:\/\/www.wecity.com\/wp-content\/uploads\/2024\/10\/wecity_imag_inversion_Barcelona-Premia-de-Dalt_03-1024x606.png 1024w, https:\/\/www.wecity.com\/wp-content\/uploads\/2024\/10\/wecity_imag_inversion_Barcelona-Premia-de-Dalt_03-300x178.png 300w, https:\/\/www.wecity.com\/wp-content\/uploads\/2024\/10\/wecity_imag_inversion_Barcelona-Premia-de-Dalt_03-768x455.png 768w, https:\/\/www.wecity.com\/wp-content\/uploads\/2024\/10\/wecity_imag_inversion_Barcelona-Premia-de-Dalt_03-1536x909.png 1536w, https:\/\/www.wecity.com\/wp-content\/uploads\/2024\/10\/wecity_imag_inversion_Barcelona-Premia-de-Dalt_03.png 1716w\" sizes=\"(max-width: 1024px) 100vw, 1024px\" \/><\/figure>\n\n\n\n<h2 class=\"wp-block-heading\">Situation et environnement<\/h2>\n\n\n\n<iframe src=\"https:\/\/www.google.com\/maps\/embed?pb=!1m18!1m12!1m3!1d2758.7531502227225!2d2.329766411175367!3d41.49723158905558!2m3!1f0!2f0!3f0!3m2!1i1024!2i768!4f13.1!3m3!1m2!1s0x12a4b0d2af2cabed%3A0x8cbfffcbdb6ff2ba!2sCarrer%20Cam%C3%AD%20a%20Premi%C3%A0%20de%20Dalt%2C%2090%2C%2008329%20Tei%C3%A0%2C%20Barcelona!5e1!3m2!1ses!2ses!4v1728382750166!5m2!1ses!2ses\" width=\"800\" height=\"600\" style=\"border:0;\" allowfullscreen=\"\" loading=\"lazy\" referrerpolicy=\"no-referrer-when-downgrade\"><\/iframe>\n\n\n\n<p><strong>Tei\u00e0<\/strong> est le quartier r\u00e9sidentiel le plus exclusif de la c\u00f4te de <strong>Barcelone<\/strong>, situ\u00e9 dans la r\u00e9gion du Maresme, en Catalogne, le long de la c\u00f4te m\u00e9diterran\u00e9enne. Ce charmant village est connu pour son atmosph\u00e8re paisible et sa riche histoire, bien que son d\u00e9veloppement moderne soit fortement li\u00e9 \u00e0 l&rsquo;activit\u00e9 agricole et viticole.   <\/p>\n\n\n\n<p>Cette commune poss\u00e8de un <strong>centre historique <\/strong>attrayant <strong>et de nombreux sentiers naturels <\/strong>tr\u00e8s appr\u00e9ci\u00e9s des habitants et des visiteurs. Aujourd&rsquo;hui, c&rsquo;est une ville qui allie tradition et modernit\u00e9, avec une vie culturelle active et une offre croissante de services et de commerces.   <\/p>\n\n\n\n<p>La propri\u00e9t\u00e9 est situ\u00e9e au sommet du village, connu pour ses vues imprenables sur la colline et la mer. Tei\u00e0 est plus qu&rsquo;un lieu de vie, c&rsquo;est un havre o\u00f9 la nature et la tranquillit\u00e9 se rencontrent, offrant un cadre parfait pour ceux qui recherchent un \u00e9quilibre entre la vie moderne et la s\u00e9r\u00e9nit\u00e9 de l&rsquo;environnement naturel.   <\/p>\n\n\n\n<h2 class=\"wp-block-heading\">Garantie hypoth\u00e9caire<\/h2>\n\n\n\n<p>Le pr\u00eat sera garanti par une hypoth\u00e8que de<sup>premier<\/sup> degr\u00e9 sur l&rsquo;actif et le b\u00e2timent, situ\u00e9s \u00e0 Cam\u00ed a Premi\u00e0 de Dalt, Tei\u00e0, Barcelone.<\/p>\n\n\n\n<p>Selon le rapport d&rsquo;\u00e9valuation r\u00e9alis\u00e9 par la <strong>Sociedad de Tasaci\u00f3n<\/strong>, l&rsquo;\u00e9valuation actuelle s&rsquo;\u00e9l\u00e8ve \u00e0 1 128 910,79 \u20ac et l&rsquo;\u00e9valuation HET \u00e0 4 114 475,31 \u20ac. Le pr\u00eat \u00e0 accorder au promoteur est de 500 000 \u20ac, ce qui signifie un rapport pr\u00eat\/valeur (LTV) sur l&rsquo;\u00e9valuation actuelle de 110,73 %, un rapport pr\u00eat\/valeur (LTV) sur l&rsquo;hypoth\u00e8se de l&rsquo;immeuble achev\u00e9 (HET) de 48,61 % et un rapport pr\u00eat\/valeur (LTV) sur le premier pr\u00e9l\u00e8vement de 70 %. <br><\/p>\n\n\n\n<h2 class=\"wp-block-heading\">Agent de garantie<\/h2>\n\n\n\n<p>La cr\u00e9ation, la maintenance, la gestion, l&rsquo;administration et, le cas \u00e9ch\u00e9ant, l&rsquo;ex\u00e9cution du gage au nom des investisseurs de la wecity sont effectu\u00e9es par une entit\u00e9 externe.<\/p>\n\n\n\n<p>Dans ce cas, l&rsquo;agent de garantie d\u00e9sign\u00e9 sera celui indiqu\u00e9 dans le contrat de pr\u00eat.  <\/p>\n\n\n\n<div style=\"height:16px\" aria-hidden=\"true\" class=\"wp-block-spacer\"><\/div>\n\n\n\n<h2 class=\"wp-block-heading\" style=\"font-size:24px\">Evaluation<\/h2>\n\n\n\n<p>wecity, en tant que fournisseur de services de crowdfunding et conform\u00e9ment au r\u00e8glement d\u00e9l\u00e9gu\u00e9 (UE) 2024\/358 compl\u00e9tant le r\u00e8glement (UE) 2020\/1503 du Parlement europ\u00e9en et du Conseil, fournit une <a href=\"https:\/\/www.wecity.com\/fr\/modele-devaluation-des-risques\/\" target=\"_blank\" rel=\"noreferrer noopener\">description de la m\u00e9thode de notation de cr\u00e9dit<\/a><br> des projets utilis\u00e9s pour calculer les notations. Si le calcul est bas\u00e9 sur des comptes qui n&rsquo;ont pas \u00e9t\u00e9 audit\u00e9s, cela doit \u00eatre clairement indiqu\u00e9 dans la description de la m\u00e9thode. <\/p>\n\n\n\n<h2 class=\"wp-block-heading\" style=\"font-size:24px\">Contr\u00f4le<\/h2>\n\n\n\n<p>Le promoteur devra justifier l&rsquo;utilisation des fonds dans chacune des demandes. L&rsquo;utilisation des fonds par le promoteur sera contr\u00f4l\u00e9e par une soci\u00e9t\u00e9 externe \u00e0 wecity.   <\/p>\n\n\n\n<p style=\"font-size:24px\"><\/p>\n","protected":false},"featured_media":16262,"template":"","class_list":["post-19154","oportunidades","type-oportunidades","status-publish","has-post-thumbnail","hentry"],"acf":[],"_links":{"self":[{"href":"https:\/\/www.wecity.com\/fr\/wp-json\/wp\/v2\/oportunidades\/19154","targetHints":{"allow":["GET"]}}],"collection":[{"href":"https:\/\/www.wecity.com\/fr\/wp-json\/wp\/v2\/oportunidades"}],"about":[{"href":"https:\/\/www.wecity.com\/fr\/wp-json\/wp\/v2\/types\/oportunidades"}],"wp:featuredmedia":[{"embeddable":true,"href":"https:\/\/www.wecity.com\/fr\/wp-json\/wp\/v2\/media\/16262"}],"wp:attachment":[{"href":"https:\/\/www.wecity.com\/fr\/wp-json\/wp\/v2\/media?parent=19154"}],"curies":[{"name":"wp","href":"https:\/\/api.w.org\/{rel}","templated":true}]}}