{"id":16756,"date":"2024-10-15T11:03:22","date_gmt":"2024-10-15T09:03:22","guid":{"rendered":"https:\/\/www.wecity.com\/oportunidades\/marbella-los-naranjos\/"},"modified":"2025-03-13T17:38:07","modified_gmt":"2025-03-13T16:38:07","slug":"marbella-los-naranjos","status":"publish","type":"oportunidades","link":"https:\/\/www.wecity.com\/fr\/opportunites\/marbella-los-naranjos\/","title":{"rendered":"Marbella- Los Naranjos"},"content":{"rendered":"\n<p>WECITY respecte les dispositions du r\u00e8glement (UE) 2020\/1503 du Parlement europ\u00e9en et du Conseil du 7 octobre 2020 relatif aux prestataires europ\u00e9ens de services de financement participatif aux entreprises et le titre V de la loi 5\/2015 relative \u00e0 la promotion du financement des entreprises modifi\u00e9e par la loi 18\/2022 du 28 septembre relative \u00e0 la cr\u00e9ation et \u00e0 la croissance des entreprises. Elle est autoris\u00e9e par la <strong>CNMV<\/strong> en tant que prestataire de services de financement participatif, enregistr\u00e9e sous le num\u00e9ro 9, avec une proposition favorable de la <strong>Banque d&rsquo;Espagne<\/strong>.<\/p>\n\n\n\n<p>Investisseur, avant de r\u00e9aliser votre investissement, veuillez lire les <a href=\"https:\/\/www.wecity.com\/fr\/information-pour-linvestisseur\/\">informations de base pour le client investisseur<\/a>, ainsi que la <a href=\"https:\/\/www.wecity.com\/fr\/information-pour-linvestisseur\/#periodo_reflexi%C3%B3n\">p\u00e9riode de r\u00e9flexion pr\u00e9contractuelle pour les investisseurs inexp\u00e9riment\u00e9s.<\/a><\/p>\n\n\n\n<p><strong>Skin in the game<\/strong>: <em>\u00bb Conform\u00e9ment \u00e0 l&rsquo;article 8.2 du r\u00e8glement (UE) 2020\/1503 du Parlement europ\u00e9en et du Conseil du 7 octobre 2020 relatif aux fournisseurs europ\u00e9ens de financement participatif, nous vous informons par la pr\u00e9sente que les <\/em><a href=\"https:\/\/www.wecity.com\/fr\/equipo\/\"><em>partenaires, les dirigeants et les employ\u00e9s de wecity<\/em><\/a> <em>peuvent investir dans cette opportunit\u00e9 .<\/em> <em>Ces investissements seront r\u00e9alis\u00e9s dans les m\u00eames conditions que les autres investisseurs, sans traitement pr\u00e9f\u00e9rentiel ni acc\u00e8s privil\u00e9gi\u00e9 \u00e0 l&rsquo;information. \u00ab<\/em><\/p>\n\n\n\n<h2 class=\"wp-block-heading\">L&rsquo;investissement<\/h2>\n\n\n\n<div class=\"wp-block-group is-style-border-radius has-background\" style=\"background-color:#f5f7f6\"><div class=\"wp-block-group__inner-container is-layout-constrained wp-block-group-is-layout-constrained\">\n<ul class=\"wp-block-list\">\n<li><strong>Objet du pr\u00eat :<\/strong> Annulation d&rsquo;une dette hypoth\u00e9caire et paiement des co\u00fbts de construction pour le d\u00e9veloppement d&rsquo;une villa de luxe situ\u00e9e \u00e0 Calle Cefeo, 4, Los Naranjos (Marbella).<\/li>\n\n\n\n<li><strong>Type de pr\u00eat : <\/strong>Pr\u00eat \u00e0 taux fixe<\/li>\n\n\n\n<li><strong>Garantie :<\/strong> Hypoth\u00e8que de 1er degr\u00e9<\/li>\n\n\n\n<li><strong>Dur\u00e9e :<\/strong> 15 mois (+ 6 mois de prolongation possible)<\/li>\n\n\n\n<li><strong>Taux d&rsquo;int\u00e9r\u00eat :<\/strong> 11% p.a.<\/li>\n\n\n\n<li><strong>Paiement des int\u00e9r\u00eats :<\/strong> \u00e0 l&rsquo;\u00e9ch\u00e9ance<\/li>\n\n\n\n<li><strong>\u00c9valuation ECO <\/strong>(actuelle)<strong>:<\/strong> 1 252 512,12 \u20ac : <strong>LTV actuel : <\/strong>55,88 %.<\/li>\n\n\n\n<li><strong>\u00c9valuation ECO <\/strong>(HET)<strong>:<\/strong> \u20ac3,207,894.86 \u20ac | <strong>LTV HET :<\/strong> 52.99% Premier tirage<strong>:<\/strong> 384,598,598.86 \u20ac ( <strong>LTV<\/strong> actuel <strong>:<\/strong> 55.88%)<\/li>\n\n\n\n<li><strong>Premier pr\u00e9l\u00e8vement : <\/strong>384.598,87 \u20ac | LTV 1er pr\u00e9l\u00e8vement : 30,71%.<\/li>\n\n\n\n<li><strong>Apports :<\/strong>\n<ul class=\"wp-block-list\">\n<li><strong>Pr\u00eat Wecity phase I :<\/strong> 700.000 \u20ac.<\/li>\n\n\n\n<li><strong>Promoteur : <\/strong>647.538 \u20ac.<\/li>\n<\/ul>\n<\/li>\n\n\n\n<li><strong>Investissement minimum :<\/strong> 500 \u20ac.<\/li>\n\n\n\n<li><strong>Investissement maximum<\/strong>: Aucune limite d&rsquo;investissement<\/li>\n<\/ul>\n<\/div><\/div>\n\n\n\n<p>Le promoteur <strong>Grupo Marein 73, S.L<\/strong>, demande un financement par l&rsquo;interm\u00e9diaire de WECITY pour rembourser un pr\u00eat hypoth\u00e9caire d&rsquo;un montant de 211 146 euros et pour couvrir les co\u00fbts de construction d&rsquo;une villa de luxe situ\u00e9e \u00e0 Calle de Cefeo, 4, dans l&rsquo;urbanisation Los Naranjos, Marbella.<\/p>\n\n\n\n<p>Le terrain a une superficie de <strong>1 149<\/strong><sup><strong>m2<\/strong><\/sup> sur lequel sera construite une maison individuelle d&rsquo;une superficie de 454,70<sup>m2.<\/sup> Le projet dispose d&rsquo;un permis de construire pour le d\u00e9veloppement d&rsquo;une maison de 4 chambres \u00e0 coucher avec garage, piscine et grands espaces de jardin et de loisirs. Actuellement, la propri\u00e9t\u00e9 n&rsquo;a pas \u00e9t\u00e9 commercialis\u00e9e.<\/p>\n\n\n\n<p>Le projet sera financ\u00e9 par un<strong> pr\u00eat hypoth\u00e9caire de 700 000 euros \u00e0 taux fixe, qui sera garanti par une hypoth\u00e8que de premier degr\u00e9<\/strong>. Ce pr\u00eat correspondra \u00e0 la phase I d&rsquo;un pr\u00eat total qui peut s&rsquo;\u00e9lever \u00e0 un maximum de 1 700 000 euros en trois phases.<\/p>\n\n\n\n<p>\u00c0 ce jour, le promoteur a apport\u00e9 <strong>647 538 \u20ac<\/strong> (48,05 %) de ses propres fonds, qui ont \u00e9t\u00e9 utilis\u00e9s pour l&rsquo;acquisition du terrain, les frais techniques et juridiques et les honoraires.<\/p>\n\n\n\n<p>Il est pr\u00e9vu que le <strong>remboursement du pr\u00eat<\/strong> aux investisseurs de wecity ait lieu lors de la vente et de la livraison de la propri\u00e9t\u00e9 \u00e0 l&rsquo;acheteur final.<\/p>\n\n\n\n<h2 class=\"wp-block-heading\">Le projet<\/h2>\n\n\n\n<figure class=\"wp-block-image size-large is-resized\"><img decoding=\"async\" width=\"1024\" height=\"606\" src=\"https:\/\/www.wecity.com\/wp-content\/uploads\/2024\/10\/wecity_imag_inversion_Marbella-Los-Natanjos_02-1024x606.png\" alt=\"\" class=\"wp-image-16506\" style=\"width:861px;height:undefinedpx\" srcset=\"https:\/\/www.wecity.com\/wp-content\/uploads\/2024\/10\/wecity_imag_inversion_Marbella-Los-Natanjos_02-1024x606.png 1024w, https:\/\/www.wecity.com\/wp-content\/uploads\/2024\/10\/wecity_imag_inversion_Marbella-Los-Natanjos_02-300x178.png 300w, https:\/\/www.wecity.com\/wp-content\/uploads\/2024\/10\/wecity_imag_inversion_Marbella-Los-Natanjos_02-768x455.png 768w, https:\/\/www.wecity.com\/wp-content\/uploads\/2024\/10\/wecity_imag_inversion_Marbella-Los-Natanjos_02-1536x909.png 1536w, https:\/\/www.wecity.com\/wp-content\/uploads\/2024\/10\/wecity_imag_inversion_Marbella-Los-Natanjos_02.png 1716w\" sizes=\"(max-width: 1024px) 100vw, 1024px\" \/><\/figure>\n\n\n\n<figure class=\"wp-block-image size-large is-resized\"><img decoding=\"async\" width=\"1024\" height=\"606\" src=\"https:\/\/www.wecity.com\/wp-content\/uploads\/2024\/10\/wecity_imag_inversion_Marbella-Los-Natanjos_03-1024x606.png\" alt=\"\" class=\"wp-image-16510\" style=\"width:861px;height:undefinedpx\" srcset=\"https:\/\/www.wecity.com\/wp-content\/uploads\/2024\/10\/wecity_imag_inversion_Marbella-Los-Natanjos_03-1024x606.png 1024w, https:\/\/www.wecity.com\/wp-content\/uploads\/2024\/10\/wecity_imag_inversion_Marbella-Los-Natanjos_03-300x178.png 300w, https:\/\/www.wecity.com\/wp-content\/uploads\/2024\/10\/wecity_imag_inversion_Marbella-Los-Natanjos_03-768x455.png 768w, https:\/\/www.wecity.com\/wp-content\/uploads\/2024\/10\/wecity_imag_inversion_Marbella-Los-Natanjos_03-1536x909.png 1536w, https:\/\/www.wecity.com\/wp-content\/uploads\/2024\/10\/wecity_imag_inversion_Marbella-Los-Natanjos_03.png 1716w\" sizes=\"(max-width: 1024px) 100vw, 1024px\" \/><\/figure>\n\n\n\n<figure class=\"wp-block-image size-large is-resized\"><img decoding=\"async\" width=\"1024\" height=\"606\" src=\"https:\/\/www.wecity.com\/wp-content\/uploads\/2024\/10\/wecity_imag_inversion_Marbella-Los-Natanjos_01-1024x606.png\" alt=\"\" class=\"wp-image-16514\" style=\"width:861px;height:undefinedpx\" srcset=\"https:\/\/www.wecity.com\/wp-content\/uploads\/2024\/10\/wecity_imag_inversion_Marbella-Los-Natanjos_01-1024x606.png 1024w, https:\/\/www.wecity.com\/wp-content\/uploads\/2024\/10\/wecity_imag_inversion_Marbella-Los-Natanjos_01-300x178.png 300w, https:\/\/www.wecity.com\/wp-content\/uploads\/2024\/10\/wecity_imag_inversion_Marbella-Los-Natanjos_01-768x455.png 768w, https:\/\/www.wecity.com\/wp-content\/uploads\/2024\/10\/wecity_imag_inversion_Marbella-Los-Natanjos_01-1536x909.png 1536w, https:\/\/www.wecity.com\/wp-content\/uploads\/2024\/10\/wecity_imag_inversion_Marbella-Los-Natanjos_01.png 1716w\" sizes=\"(max-width: 1024px) 100vw, 1024px\" \/><\/figure>\n\n\n\n<h2 class=\"wp-block-heading\">Situation et environnement<\/h2>\n\n\n\n<iframe src=\"https:\/\/www.google.com\/maps\/embed?pb=!1m18!1m12!1m3!1d731.7441292386435!2d-4.985303730414914!3d36.51237107615488!2m3!1f0!2f0!3f0!3m2!1i1024!2i768!4f13.1!3m3!1m2!1s0xd72d5fa4a449105%3A0x9850c1726fd9201c!2sUrb.%20N%20Andaluc%C3%ADa%207f%2C%20134%2C%20Nueva%20Andaluc%C3%ADa%2C%2029660%20Marbella%2C%20M%C3%A1laga!5e1!3m2!1ses!2ses!4v1728984281543!5m2!1ses!2ses\" width=\"800\" height=\"600\" style=\"border:0;\" allowfullscreen=\"\" loading=\"lazy\" referrerpolicy=\"no-referrer-when-downgrade\"><\/iframe>\n\n\n\n<p>Le quartier de<strong> Los Naranjos<\/strong> \u00e0 <strong>Marbella<\/strong> est l&rsquo;un des plus exclusifs et des plus recherch\u00e9s de la Costa del Sol, id\u00e9al pour ceux qui recherchent des propri\u00e9t\u00e9s de luxe et la tranquillit\u00e9. Situ\u00e9 \u00e0 proximit\u00e9 du terrain de <strong>golf de Los Naranjos<\/strong>, ce quartier offre un environnement r\u00e9sidentiel paisible, entour\u00e9 par la nature et avec un acc\u00e8s rapide \u00e0 des services de premi\u00e8re classe.<\/p>\n\n\n\n<p>En outre, Los Naranjos est bien reli\u00e9 au centre de Marbella et au c\u00e9l\u00e8bre <strong>Puerto Ban\u00fas<\/strong>, avec une vie sociale intense, des boutiques haut de gamme et des restaurants de luxe. La combinaison de l&rsquo;intimit\u00e9, du luxe et de la proximit\u00e9 des commodit\u00e9s fait de ce quartier un excellent choix pour vivre et investir dans l&rsquo;immobilier.<\/p>\n\n\n\n<h2 class=\"wp-block-heading\">Garantie hypoth\u00e9caire et \u00e9valuation<\/h2>\n\n\n\n<p>Le pr\u00eat sera garanti par une hypoth\u00e8que de<sup>premier<\/sup> degr\u00e9 sur l&rsquo;actif situ\u00e9 \u00e0 Calle Cefeo, 4, Los Naranjos (Marbella).<\/p>\n\n\n\n<p>Selon le rapport d&rsquo;\u00e9valuation r\u00e9alis\u00e9 par <strong>TINSA<\/strong>, l&rsquo;\u00e9valuation actuelle s&rsquo;\u00e9l\u00e8ve \u00e0 1.252.512,12 \u20ac et l&rsquo;\u00e9valuation HET \u00e0 3.207.894,86 \u20ac. Le pr\u00eat \u00e0 accorder au promoteur est de 700 000 \u20ac, ce qui signifie un rapport pr\u00eat\/valeur (LTV) sur l&rsquo;\u00e9valuation actuelle de 55,88 %, un rapport pr\u00eat\/valeur (LTV) sur l&rsquo;hypoth\u00e8se de l&rsquo;immeuble achev\u00e9 (HET) de 52,99 % et un rapport pr\u00eat\/valeur (LTV) sur le premier pr\u00e9l\u00e8vement de 30,71 %.<\/p>\n\n\n\n<p><br><\/p>\n\n\n\n<h2 class=\"wp-block-heading\">Agent de garantie<\/h2>\n\n\n\n<p>La constitution, la pr\u00e9servation, la gestion, l&rsquo;administration et, le cas \u00e9ch\u00e9ant, l&rsquo;ex\u00e9cution des droits hypoth\u00e9caires immobiliers au nom des investisseurs de wecity seront effectu\u00e9es par une entit\u00e9 externe \u00e0 wecity.<\/p>\n\n\n\n<p><em>L&rsquo;agent de garantie choisi pour ce projet est<strong> Ceiba Global Alternative Investments SL<\/strong>, une soci\u00e9t\u00e9 sp\u00e9cialis\u00e9e dans la prestation de services fiduciaires par contrat ou mandat.<\/em><\/p>\n\n\n\n<p>Ceiba Global est une soci\u00e9t\u00e9 d\u00e9tenue par Ceiba Legal SL, un cabinet d&rsquo;avocats sp\u00e9cialis\u00e9 dans le financement alternatif qui fournit des services \u00e0 plusieurs v\u00e9hicules d&rsquo;investissement.<\/p>\n\n\n\n<p>En 2023, Ceiba Legal a fourni des services de conseil juridique pour un montant de 150 000 000 \u20ac, formalisant et structurant plus de 60 000 000 \u20ac de transactions de financement alternatif.<\/p>\n\n\n\n<p>Ceiba Legal est actuellement l&rsquo;un des cabinets les plus reconnus sur le march\u00e9 espagnol en mati\u00e8re de structuration de transactions de dette garantie.<\/p>\n\n\n\n<p>En outre, Ceiba fournit des conseils juridiques \u00e0 wecity tout au long de la vie du pr\u00eat, de la structuration \u00e0 la saisie.<\/p>\n\n\n\n<h2 class=\"wp-block-heading\" style=\"font-size:24px\">Evaluation<\/h2>\n\n\n\n<p>wecity, en tant que fournisseur de services de crowdfunding et conform\u00e9ment au r\u00e8glement d\u00e9l\u00e9gu\u00e9 (UE) 2024\/358 compl\u00e9tant le r\u00e8glement (UE) 2020\/1503 du Parlement europ\u00e9en et du Conseil, fournit une <a href=\"https:\/\/www.wecity.com\/fr\/modele-devaluation-des-risques\/\">description de la m\u00e9thode de notation de cr\u00e9dit<\/a> utilis\u00e9epour calculer les notations des projets.<br>Les notations sont calcul\u00e9es sur la base du nombre de projets utilis\u00e9s pour calculer les notations. Si le calcul est bas\u00e9 sur des comptes non audit\u00e9s, cela doit \u00eatre clairement indiqu\u00e9 dans la description de la m\u00e9thode.<\/p>\n\n\n\n<h2 class=\"wp-block-heading\">Monitoring<\/h2>\n\n\n\n<p>Le promoteur devra justifier l&rsquo;utilisation des fonds dans chacune des demandes. L&rsquo;utilisation des fonds par le promoteur sera contr\u00f4l\u00e9e par une soci\u00e9t\u00e9 externe \u00e0 wecity.<\/p>\n\n\n\n<p style=\"font-size:24px\"><\/p>\n\n\n\n<p><\/p>\n","protected":false},"featured_media":16527,"template":"","class_list":["post-16756","oportunidades","type-oportunidades","status-publish","has-post-thumbnail","hentry"],"acf":[],"_links":{"self":[{"href":"https:\/\/www.wecity.com\/fr\/wp-json\/wp\/v2\/oportunidades\/16756","targetHints":{"allow":["GET"]}}],"collection":[{"href":"https:\/\/www.wecity.com\/fr\/wp-json\/wp\/v2\/oportunidades"}],"about":[{"href":"https:\/\/www.wecity.com\/fr\/wp-json\/wp\/v2\/types\/oportunidades"}],"wp:featuredmedia":[{"embeddable":true,"href":"https:\/\/www.wecity.com\/fr\/wp-json\/wp\/v2\/media\/16527"}],"wp:attachment":[{"href":"https:\/\/www.wecity.com\/fr\/wp-json\/wp\/v2\/media?parent=16756"}],"curies":[{"name":"wp","href":"https:\/\/api.w.org\/{rel}","templated":true}]}}