{"id":15810,"date":"2024-07-24T09:59:24","date_gmt":"2024-07-24T07:59:24","guid":{"rendered":"https:\/\/www.wecity.com\/oportunidades\/marbella-la-quinta\/"},"modified":"2025-03-13T17:20:45","modified_gmt":"2025-03-13T16:20:45","slug":"marbella-la-quinta","status":"publish","type":"oportunidades","link":"https:\/\/www.wecity.com\/fr\/opportunites\/marbella-la-quinta\/","title":{"rendered":"Marbella &#8211; La Quinta"},"content":{"rendered":"\n<p>WECITY respecte les dispositions du r\u00e8glement (UE) 2020\/1503 du Parlement europ\u00e9en et du Conseil du 7 octobre 2020 relatif aux prestataires europ\u00e9ens de services de financement participatif aux entreprises et le titre V de la loi 5\/2015 relative \u00e0 la promotion du financement des entreprises modifi\u00e9e par la loi 18\/2022 du 28 septembre relative \u00e0 la cr\u00e9ation et \u00e0 la croissance des entreprises. Elle est autoris\u00e9e par la <strong>CNMV<\/strong> en tant que prestataire de services de financement participatif, enregistr\u00e9e sous le num\u00e9ro 9, avec une proposition favorable de la <strong>Banque d&rsquo;Espagne<\/strong>.<\/p>\n\n\n\n<p><strong>Tortuga Projects Developments SL<\/strong>, sollicite le financement de wecity pour cette opportunit\u00e9 d&rsquo;investissement. Investisseur, avant de faire votre investissement, lisez les <a href=\"https:\/\/www.wecity.com\/fr\/information-pour-linvestisseur\/\">informations de base pour le client investisseur<\/a>. Les performances pass\u00e9es ne garantissent pas les performances futures.<\/p>\n\n\n\n<p><strong>Skin in the game<\/strong>: <em>\u00ab\u00a0Conform\u00e9ment \u00e0 l&rsquo;article 8.2 du r\u00e8glement (UE) 2020\/1503 du Parlement europ\u00e9en et du Conseil du 7 octobre 2020 relatif aux fournisseurs europ\u00e9ens de financement participatif, nous vous informons par la pr\u00e9sente que les <\/em><a href=\"https:\/\/www.wecity.com\/fr\/equipo\/\"><em>partenaires, les dirigeants et les employ\u00e9s de wecity<\/em><\/a> <em>peuvent investir dans cette opportunit\u00e9 .<\/em> <em>Ces investissements se feront dans les m\u00eames conditions que les autres investisseurs sans traitement pr\u00e9f\u00e9rentiel ni acc\u00e8s privil\u00e9gi\u00e9 \u00e0 l&rsquo;information \u00bb.<\/em><\/p>\n\n\n\n<div style=\"height:16px\" aria-hidden=\"true\" class=\"wp-block-spacer\"><\/div>\n\n\n\n<h2 class=\"wp-block-heading\" style=\"font-size:24px\">L&rsquo;investissement<\/h2>\n\n\n\n<p>L&rsquo;opportunit\u00e9 d&rsquo;investissement consiste \u00e0 financer les co\u00fbts de construction d&rsquo;une villa de luxe situ\u00e9e \u00e0 Benahav\u00eds, Marbella. Il s&rsquo;agit de l&rsquo;une des urbanisations priv\u00e9es les plus exclusives de Marbella, avec acc\u00e8s contr\u00f4l\u00e9 et s\u00e9curit\u00e9 priv\u00e9e.<\/p>\n\n\n\n<p>Le terrain a une superficie de 2 200 m2 sur lequel une maison de 1 050 m2 sera d\u00e9velopp\u00e9e avec 7 chambres \u00e0 coucher avec terrasse, de grands jardins et toutes sortes de d\u00e9tails et de luxes tels que l&rsquo;ascenseur, la piscine int\u00e9rieure et la piscine ext\u00e9rieure \u00e0 d\u00e9bordement avec des vues spectaculaires sur la mer.<\/p>\n\n\n\n<p>Le projet sera financ\u00e9 par un <strong>pr\u00eat \u00e0 taux fixe avec une garantie hypoth\u00e9caire de 1er degr\u00e9 pour un montant de 2 000 000 \u20ac<\/strong>, correspondant \u00e0 la PHASE I d&rsquo;un pr\u00eat total, qui peut atteindre un maximum de<strong> 4 200 000 \u20ac en 3 phases.<\/strong><\/p>\n\n\n\n<p>\u00c0 ce jour, le promoteur a apport\u00e9 ses propres fonds pour un montant de <strong>1 469 600 \u20ac (42 %),<\/strong> qui ont \u00e9t\u00e9 utilis\u00e9s pour acqu\u00e9rir le terrain, le projet et le permis de construire. Le promoteur peut activer les PHASES II et III jusqu&rsquo;\u00e0 ce que les fonds n\u00e9cessaires \u00e0 l&rsquo;ex\u00e9cution compl\u00e8te du projet soient r\u00e9unis.<\/p>\n\n\n\n<p>Le remboursement du pr\u00eat wecity sera r\u00e9alis\u00e9 avec la vente et la livraison de la propri\u00e9t\u00e9. En raison de la nature unique de ce type d&rsquo;actif, le processus de commercialisation commencera d\u00e8s que l&rsquo;\u00e9tat d&rsquo;avancement des travaux sera \u00e9lev\u00e9.<\/p>\n\n\n\n<p>Gr\u00e2ce \u00e0 wecity, vous pouvez participer \u00e0 une op\u00e9ration de pr\u00eat \u00e0 taux fixe avec un <strong>taux d&rsquo;int\u00e9r\u00eat annuel de 12% pour une dur\u00e9e estim\u00e9e de 18 mois<\/strong> (6 mois de mise en conformit\u00e9 obligatoire) et avec la<strong> possibilit\u00e9 d&rsquo;une prolongation de 6 mois suppl\u00e9mentaires<\/strong>.<\/p>\n\n\n\n<p>Avec un<strong> investissement minimum de 500 \u20ac<\/strong>, vous pouvez participer \u00e0 cette opportunit\u00e9 avec une excellente rentabilit\u00e9 et avec des garanties maximales. Le rendement total estim\u00e9 est de 18 % pour 18 mois (ou de 24 % si la dur\u00e9e finale est de 24 mois, y compris la prolongation). Le paiement des int\u00e9r\u00eats se fera \u00e0 l&rsquo;\u00e9ch\u00e9ance du projet, et si le promoteur d\u00e9cide d&rsquo;activer les 6 mois d&rsquo;extension, il faudra payer les int\u00e9r\u00eats au 18\u00e8me mois.<\/p>\n\n\n\n<div style=\"height:16px\" aria-hidden=\"true\" class=\"wp-block-spacer\"><\/div>\n\n\n\n<div class=\"wp-block-group is-style-border-radius has-gris-muy-claro-background-color has-background\"><div class=\"wp-block-group__inner-container is-layout-constrained wp-block-group-is-layout-constrained\">\n<p style=\"font-size:24px\"><strong>Les cl\u00e9s de l&rsquo;investissement<\/strong><\/p>\n\n\n\n<ul class=\"wp-block-list\">\n<li><strong>Objet du pr\u00eat :<\/strong> financer les co\u00fbts de construction d&rsquo;une villa de luxe dans l&rsquo;urbanisation El Herrojo, parcelle 90, Benahav\u00eds (Marbella, M\u00e1laga).<\/li>\n\n\n\n<li><strong>Garantie :<\/strong> Hypoth\u00e8que de<sup>1er<\/sup> degr\u00e9.<\/li>\n\n\n\n<li><strong>Garantie suppl\u00e9mentaire :<\/strong> promesse de pouvoir de vente irr\u00e9vocable.<\/li>\n\n\n\n<li><strong>Dur\u00e9e :<\/strong> 18 mois (+ 6 mois de prolongation possible).<\/li>\n\n\n\n<li><strong>Taux d&rsquo;int\u00e9r\u00eat :<\/strong> 12 % par an.<\/li>\n\n\n\n<li><strong>Rendement total estim\u00e9 :<\/strong> 18%.<\/li>\n\n\n\n<li><strong>Paiement des int\u00e9r\u00eats :<\/strong> \u00e0 l&rsquo;\u00e9ch\u00e9ance.<\/li>\n\n\n\n<li><strong>LTV 1er tirage : <\/strong>45,21 % (1er tirage<strong>:<\/strong> <strong>1 574 270 \u20ac<\/strong>).<\/li>\n\n\n\n<li><strong>\u00c9valuation ECO actuelle :<\/strong> 3 482 490 \u20ac (<strong>LTV : 57,43 %<\/strong>).<\/li>\n\n\n\n<li><strong>\u00c9valuation ECO HET : <\/strong>10 780 646 \u20ac (<strong>LTV HET : 38,96%<\/strong>).<\/li>\n\n\n\n<li><strong>Apports :<\/strong>\n<ul class=\"wp-block-list\">\n<li><strong>Fonds propres du promoteur :<\/strong> <strong>1 469 600 \u20ac<\/strong> (42 %)<strong>.<\/strong><\/li>\n\n\n\n<li><strong>Investisseurs wecity phase I :<\/strong> 2.000.000 \u20ac<strong>.<\/strong><\/li>\n<\/ul>\n<\/li>\n\n\n\n<li><strong>Investissement minimum :<\/strong> 500 \u20ac.<\/li>\n\n\n\n<li><strong>Investissement maximum<\/strong>: Aucune limite.<\/li>\n<\/ul>\n<\/div><\/div>\n\n\n\n<div style=\"height:26px\" aria-hidden=\"true\" class=\"wp-block-spacer\"><\/div>\n\n\n\n<div style=\"height:26px\" aria-hidden=\"true\" class=\"wp-block-spacer\"><\/div>\n\n\n\n<h2 class=\"wp-block-heading\" style=\"font-size:24px\">\u00c9valuation de l&rsquo;OCE<\/h2>\n\n\n\n<p>L&rsquo;<strong>\u00e9valuation actuelle<\/strong> \u00e0 des fins de garantie hypoth\u00e9caire (ECO Order 805\/2003) s&rsquo;\u00e9l\u00e8ve \u00e0 <strong>3 482 490 euros.<\/strong> Cela repr\u00e9sente un <strong>rapport pr\u00eat\/valeur<\/strong> (LTV) de <strong>57,43 %<\/strong> par rapport \u00e0 l&rsquo;\u00e9valuation actuelle <strong>.<\/strong><\/p>\n\n\n\n<p>L&rsquo;<strong>\u00e9valuation <\/strong>dans l&rsquo;<strong> hypoth\u00e8se <\/strong>d&rsquo;un <strong>b\u00e2timent achev\u00e9 <\/strong>s&rsquo;\u00e9l\u00e8ve \u00e0 <strong>10.780.646 \u20ac.<\/strong> Cela repr\u00e9sente un <strong>rapport pr\u00eat\/valeur<\/strong> (LTV) sur l&rsquo;\u00e9valuation HET de <strong>38,96%.<\/strong><\/p>\n\n\n\n<p>Le <strong>rapport pr\u00eat\/valeur<\/strong> (LTV) lors de la <strong>premi\u00e8re cession <\/strong>est de <strong>45,21 %<\/strong>.<\/p>\n\n\n\n<p><strong>L&rsquo;\u00e9valuateur ind\u00e9pendant charg\u00e9 de d\u00e9terminer la valeur est KRATA, dont la raison sociale est<\/strong> <strong>Krata SA, et qui est enregistr\u00e9 comme soci\u00e9t\u00e9 d&rsquo;\u00e9valuation agr\u00e9\u00e9e par la Banque d&rsquo;Espagne sous le num\u00e9ro 4323.<\/strong><\/p>\n\n\n\n<div style=\"height:16px\" aria-hidden=\"true\" class=\"wp-block-spacer\"><\/div>\n\n\n\n<h2 class=\"wp-block-heading\" style=\"font-size:24px\">Le projet<\/h2>\n\n\n\n<p>Le projet consiste en la construction d&rsquo;une villa de luxe situ\u00e9e \u00e0 Benahav\u00eds, Marbella.<\/p>\n\n\n\n<figure class=\"wp-block-image size-full is-resized\"><img decoding=\"async\" width=\"858\" height=\"508\" src=\"https:\/\/www.wecity.com\/wp-content\/uploads\/2024\/07\/wecity_imag_inversion-Marbella-La-Quinta_p.png\" alt=\"\" class=\"wp-image-15395\" style=\"width:809px;height:auto\" srcset=\"https:\/\/www.wecity.com\/wp-content\/uploads\/2024\/07\/wecity_imag_inversion-Marbella-La-Quinta_p.png 858w, https:\/\/www.wecity.com\/wp-content\/uploads\/2024\/07\/wecity_imag_inversion-Marbella-La-Quinta_p-300x178.png 300w, https:\/\/www.wecity.com\/wp-content\/uploads\/2024\/07\/wecity_imag_inversion-Marbella-La-Quinta_p-768x455.png 768w\" sizes=\"(max-width: 858px) 100vw, 858px\" \/><\/figure>\n\n\n\n<figure class=\"wp-block-image size-full is-resized\"><img decoding=\"async\" width=\"858\" height=\"508\" src=\"https:\/\/www.wecity.com\/wp-content\/uploads\/2024\/07\/wecity_imag_inversion-Marbella-La-Quinta_01.jpg\" alt=\"\" class=\"wp-image-15245\" style=\"width:809px;height:auto\" srcset=\"https:\/\/www.wecity.com\/wp-content\/uploads\/2024\/07\/wecity_imag_inversion-Marbella-La-Quinta_01.jpg 858w, https:\/\/www.wecity.com\/wp-content\/uploads\/2024\/07\/wecity_imag_inversion-Marbella-La-Quinta_01-300x178.jpg 300w, https:\/\/www.wecity.com\/wp-content\/uploads\/2024\/07\/wecity_imag_inversion-Marbella-La-Quinta_01-768x455.jpg 768w\" sizes=\"(max-width: 858px) 100vw, 858px\" \/><\/figure>\n\n\n\n<figure class=\"wp-block-image size-full is-resized\"><img decoding=\"async\" width=\"858\" height=\"508\" src=\"https:\/\/www.wecity.com\/wp-content\/uploads\/2024\/07\/wecity_imag_inversion-Marbella-La-Quinta_02.jpg\" alt=\"\" class=\"wp-image-15249\" style=\"width:809px;height:auto\" srcset=\"https:\/\/www.wecity.com\/wp-content\/uploads\/2024\/07\/wecity_imag_inversion-Marbella-La-Quinta_02.jpg 858w, https:\/\/www.wecity.com\/wp-content\/uploads\/2024\/07\/wecity_imag_inversion-Marbella-La-Quinta_02-300x178.jpg 300w, https:\/\/www.wecity.com\/wp-content\/uploads\/2024\/07\/wecity_imag_inversion-Marbella-La-Quinta_02-768x455.jpg 768w\" sizes=\"(max-width: 858px) 100vw, 858px\" \/><\/figure>\n\n\n\n<figure class=\"wp-block-image size-full is-resized\"><img decoding=\"async\" width=\"858\" height=\"508\" src=\"https:\/\/www.wecity.com\/wp-content\/uploads\/2024\/07\/wecity_imag_inversion-Marbella-La-Quinta_03.jpg\" alt=\"\" class=\"wp-image-15253\" style=\"width:809px;height:auto\" srcset=\"https:\/\/www.wecity.com\/wp-content\/uploads\/2024\/07\/wecity_imag_inversion-Marbella-La-Quinta_03.jpg 858w, https:\/\/www.wecity.com\/wp-content\/uploads\/2024\/07\/wecity_imag_inversion-Marbella-La-Quinta_03-300x178.jpg 300w, https:\/\/www.wecity.com\/wp-content\/uploads\/2024\/07\/wecity_imag_inversion-Marbella-La-Quinta_03-768x455.jpg 768w\" sizes=\"(max-width: 858px) 100vw, 858px\" \/><\/figure>\n\n\n\n<figure class=\"wp-block-image size-full is-resized\"><img decoding=\"async\" width=\"858\" height=\"508\" src=\"https:\/\/www.wecity.com\/wp-content\/uploads\/2024\/07\/wecity_imag_inversion-Marbella-La-Quinta_04.jpg\" alt=\"\" class=\"wp-image-15257\" style=\"width:809px;height:auto\" srcset=\"https:\/\/www.wecity.com\/wp-content\/uploads\/2024\/07\/wecity_imag_inversion-Marbella-La-Quinta_04.jpg 858w, https:\/\/www.wecity.com\/wp-content\/uploads\/2024\/07\/wecity_imag_inversion-Marbella-La-Quinta_04-300x178.jpg 300w, https:\/\/www.wecity.com\/wp-content\/uploads\/2024\/07\/wecity_imag_inversion-Marbella-La-Quinta_04-768x455.jpg 768w\" sizes=\"(max-width: 858px) 100vw, 858px\" \/><\/figure>\n\n\n\n<figure class=\"wp-block-image size-full is-resized\"><img decoding=\"async\" width=\"858\" height=\"508\" src=\"https:\/\/www.wecity.com\/wp-content\/uploads\/2024\/07\/wecity_imag_inversion-Marbella-La-Quinta_05.jpg\" alt=\"\" class=\"wp-image-15261\" style=\"width:809px;height:auto\" srcset=\"https:\/\/www.wecity.com\/wp-content\/uploads\/2024\/07\/wecity_imag_inversion-Marbella-La-Quinta_05.jpg 858w, https:\/\/www.wecity.com\/wp-content\/uploads\/2024\/07\/wecity_imag_inversion-Marbella-La-Quinta_05-300x178.jpg 300w, https:\/\/www.wecity.com\/wp-content\/uploads\/2024\/07\/wecity_imag_inversion-Marbella-La-Quinta_05-768x455.jpg 768w\" sizes=\"(max-width: 858px) 100vw, 858px\" \/><\/figure>\n\n\n\n<div style=\"height:16px\" aria-hidden=\"true\" class=\"wp-block-spacer\"><\/div>\n\n\n\n<h2 class=\"wp-block-heading\" style=\"font-size:24px\">Localisation<\/h2>\n\n\n\n<p>Le projet est situ\u00e9 dans la prestigieuse urbanisation d&rsquo;<strong>El Herrojo<\/strong>, dans la r\u00e9gion de Marbella Benahav\u00eds, dans la province de Malaga, l&rsquo;une des zones les plus exclusives de la <strong>Costa del Sol.<\/strong><\/p>\n\n\n\n<p>Sa situation privil\u00e9gi\u00e9e au sommet d&rsquo;une montagne garantit des vues panoramiques in\u00e9gal\u00e9es sur la <strong>mer M\u00e9diterran\u00e9e <\/strong>et le paysage environnant. Cette situation sur\u00e9lev\u00e9e offre aux r\u00e9sidents une oasis de s\u00e9r\u00e9nit\u00e9 et d&rsquo;intimit\u00e9, tout en profitant de la beaut\u00e9 naturelle qui entoure la r\u00e9gion.<br>\u00c0 quelques minutes en voiture de l&rsquo;entr\u00e9e principale se trouve le <strong>centre<\/strong> anim\u00e9 <strong>de Marbella<\/strong>, avec ses restaurants exclusifs et ses boutiques de luxe, ainsi que l&#8217;embl\u00e9matique <strong>Golden Mile<\/strong> et le quartier embl\u00e9matique de Puerto <strong>Ban\u00fas.<\/strong> Les r\u00e9sidents d&rsquo;El Herrojo b\u00e9n\u00e9ficient d&rsquo;un acc\u00e8s rapide \u00e0 toutes les commodit\u00e9s et attractions qui font de Marbella Benahav\u00eds l&rsquo;une des destinations les plus pris\u00e9es de la Costa del Sol.<\/p>\n\n\n\n<iframe src=\"https:\/\/www.google.com\/maps\/embed?pb=!1m18!1m12!1m3!1d735.9268608850011!2d-5.000039230432302!3d36.51160317616563!2m3!1f0!2f0!3f0!3m2!1i1024!2i768!4f13.1!3m3!1m2!1s0xd72d58ced826ae5%3A0xd119a198c1b9f6a6!2sUrbanizacion%20el%20Herrojo%2C%2090%2C%2029678%20Benahav%C3%ADs%2C%20M%C3%A1laga!5e1!3m2!1ses!2ses!4v1721810109036!5m2!1ses!2ses\" width=\"800\" height=\"600\" style=\"border:0;\" allowfullscreen=\"\" loading=\"lazy\" referrerpolicy=\"no-referrer-when-downgrade\"><\/iframe>\n\n\n\n<div style=\"height:16px\" aria-hidden=\"true\" class=\"wp-block-spacer\"><\/div>\n\n\n\n<h2 class=\"wp-block-heading\" style=\"font-size:24px\">Garantie hypoth\u00e9caire<\/h2>\n\n\n\n<p>Le pr\u00eat sera <strong>garanti par une hypoth\u00e8que de <\/strong><sup><strong>premier<\/strong><\/sup><strong> degr\u00e9<\/strong> <strong>sur les<\/strong> <strong>actifs et le b\u00e2timent<\/strong> situ\u00e9s sur la parcelle 90, urbanisation El Herrojo, Benahavis (Marbella, Malaga).<\/p>\n\n\n\n<p>Selon le rapport d&rsquo;\u00e9valuation r\u00e9alis\u00e9 par <strong>CBRE<\/strong>, l&rsquo;\u00e9valuation actuelle s&rsquo;\u00e9l\u00e8ve \u00e0<strong> 3 482 490 \u20ac.<\/strong> Le pr\u00eat \u00e0 accorder au promoteur est de <strong>2 000 000 \u20ac, ce qui signifie un rapport pr\u00eat\/valeur (LTV) sur l&rsquo;\u00e9valuation actuelle de 57,43 %<\/strong> et un <strong>rapport pr\u00eat\/valeur sur la premi\u00e8re cession de 45,21 %.<\/strong><\/p>\n\n\n\n<div style=\"height:16px\" aria-hidden=\"true\" class=\"wp-block-spacer\"><\/div>\n\n\n\n<h2 class=\"wp-block-heading\" style=\"font-size:24px\">Agent de garanties<\/h2>\n\n\n\n<p>La cr\u00e9ation, le maintien, la gestion, l&rsquo;administration et, le cas \u00e9ch\u00e9ant, l&rsquo;ex\u00e9cution des <strong>droits hypoth\u00e9caires immobiliers au nom des investisseurs de wecity seront effectu\u00e9s par une entit\u00e9 externe \u00e0 wecity.<\/strong><\/p>\n\n\n\n<p>Dans ce cas, l&rsquo;agent de garantie d\u00e9sign\u00e9 est <strong>BONDHOLDERS<\/strong>.<\/p>\n\n\n\n<p>Bondholders est une soci\u00e9t\u00e9 professionnelle sp\u00e9cialis\u00e9e dans la fourniture de services de commissionnaire ind\u00e9pendant et de d\u00e9p\u00f4t fiduciaire pour un certain nombre de cat\u00e9gories d&rsquo;actifs et dans plusieurs juridictions internationales.<\/p>\n\n\n\n<p>Ces derni\u00e8res ann\u00e9es, Bondholders a \u00e9t\u00e9 mandat\u00e9e en tant qu&rsquo;agent et arrangeur dans plus de 400 transactions repr\u00e9sentant un total de pr\u00e8s de 200 milliards d&rsquo;euros de dette.<\/p>\n\n\n\n<p>Ses principaux clients sont des institutions financi\u00e8res, des clients institutionnels, des gestionnaires d&rsquo;actifs et des agences gouvernementales souveraines.<\/p>\n\n\n\n<p><strong>Bondholders est actuellement l&rsquo;un des principaux fournisseurs europ\u00e9ens de services fiduciaires ind\u00e9pendants.<\/strong><\/p>\n\n\n\n<div style=\"height:16px\" aria-hidden=\"true\" class=\"wp-block-spacer\"><\/div>\n\n\n\n<h2 class=\"wp-block-heading\" style=\"font-size:24px\">Monitoring<\/h2>\n\n\n\n<p>Le promoteur devra justifier l&rsquo;utilisation des fonds pour chacun des pr\u00e9l\u00e8vements demand\u00e9s. L&rsquo;utilisation des fonds par le promoteur sera contr\u00f4l\u00e9e par une soci\u00e9t\u00e9 externe \u00e0 wecity.<\/p>\n\n\n\n<p style=\"font-size:24px\"><\/p>\n","protected":false},"featured_media":15397,"template":"","class_list":["post-15810","oportunidades","type-oportunidades","status-publish","has-post-thumbnail","hentry"],"acf":[],"_links":{"self":[{"href":"https:\/\/www.wecity.com\/fr\/wp-json\/wp\/v2\/oportunidades\/15810","targetHints":{"allow":["GET"]}}],"collection":[{"href":"https:\/\/www.wecity.com\/fr\/wp-json\/wp\/v2\/oportunidades"}],"about":[{"href":"https:\/\/www.wecity.com\/fr\/wp-json\/wp\/v2\/types\/oportunidades"}],"wp:featuredmedia":[{"embeddable":true,"href":"https:\/\/www.wecity.com\/fr\/wp-json\/wp\/v2\/media\/15397"}],"wp:attachment":[{"href":"https:\/\/www.wecity.com\/fr\/wp-json\/wp\/v2\/media?parent=15810"}],"curies":[{"name":"wp","href":"https:\/\/api.w.org\/{rel}","templated":true}]}}