{"id":15482,"date":"2024-08-05T12:44:16","date_gmt":"2024-08-05T10:44:16","guid":{"rendered":"https:\/\/www.wecity.com\/oportunidades\/madrid-embajadores\/"},"modified":"2025-03-13T17:50:03","modified_gmt":"2025-03-13T16:50:03","slug":"madrid-embajadores","status":"publish","type":"oportunidades","link":"https:\/\/www.wecity.com\/fr\/opportunites\/madrid-embajadores\/","title":{"rendered":"Madrid-Embajadores"},"content":{"rendered":"\n<p><strong>WECITY<\/strong> respecte les dispositions du r\u00e8glement (UE) 2020\/1503 du Parlement europ\u00e9en et du Conseil du 7 octobre 2020 relatif aux prestataires europ\u00e9ens de services de financement participatif aux entreprises et le titre V de la loi 5\/2015 relative \u00e0 la promotion du financement des entreprises modifi\u00e9e par la loi 18\/2022 du 28 septembre relative \u00e0 la cr\u00e9ation et \u00e0 la croissance des entreprises. Elle est autoris\u00e9e par la CNMV en tant que prestataire de services de financement participatif, enregistr\u00e9e sous le num\u00e9ro 9, avec une proposition favorable de la Banque d&rsquo;Espagne.<\/p>\n\n\n\n<p><strong><strong><strong>Ankron FRYG5<\/strong> SL<\/strong><\/strong>, sollicite le financement de wecity pour cette opportunit\u00e9 d&rsquo;investissement. Investisseur, avant d&rsquo;effectuer votre investissement, veuillez lire les informations de base pour le client investisseur. Les performances pass\u00e9es ne garantissent pas les performances futures.<\/p>\n\n\n\n<p><strong>Skin in the game<\/strong> : \u00ab\u00a0Conform\u00e9ment \u00e0 l&rsquo;article 8.2 du r\u00e8glement (UE) 2020\/1503 du Parlement europ\u00e9en et du Conseil du 7 octobre 2020 relatif aux fournisseurs europ\u00e9ens de financement participatif, nous vous informons par la pr\u00e9sente que les partenaires, les dirigeants et les employ\u00e9s de wecity peuvent investir dans cette opportunit\u00e9. Ces investissements seront r\u00e9alis\u00e9s dans les m\u00eames conditions que les autres investisseurs, sans traitement pr\u00e9f\u00e9rentiel ni acc\u00e8s privil\u00e9gi\u00e9 \u00e0 l&rsquo;information. \u00ab\u00a0<\/p>\n\n\n\n<div style=\"height:16px\" aria-hidden=\"true\" class=\"wp-block-spacer\"><\/div>\n\n\n\n<h2 class=\"wp-block-heading\" style=\"font-size:24px\"><strong><strong>L&rsquo;investissement<\/strong><\/strong><\/h2>\n\n\n\n<p>L&rsquo;<strong>opportunit\u00e9 d&rsquo;investissement<\/strong> consiste \u00e0 financer les co\u00fbts d&rsquo;acquisition d&rsquo;une <strong>propri\u00e9t\u00e9 commerciale \u00e0 Madrid,<\/strong> situ\u00e9e \u00e0 l&rsquo;intersection des rues Jaime el Conquistador, Embajadores et C\u00e1ceres. Les locaux, situ\u00e9s au rez-de-chauss\u00e9e, ont une surface construite de 2 590<sup>m2<\/sup>. Le promoteur a <strong>sign\u00e9<\/strong> un <strong>accord<\/strong> avec la cha\u00eene de <strong>supermarch\u00e9s BM<\/strong> <strong>pour exploiter les<\/strong> locaux pendant 25 ans, avec une p\u00e9riode obligatoire de 8 ans.<\/p>\n\n\n\n<p>Le projet sera financ\u00e9 par un <strong>pr\u00eat hypoth\u00e9caire<\/strong> \u00e0 <strong>taux fixe de<\/strong> <strong>2 200 000 euros<\/strong> <strong>avec une garantie hypoth\u00e9caire de<\/strong><sup><strong>premier rang <\/strong><\/sup><strong>.<\/strong><\/p>\n\n\n\n<p>Le promoteur (Ankron FRYG5 SL) a apport\u00e9 ses propres fonds \u00e0 hauteur de 1 961 700 \u20ac (47 %), ce qui, avec les 2 200 000 \u20ac demand\u00e9s aux investisseurs de wecity, repr\u00e9sente un total de 4 161 700 \u20ac n\u00e9cessaires \u00e0 l&rsquo;acquisition de l&rsquo;actif.<\/p>\n\n\n\n<p>Le <strong>pr\u00eat sera rembours\u00e9 <\/strong>par la vente du local commercial en rentabilit\u00e9, une fois que les travaux d&rsquo;adaptation seront termin\u00e9s et que l&rsquo;actif commencera \u00e0 g\u00e9n\u00e9rer des revenus gr\u00e2ce au contrat d&rsquo;exploitation sign\u00e9.<\/p>\n\n\n\n<p>Gr\u00e2ce \u00e0 wecity, vous pouvez participer \u00e0 une op\u00e9ration de pr\u00eat \u00e0 taux fixe avec un <strong>taux d&rsquo;int\u00e9r\u00eat annuel de 12% pour une dur\u00e9e estim\u00e9e de 9 mois<\/strong> (6 mois de mise en conformit\u00e9 obligatoire) et avec la<strong> possibilit\u00e9 d&rsquo;une prolongation suppl\u00e9mentaire de 3 mois<\/strong>.<\/p>\n\n\n\n<p>Avec un<strong> investissement minimum de 500 \u20ac<\/strong>, vous pouvez participer \u00e0 cette opportunit\u00e9 avec une excellente rentabilit\u00e9 et des garanties maximales. Le rendement total estim\u00e9 est de <strong>9 %<\/strong> pour 9 mois (ou <strong>12 %<\/strong> si la dur\u00e9e finale est de 12 mois, y compris la prolongation).<\/p>\n\n\n\n<p>Le remboursement du pr\u00eat et de ses int\u00e9r\u00eats se fera \u00e0 l&rsquo;<strong>\u00e9ch\u00e9ance<\/strong>.<\/p>\n\n\n\n<div style=\"height:16px\" aria-hidden=\"true\" class=\"wp-block-spacer\"><\/div>\n\n\n\n<div class=\"wp-block-group is-style-border-radius has-gris-muy-claro-background-color has-background\"><div class=\"wp-block-group__inner-container is-layout-constrained wp-block-group-is-layout-constrained\">\n<p style=\"font-size:24px\"><strong><strong>Cl\u00e9s de l&rsquo;investissement<\/strong><\/strong><\/p>\n\n\n\n<ul class=\"wp-block-list\">\n<li><strong>Objet du pr\u00eat :<\/strong> acquisition de <strong>locaux commerciaux \u00e0 Madrid,<\/strong> situ\u00e9s \u00e0 l&rsquo;intersection des rues Jaime el Conquistador, Embajadores et C\u00e1ceres.<\/li>\n\n\n\n<li><strong>Garantie :<\/strong> hypoth\u00e8que de<sup>1er<\/sup> degr\u00e9.<\/li>\n\n\n\n<li><strong>Dur\u00e9e :<\/strong> 9 mois<\/li>\n\n\n\n<li><strong>Prolongation facultative :<\/strong> 3 mois<\/li>\n\n\n\n<li><strong>Taux d&rsquo;int\u00e9r\u00eat :<\/strong> 12 % par an.<\/li>\n\n\n\n<li><strong>Rendement total estim\u00e9 :<\/strong> 9%.<\/li>\n\n\n\n<li><strong>Paiement des int\u00e9r\u00eats :<\/strong> \u00e0 l&rsquo;\u00e9ch\u00e9ance.<\/li>\n\n\n\n<li><strong>Valeur actuelle de l&rsquo;OCE :<\/strong> 4.460.258,82 \u20ac (<strong>LTV:<\/strong> <strong>49,32<\/strong>%).<\/li>\n\n\n\n<li><strong>Apports :<\/strong>\n<ul class=\"wp-block-list\">\n<li><strong>Fonds propres du promoteur :<\/strong> 1 961 700 \u20ac (47 %).<\/li>\n\n\n\n<li><strong>Pr\u00eat WECITY :<\/strong> 2 200 000 \u20ac.<\/li>\n<\/ul>\n<\/li>\n\n\n\n<li><strong>Investissement minimum :<\/strong> 500 \u20ac.<\/li>\n<\/ul>\n<\/div><\/div>\n\n\n\n<div style=\"height:26px\" aria-hidden=\"true\" class=\"wp-block-spacer\"><\/div>\n\n\n\n<div style=\"height:26px\" aria-hidden=\"true\" class=\"wp-block-spacer\"><\/div>\n\n\n\n<h2 class=\"wp-block-heading\" style=\"font-size:24px\">\u00c9valuation de l&rsquo;OCE<\/h2>\n\n\n\n<p>L&rsquo;<strong>\u00e9valuation actuelle<\/strong> \u00e0 des fins de garantie hypoth\u00e9caire (ECO Order 805\/2003) s&rsquo;\u00e9l\u00e8ve \u00e0 <strong>4.460.258,82 \u20ac <\/strong>. Cela repr\u00e9sente un <strong>rapport pr\u00eat\/valeur<\/strong> (LTV) de <strong>49,32 %<\/strong> par rapport \u00e0 l&rsquo;\u00e9valuation actuelle.<\/p>\n\n\n\n<p>La<strong>soci\u00e9t\u00e9 d&rsquo;\u00e9valuation ind\u00e9pendante charg\u00e9e d&rsquo;identifier la valeur est GLOVAL VALUATION, dont la raison sociale<\/strong> est <strong>Gloval Valuation SAU, et qui est enregistr\u00e9e comme soci\u00e9t\u00e9 d&rsquo;\u00e9valuation agr\u00e9\u00e9e par la Banque d&rsquo;Espagne sous le num\u00e9ro 4311<\/strong>.<\/p>\n\n\n\n<div style=\"height:16px\" aria-hidden=\"true\" class=\"wp-block-spacer\"><\/div>\n\n\n\n<h2 class=\"wp-block-heading\" style=\"font-size:24px\"><strong>Le Projet<\/strong><\/h2>\n\n\n\n<p>Le projet consiste en l&rsquo;acquisition de <strong>locaux commerciaux \u00e0 Madrid,<\/strong> situ\u00e9s \u00e0 l&rsquo;intersection des rues Jaime el Conquistador, Embajadores et C\u00e1ceres, en vue de leur r\u00e9novation et de leur location.<\/p>\n\n\n\n<figure class=\"wp-block-image size-full is-resized\"><img decoding=\"async\" width=\"1707\" height=\"729\" src=\"https:\/\/www.wecity.com\/wp-content\/uploads\/2024\/08\/Captura-de-Pantalla-2024-08-05-a-las-11.59.48-1.png\" alt=\"\" class=\"wp-image-15464\" style=\"width:809px;height:auto\" srcset=\"https:\/\/www.wecity.com\/wp-content\/uploads\/2024\/08\/Captura-de-Pantalla-2024-08-05-a-las-11.59.48-1.png 1707w, https:\/\/www.wecity.com\/wp-content\/uploads\/2024\/08\/Captura-de-Pantalla-2024-08-05-a-las-11.59.48-1-300x128.png 300w, https:\/\/www.wecity.com\/wp-content\/uploads\/2024\/08\/Captura-de-Pantalla-2024-08-05-a-las-11.59.48-1-1024x437.png 1024w, https:\/\/www.wecity.com\/wp-content\/uploads\/2024\/08\/Captura-de-Pantalla-2024-08-05-a-las-11.59.48-1-768x328.png 768w, https:\/\/www.wecity.com\/wp-content\/uploads\/2024\/08\/Captura-de-Pantalla-2024-08-05-a-las-11.59.48-1-1536x656.png 1536w\" sizes=\"(max-width: 1707px) 100vw, 1707px\" \/><\/figure>\n\n\n\n<div style=\"height:16px\" aria-hidden=\"true\" class=\"wp-block-spacer\"><\/div>\n\n\n\n<figure class=\"wp-block-image size-full is-resized\"><img decoding=\"async\" width=\"1676\" height=\"778\" src=\"https:\/\/www.wecity.com\/wp-content\/uploads\/2024\/08\/Captura-de-Pantalla-2024-08-05-a-las-11.59.55.png\" alt=\"\" class=\"wp-image-15459\" style=\"width:809px;height:auto\" srcset=\"https:\/\/www.wecity.com\/wp-content\/uploads\/2024\/08\/Captura-de-Pantalla-2024-08-05-a-las-11.59.55.png 1676w, https:\/\/www.wecity.com\/wp-content\/uploads\/2024\/08\/Captura-de-Pantalla-2024-08-05-a-las-11.59.55-300x139.png 300w, https:\/\/www.wecity.com\/wp-content\/uploads\/2024\/08\/Captura-de-Pantalla-2024-08-05-a-las-11.59.55-1024x475.png 1024w, https:\/\/www.wecity.com\/wp-content\/uploads\/2024\/08\/Captura-de-Pantalla-2024-08-05-a-las-11.59.55-768x357.png 768w, https:\/\/www.wecity.com\/wp-content\/uploads\/2024\/08\/Captura-de-Pantalla-2024-08-05-a-las-11.59.55-1536x713.png 1536w\" sizes=\"(max-width: 1676px) 100vw, 1676px\" \/><\/figure>\n\n\n\n<div style=\"height:16px\" aria-hidden=\"true\" class=\"wp-block-spacer\"><\/div>\n\n\n\n<h2 class=\"wp-block-heading\" style=\"font-size:24px\">Localisation<\/h2>\n\n\n\n<p>Embajadores est un quartier de Madrid situ\u00e9 dans le district de Centro, connu pour sa diversit\u00e9 culturelle, historique et architecturale. Dans Embajadores, vous trouverez des zones embl\u00e9matiques comme Lavapi\u00e9s, l&rsquo;un des quartiers les plus multiculturels de Madrid, connu pour sa vie sociale, culturelle et artistique anim\u00e9e. Des rues color\u00e9es, des march\u00e9s traditionnels tels que le <strong>Mercado de San Fernando<\/strong> et de nombreux bars et restaurants proposant une vari\u00e9t\u00e9 de cuisines internationales font des Embajadores un endroit unique et attrayant.<\/p>\n\n\n\n<p>Outre sa riche offre culturelle, Embajadores abrite d&rsquo;importants points d&rsquo;int\u00e9r\u00eat tels que la gare d&rsquo;<strong>Atocha, le mus\u00e9e Reina Sof\u00eda et la Plaza de Lavapi\u00e9s<\/strong>. Le quartier se distingue \u00e9galement par son architecture, qui allie b\u00e2timents historiques et r\u00e9novations modernes. Sa situation centrale et bien desservie en fait une option attrayante pour les r\u00e9sidents locaux et les touristes. Embajadores refl\u00e8te l&rsquo;essence de Madrid : un m\u00e9lange de tradition et de modernit\u00e9, o\u00f9 la coexistence de cultures et de styles de vie diff\u00e9rents cr\u00e9e un environnement accueillant.<\/p>\n\n\n\n<iframe src=\"https:\/\/www.google.com\/maps\/embed?pb=!1m18!1m12!1m3!1d2852.510274023764!2d-3.7006540243763584!3d40.39871365673627!2m3!1f0!2f0!3f0!3m2!1i1024!2i768!4f13.1!3m3!1m2!1s0xd422631567ebd09%3A0x87a0b87d2bcf536e!2sC.%20de%20Embajadores%2C%20132%2C%20Arganzuela%2C%2028045%20Madrid!5e1!3m2!1ses!2ses!4v1722854946211!5m2!1ses!2ses\" width=\"800\" height=\"600\" style=\"border:0;\" allowfullscreen=\"\" loading=\"lazy\" referrerpolicy=\"no-referrer-when-downgrade\"><\/iframe>\n\n\n\n<div style=\"height:16px\" aria-hidden=\"true\" class=\"wp-block-spacer\"><\/div>\n\n\n\n<h2 class=\"wp-block-heading\" style=\"font-size:24px\">Garantie hypoth\u00e9caire<\/h2>\n\n\n\n<p>Le pr\u00eat sera <strong>garanti par une hypoth\u00e8que de <\/strong><sup><strong>premier<\/strong><\/sup><strong> degr\u00e9 <\/strong>sur les <strong>actifs et le b\u00e2timent<\/strong> situ\u00e9 \u00e0 l&rsquo;intersection des rues Jaime el Conquistador, Embajadores et C\u00e1ceres.<\/p>\n\n\n\n<p>Selon le rapport d&rsquo;\u00e9valuation r\u00e9alis\u00e9 par <strong>GLOVAL VALUATION<\/strong>, la valeur actuelle s&rsquo;\u00e9l\u00e8ve \u00e0<strong>  4.460.258,82  euros<\/strong>. Le pr\u00eat \u00e0 accorder au promoteur est de <strong>2 200 000 euros, ce qui signifie un rapport pr\u00eat\/valeur (LTV) de <strong>49,32<\/strong> % par rapport \u00e0 l&rsquo;\u00e9valuation actuelle<\/strong>.<\/p>\n\n\n\n<div style=\"height:16px\" aria-hidden=\"true\" class=\"wp-block-spacer\"><\/div>\n\n\n\n<h2 class=\"wp-block-heading\" style=\"font-size:24px\">Agent de garanties<\/h2>\n\n\n\n<p>La constitution, la pr\u00e9servation, la gestion, l&rsquo;administration et, le cas \u00e9ch\u00e9ant, l&rsquo;ex\u00e9cution des <strong>droits hypoth\u00e9caires immobiliers au nom des investisseurs de wecity seront effectu\u00e9es par une entit\u00e9 externe \u00e0 wecity<\/strong>.<\/p>\n\n\n\n<p><em>L&rsquo;agent de garantie choisi pour ce projet est<strong> Ceiba Global Alternative Investments SL<\/strong>, une soci\u00e9t\u00e9 sp\u00e9cialis\u00e9e dans la prestation de services fiduciaires par contrat ou mandat.<\/em><\/p>\n\n\n\n<p>Ceiba Global est une soci\u00e9t\u00e9 d\u00e9tenue par Ceiba Legal SL, un cabinet d&rsquo;avocats sp\u00e9cialis\u00e9 dans le financement alternatif qui fournit des services \u00e0 plusieurs v\u00e9hicules d&rsquo;investissement.<\/p>\n\n\n\n<p>En 2023, Ceiba Legal a fourni des services de conseil juridique pour un montant de 150 000 000 \u20ac, formalisant et structurant plus de 60 000 000 \u20ac de transactions de financement alternatif.<\/p>\n\n\n\n<p><strong>Ceiba Legal est actuellement l&rsquo;un des cabinets les plus reconnus sur le march\u00e9 espagnol en mati\u00e8re de structuration de transactions de dette garantie.<\/strong><\/p>\n\n\n\n<p>En outre, Ceiba fournit des conseils juridiques \u00e0 wecity tout au long de la vie du pr\u00eat, de la structuration \u00e0 la saisie.<\/p>\n\n\n\n<div style=\"height:16px\" aria-hidden=\"true\" class=\"wp-block-spacer\"><\/div>\n\n\n\n<h2 class=\"wp-block-heading\" style=\"font-size:24px\">Monitoring<\/h2>\n\n\n\n<p>Le promoteur devra justifier l&rsquo;utilisation des fonds pour chacun des pr\u00e9l\u00e8vements demand\u00e9s. L&rsquo;utilisation des fonds par le promoteur sera contr\u00f4l\u00e9e par une soci\u00e9t\u00e9 externe \u00e0 wecity.<\/p>\n\n\n\n<p style=\"font-size:24px\"><strong>Respect du R\u00e8glement (UE) 2020\/1503<\/strong> \ud83c\uddea\ud83c\uddfa<\/p>\n\n\n\n<p><strong>Avertissement sur les risques<\/strong><\/p>\n\n\n\n<p>Investir dans ce projet de crowdfunding comporte des risques, notamment le risque de perte partielle ou totale de l&rsquo;argent investi. Votre investissement n&rsquo;est pas couvert par les syst\u00e8mes de garantie des d\u00e9p\u00f4ts \u00e9tablis conform\u00e9ment \u00e0 la directive 2014\/49\/UE du Parlement europ\u00e9en et du Conseil (*). Votre investissement n&rsquo;est pas couvert par les syst\u00e8mes d&rsquo;indemnisation des investisseurs \u00e9tablis conform\u00e9ment \u00e0 la directive 97\/9\/CE du Parlement europ\u00e9en et du Conseil (**). Il se peut que vous ne receviez aucun rendement sur votre investissement. Il ne s&rsquo;agit pas d&rsquo;un produit d&rsquo;\u00e9pargne et il est recommand\u00e9 de ne pas investir plus de 10 % de vos actifs nets dans des projets de financement par actions. Il se peut que vous ne puissiez pas disposer des instruments d&rsquo;investissement \u00e0 tout moment. M\u00eame si vous \u00eates en mesure de les c\u00e9der, vous pouvez subir une perte.<\/p>\n\n\n\n<p><strong>D\u00e9lai de r\u00e9flexion pr\u00e9contractuel pour les investisseurs inexp\u00e9riment\u00e9s<\/strong><\/p>\n\n\n\n<p>Les investisseurs inexp\u00e9riment\u00e9s disposent d&rsquo;un d\u00e9lai de r\u00e9flexion de quatre (4) jours pendant lequel ils peuvent, \u00e0 tout moment, r\u00e9voquer ou retirer leur offre d&rsquo;investissement ou leur manifestation d&rsquo;int\u00e9r\u00eat pour l&rsquo;offre de financement participatif sans avoir \u00e0 justifier leur d\u00e9cision et sans encourir de p\u00e9nalit\u00e9. Le d\u00e9lai de r\u00e9flexion commence \u00e0 courir \u00e0 partir du moment o\u00f9 l&rsquo;investisseur potentiel non exp\u00e9riment\u00e9 fait une offre d&rsquo;investissement ou manifeste son int\u00e9r\u00eat et expire quatre jours civils apr\u00e8s cette date. Pour exercer leur droit de r\u00e9vocation, les investisseurs peuvent envoyer un courrier \u00e9lectronique \u00e0 l&rsquo;adresse suivante : <a href=\"mailto:reclamaciones@wecity.io\">reclamaciones@wecity.io, en<\/a> indiquant dans le champ \u00ab\u00a0objet\u00a0\u00bb de ce courrier \u00e9lectronique ce qui suit : \u00ab\u00a0R\u00c9VOCATION &#8211; Nom de l&rsquo;Opportunit\u00e9 &#8211; Nom et pr\u00e9nom de l&rsquo;Investisseur\u00a0\u00bb. Dans le cas o\u00f9 vous auriez effectu\u00e9 une contribution mon\u00e9taire li\u00e9e \u00e0 l&rsquo;offre de financement, ce montant sera restitu\u00e9 dans les plus brefs d\u00e9lais sur le portefeuille qu&rsquo;en tant qu&rsquo;investisseur\/utilisateur de la Plateforme \u00a0\u00bb WECITY \u00ab\u00a0, vous avez ouvert aupr\u00e8s de l&rsquo;\u00c9tablissement de paiement \u00a0\u00bb LEMONWAY \u00ab\u00a0.<\/p>\n\n\n\n<p><strong>Risque de cr\u00e9dit<\/strong><\/p>\n\n\n\n<p>Le risque de cr\u00e9dit est d\u00e9fini comme la perte qui peut survenir en cas de non-paiement par la contrepartie d&rsquo;une transaction financi\u00e8re. Dans ce cas pr\u00e9cis, il s&rsquo;agit du risque que le promoteur ne paie pas le principal et\/ou les int\u00e9r\u00eats du pr\u00eat.<\/p>\n\n\n\n<p>Risque <strong>sectoriel Risques inh\u00e9rents \u00e0 un secteur sp\u00e9cifique<\/strong>.<\/p>\n\n\n\n<p>Ces risques peuvent \u00eatre dus, par exemple, \u00e0 un changement des circonstances macro\u00e9conomiques, \u00e0 une r\u00e9duction de la demande dans le secteur dans lequel le projet de financement participatif op\u00e8re et \u00e0 des d\u00e9pendances dans d&rsquo;autres secteurs. En tout \u00e9tat de cause, l&rsquo;investisseur doit \u00eatre conscient que des conditions \u00e9conomiques d\u00e9favorables ou des changements cycliques peuvent affaiblir la capacit\u00e9 du promoteur \u00e0 honorer ses engagements financiers li\u00e9s au pr\u00eat.<\/p>\n\n\n\n<p><strong>Risque de d\u00e9faillance<\/strong><\/p>\n\n\n\n<p>Le risque que le promoteur du projet fasse l&rsquo;objet d&rsquo;une proc\u00e9dure de faillite et d&rsquo;autres \u00e9v\u00e9nements affectant le projet ou le promoteur du projet et entra\u00eenant la perte de l&rsquo;investissement pour les investisseurs. Ces risques peuvent \u00eatre dus \u00e0 divers facteurs, notamment : un changement (grave) des circonstances macro\u00e9conomiques, une mauvaise gestion, un manque d&rsquo;exp\u00e9rience, une fraude, un financement ne correspondant pas \u00e0 l&rsquo;objet social, un \u00e9chec du lancement du produit ou un manque de liquidit\u00e9s. En cas d&rsquo;insolvabilit\u00e9 du promoteur, les d\u00e9tenteurs des cr\u00e9dits seront consid\u00e9r\u00e9s comme des cr\u00e9dits b\u00e9n\u00e9ficiant d&rsquo;un privil\u00e8ge sp\u00e9cial, car ils sont garantis par une hypoth\u00e8que, conform\u00e9ment au catalogue et \u00e0 l&rsquo;ordre de priorit\u00e9 des cr\u00e9dits \u00e9tablis par le d\u00e9cret-loi royal 1\/2020 du 5 mai approuvant le texte r\u00e9vis\u00e9 de la loi sur l&rsquo;insolvabilit\u00e9 (ci-apr\u00e8s, la \u00a0\u00bb loi sur l&rsquo;insolvabilit\u00e9 \u00ab\u00a0), \u00e0 l&rsquo;exception des montants qui, conform\u00e9ment \u00e0 l&rsquo;article 272 de la loi sur l&rsquo;insolvabilit\u00e9, doivent \u00eatre class\u00e9s comme cr\u00e9dit ordinaire ou comme cr\u00e9dit subordonn\u00e9, selon le cas.<\/p>\n\n\n\n<p><strong>Risque de rendement inf\u00e9rieur ou diff\u00e9r\u00e9<\/strong><\/p>\n\n\n\n<p>Le risque que le rendement soit plus faible que pr\u00e9vu ou que le projet soit en d\u00e9faut de paiement du principal ou des int\u00e9r\u00eats.<\/p>\n\n\n\n<p><strong>Risque d&rsquo;illiquidit\u00e9 de l&rsquo;investissement<\/strong><\/p>\n\n\n\n<p>Le risque que les investisseurs ne soient pas en mesure de vendre leur investissement. Il n&rsquo;existe pas de march\u00e9 actif pour le pr\u00eat, de sorte que l&rsquo;investisseur peut ne pas \u00eatre en mesure de trouver un tiers \u00e0 qui c\u00e9der le pr\u00eat.<\/p>\n\n\n\n<p><strong>Autres risques<\/strong><\/p>\n\n\n\n<p>Risques qui sont, entre autres, hors du contr\u00f4le du promoteur du projet, tels que les risques politiques ou r\u00e9glementaires.<\/p>\n","protected":false},"featured_media":15473,"template":"","class_list":["post-15482","oportunidades","type-oportunidades","status-publish","has-post-thumbnail","hentry"],"acf":[],"_links":{"self":[{"href":"https:\/\/www.wecity.com\/fr\/wp-json\/wp\/v2\/oportunidades\/15482","targetHints":{"allow":["GET"]}}],"collection":[{"href":"https:\/\/www.wecity.com\/fr\/wp-json\/wp\/v2\/oportunidades"}],"about":[{"href":"https:\/\/www.wecity.com\/fr\/wp-json\/wp\/v2\/types\/oportunidades"}],"wp:featuredmedia":[{"embeddable":true,"href":"https:\/\/www.wecity.com\/fr\/wp-json\/wp\/v2\/media\/15473"}],"wp:attachment":[{"href":"https:\/\/www.wecity.com\/fr\/wp-json\/wp\/v2\/media?parent=15482"}],"curies":[{"name":"wp","href":"https:\/\/api.w.org\/{rel}","templated":true}]}}