{"id":14962,"date":"2024-07-01T10:53:19","date_gmt":"2024-07-01T08:53:19","guid":{"rendered":"https:\/\/www.wecity.com\/oportunidades\/malaga-catedral\/"},"modified":"2025-03-13T17:15:01","modified_gmt":"2025-03-13T16:15:01","slug":"malaga-catedral","status":"publish","type":"oportunidades","link":"https:\/\/www.wecity.com\/fr\/opportunites\/malaga-catedral\/","title":{"rendered":"M\u00e1laga-Catedral"},"content":{"rendered":"\n<p><strong>WECITY<\/strong> respecte les dispositions du r\u00e8glement (UE) 2020\/1503 du Parlement europ\u00e9en et du Conseil du 7 octobre 2020 relatif aux prestataires europ\u00e9ens de services de financement participatif aux entreprises et le titre V de la loi 5\/2015 relative \u00e0 la promotion du financement des entreprises modifi\u00e9e par la loi 18\/2022 du 28 septembre relative \u00e0 la cr\u00e9ation et \u00e0 la croissance des entreprises. Elle est autoris\u00e9e par la CNMV en tant que prestataire de services de financement participatif, enregistr\u00e9e sous le num\u00e9ro 9, avec une proposition favorable de la Banque d&rsquo;Espagne.<\/p>\n\n\n\n<p><strong>ILITUR HOMES SL<\/strong>, sollicite le financement de wecity pour cette opportunit\u00e9 d&rsquo;investissement. Investisseur, avant d&rsquo;effectuer votre investissement, veuillez lire les informations de base pour le client investisseur. Les performances pass\u00e9es ne garantissent pas les performances futures.<\/p>\n\n\n\n<p><strong>Skin in the game<\/strong> : \u00ab\u00a0Conform\u00e9ment \u00e0 l&rsquo;article 8.2 du r\u00e8glement (UE) 2020\/1503 du Parlement europ\u00e9en et du Conseil du 7 octobre 2020 relatif aux fournisseurs europ\u00e9ens de financement participatif, nous vous informons par la pr\u00e9sente que les partenaires, les dirigeants et les employ\u00e9s de wecity peuvent investir dans cette opportunit\u00e9. Ces investissements seront r\u00e9alis\u00e9s dans les m\u00eames conditions que les autres investisseurs, sans traitement pr\u00e9f\u00e9rentiel ni acc\u00e8s privil\u00e9gi\u00e9 \u00e0 l&rsquo;information. \u00ab\u00a0<\/p>\n\n\n\n<div style=\"height:16px\" aria-hidden=\"true\" class=\"wp-block-spacer\"><\/div>\n\n\n\n<h2 class=\"wp-block-heading\" style=\"font-size:24px\"><strong><strong>L&rsquo;investissement<\/strong><\/strong><\/h2>\n\n\n\n<p>L&rsquo;<strong>opportunit\u00e9 d&rsquo;investissement<\/strong> consiste \u00e0 <strong>financer les co\u00fbts de construction<\/strong> pour la r\u00e9novation de 4 maisons de luxe dans <strong>C\/ Santa Mar\u00eda 23, M\u00e1laga, \u00e0 quelques m\u00e8tres de la cath\u00e9drale, <\/strong>ainsi que l&rsquo;<strong>annulation des<\/strong> <strong>charges hypoth\u00e9caires<\/strong> sur les <strong>4 maisons dans C\/ Santa Mar\u00eda 23 et les b\u00e2timents dans C\/ Zanca 1-3 et C\/ G\u00f3mez Salazar 14<\/strong> pour un montant total de <strong>577.389 \u20ac<\/strong>.<\/p>\n\n\n\n<p>Les logements d&rsquo;une surface construite de 170<sup>m2<\/sup>(680<sup>m2 de <\/sup>surface totale) ont \u00e9t\u00e9 con\u00e7us avec une grande attention aux d\u00e9tails, y compris un penthouse avec une terrasse offrant d&rsquo;excellentes vues sur la cath\u00e9drale. La commercialisation des logements a commenc\u00e9 en juin 2024. Le projet dispose d&rsquo;un permis de construire, accord\u00e9 en octobre 2023.<\/p>\n\n\n\n<p>Le <strong>financement se fera au moyen d&rsquo;un pr\u00eat hypoth\u00e9caire de 1 250 000 \u20ac \u00e0 taux fixe avec une garantie hypoth\u00e9caire de 1er degr\u00e9<\/strong> correspondant \u00e0 la PHASE I d&rsquo;un pr\u00eat total pouvant atteindre un maximum de 2 450 000 \u20ac en PHASE III.<\/p>\n\n\n\n<p><strong>Le promoteur<\/strong> (Ilitur Homes) <strong>a apport\u00e9 ses propres fonds \u00e0 hauteur de 1 162 368<\/strong> \u20ac (TVA incluse), ce qui repr\u00e9sente <strong>47,44 %<\/strong> des fonds n\u00e9cessaires au projet. Les phases II et III peuvent \u00eatre activ\u00e9es jusqu&rsquo;\u00e0 ce que les fonds n\u00e9cessaires \u00e0 la mise en \u0153uvre du projet soient atteints.<\/p>\n\n\n\n<p>Le pr\u00eat de la wecity sera assorti de garanties suppl\u00e9mentaires gr\u00e2ce \u00e0 l&rsquo;hypoth\u00e8que au premier degr\u00e9 des b\u00e2timents suivants appartenant au promoteur :<\/p>\n\n\n\n<ul class=\"wp-block-list\">\n<li>C\/ Lagunillas 41<\/li>\n\n\n\n<li>C\/ Lagunillas 43<\/li>\n\n\n\n<li>C\/ G\u00f3mez Salazar 34<\/li>\n\n\n\n<li>C\/ Carrasco 14.<\/li>\n<\/ul>\n\n\n\n<p>Le<strong> remboursement du pr\u00eat et la sortie des investisseurs<\/strong> de <strong>wecity<\/strong> s&rsquo;effectuent avec la vente et la livraison des 4 propri\u00e9t\u00e9s de C\/ Santa Mar\u00eda 23.<\/p>\n\n\n\n<p>Par l&rsquo;interm\u00e9diaire de wecity, vous pouvez participer \u00e0 une op\u00e9ration de pr\u00eat \u00e0 taux fixe avec un <strong>taux d&rsquo;int\u00e9r\u00eat annuel de 11 % pour une dur\u00e9e estim\u00e9e \u00e0 15 mois<\/strong> (6 mois de conformit\u00e9 obligatoire) avec la<strong> possibilit\u00e9 d&rsquo;une prolongation de 6 mois suppl\u00e9mentaires<\/strong>. Le rendement total estim\u00e9 est de 13,75 % pour 15 mois ou de 19,25 % si la dur\u00e9e finale est de 21 mois avec la prolongation. Le paiement des int\u00e9r\u00eats et le remboursement du capital investi seront effectu\u00e9s \u00e0 l&rsquo;\u00e9ch\u00e9ance.<\/p>\n\n\n\n<p>Avec un<strong> investissement minimum de 500 \u20ac<\/strong>, vous pouvez participer \u00e0 cette opportunit\u00e9 avec un excellent rendement et des garanties maximales.<\/p>\n\n\n\n<div style=\"height:16px\" aria-hidden=\"true\" class=\"wp-block-spacer\"><\/div>\n\n\n\n<div class=\"wp-block-group is-style-border-radius has-gris-muy-claro-background-color has-background\"><div class=\"wp-block-group__inner-container is-layout-constrained wp-block-group-is-layout-constrained\">\n<p style=\"font-size:24px\"><strong><strong><strong><strong><strong><strong><strong><strong><strong><strong><strong><strong><strong><strong><strong><strong><strong><strong><strong><strong><strong><strong><strong><strong><strong><strong><strong><strong>Cl\u00e9s de l&rsquo;investissement<\/strong><\/strong><\/strong><\/strong><\/strong><\/strong><\/strong><\/strong><\/strong><\/strong><\/strong><\/strong><\/strong><\/strong><\/strong><\/strong><\/strong><\/strong><\/strong><\/strong><\/strong><\/strong><\/strong><\/strong><\/strong><\/strong><\/strong><\/strong><\/p>\n\n\n\n<ul class=\"wp-block-list\">\n<li><strong>Objet du pr\u00eat:<\/strong> financer les co\u00fbts de construction pour la r\u00e9novation de 4 logements dans la rue Santa Mar\u00eda 23 et annuler les charges hypoth\u00e9caires sur les actifs suivants : 4 logements dans la rue Santa Mar\u00eda 23, l&rsquo;immeuble dans la rue Zanca 1-3 et l&rsquo;immeuble dans la rue G\u00f3mez Salazar 34.<\/li>\n\n\n\n<li><strong>Garantie:<\/strong> hypoth\u00e8que de<sup>1er<\/sup> degr\u00e9 sur les biens.<\/li>\n\n\n\n<li><strong>Garantie additionnelle: <\/strong>hypoth\u00e8que de<sup>1er<\/sup> degr\u00e9 sur les immeubles C\/ Lagunillas 41 et 43, C\/ G\u00f3mez Salazar 34 et C\/ Carrasco 14.<\/li>\n\n\n\n<li><strong>Garantie suppl\u00e9mentaire:<\/strong> Pouvoir de vente irr\u00e9vocable.<\/li>\n\n\n\n<li><strong>Dur\u00e9e:<\/strong> 15 mois<\/li>\n\n\n\n<li><strong>Prolongation facultative: <\/strong>6 mois<\/li>\n\n\n\n<li><strong>Taux d&rsquo;int\u00e9r\u00eat annuel:<\/strong> 11 %.<\/li>\n\n\n\n<li><strong>Rendement total estim\u00e9:<\/strong> 13,75 %.<\/li>\n\n\n\n<li><strong>Paiement des int\u00e9r\u00eats:<\/strong> \u00e0 l&rsquo;\u00e9ch\u00e9ance.<\/li>\n\n\n\n<li>C<strong>ommercialisation<\/strong>: 0% (0 sur 4 pcs.)<\/li>\n\n\n\n<li><strong>\u00c9valuation ECO actuelle<\/strong> (calle Santa Maria 23): 2.349.831 \u20ac<\/li>\n\n\n\n<li><strong>\u00c9valuation<\/strong> <strong>ECO HET (<\/strong> rue Santa Maria 23): 5.397.791 \u20ac<\/li>\n\n\n\n<li><strong>\u00c9valuation ECO actuelle<\/strong> (garanties totales): 5.076.876 \u20ac | <strong>LTV<\/strong>: 24,62%<\/li>\n\n\n\n<li><strong>\u00c9valuation ECO HET<\/strong> (garanties totales): 8 124 838 \u20ac |<strong> LTV: <\/strong>30,14%<\/li>\n\n\n\n<li><strong>Premier pr\u00e9l\u00e8vement:<\/strong> 794.265 \u20ac | <strong>LTV:<\/strong> 15,64%<\/li>\n\n\n\n<li><strong>Apports:<\/strong>\n<ul class=\"wp-block-list\">\n<li><strong>Promoteur:<\/strong> 1.162.368 \u20ac (47,44%)<\/li>\n\n\n\n<li><strong>Pr\u00eat Wecity PHASE I:<\/strong> 1.250.000 \u20ac.<\/li>\n<\/ul>\n<\/li>\n\n\n\n<li><strong>Investissement minimum:<\/strong> 500 \u20ac.<\/li>\n\n\n\n<li><strong>Investissement maximum<\/strong>: Aucune limite<\/li>\n<\/ul>\n<\/div><\/div>\n\n\n\n<div style=\"height:26px\" aria-hidden=\"true\" class=\"wp-block-spacer\"><\/div>\n\n\n\n<h2 class=\"wp-block-heading\" style=\"font-size:24px\">\u00c9valuation ECO et garantie hypoth\u00e9caire<\/h2>\n\n\n\n<p>L&rsquo;<strong>\u00e9valuation actuelle<\/strong> \u00e0 des fins de garantie hypoth\u00e9caire (ordonnance ECO 805\/2003) des 4 logements situ\u00e9s C\/ Santa Mar\u00eda 23, s&rsquo;\u00e9l\u00e8ve \u00e0 2 349 831 \u20ac. L&rsquo;<strong>\u00e9valuation <\/strong>(HET) dans l&rsquo;<strong> hypoth\u00e8se <\/strong>d&rsquo;un <strong>b\u00e2timent achev\u00e9 <\/strong>s&rsquo;\u00e9l\u00e8ve \u00e0 <strong>5 397 790<\/strong> \u20ac. La soci\u00e9t\u00e9 d&rsquo;\u00e9valuation ind\u00e9pendante charg\u00e9e d&rsquo;identifier la valeur est <strong>GESVALT, <\/strong>dont la raison sociale est GESVALT Sociedad de Tasaci\u00f3n SA, et qui est <strong>enregistr\u00e9e<\/strong> comme soci\u00e9t\u00e9 d&rsquo;\u00e9valuation agr\u00e9\u00e9e par la <strong>Banque d&rsquo;Espagne <\/strong>sous le num\u00e9ro 4455.<\/p>\n\n\n\n<p>En outre, les actifs suivants sont hypoth\u00e9qu\u00e9s en premier rang dans ce projet :<\/p>\n\n\n\n<p>1) L&rsquo;<strong>\u00e9valuation actuelle<\/strong> \u00e0 des fins de garantie hypoth\u00e9caire (ordre ECO 805\/2003) de l&rsquo;immeuble situ\u00e9 C\/ Lagunillas 41, s&rsquo;\u00e9l\u00e8ve \u00e0 198 801 \u20ac. La soci\u00e9t\u00e9 d&rsquo;\u00e9valuation ind\u00e9pendante charg\u00e9e d&rsquo;identifier la valeur est <strong>GESVALT, <\/strong>dont la raison sociale est GESVALT Sociedad de Tasaci\u00f3n SA, et qui est <strong>enregistr\u00e9e<\/strong> comme soci\u00e9t\u00e9 d&rsquo;\u00e9valuation agr\u00e9\u00e9e par la <strong>Banque d&rsquo;Espagne <\/strong>sous le num\u00e9ro 4455.<\/p>\n\n\n\n<p>2) L&rsquo;<strong>\u00e9valuation actuelle<\/strong> \u00e0 des fins de garantie hypoth\u00e9caire (ordonnance ECO 805\/2003) de l&rsquo;immeuble sis C\/ Lagunillas 43, s&rsquo;\u00e9l\u00e8ve \u00e0 1 301 057 \u20ac. La soci\u00e9t\u00e9 d&rsquo;\u00e9valuation ind\u00e9pendante charg\u00e9e de d\u00e9terminer la valeur est <strong>GESVALT, <\/strong>dont la raison sociale est GESVALT Sociedad de Tasaci\u00f3n SA, et qui est <strong>enregistr\u00e9e<\/strong> en tant que soci\u00e9t\u00e9 d&rsquo;\u00e9valuation agr\u00e9\u00e9e par la <strong>Banque d&rsquo;Espagne <\/strong>sous le num\u00e9ro 4455.<\/p>\n\n\n\n<p>3) L&rsquo;<strong>\u00e9valuation actuelle<\/strong> \u00e0 des fins de garantie hypoth\u00e9caire (ordonnance ECO 805\/2003) de l&rsquo;immeuble sis C\/ G\u00f3mez Salazar, 34, s&rsquo;\u00e9l\u00e8ve \u00e0 590 935 \u20ac. La soci\u00e9t\u00e9 d&rsquo;\u00e9valuation ind\u00e9pendante charg\u00e9e d&rsquo;identifier la valeur est <strong>GESVALT, <\/strong>dont la raison sociale est GESVALT Sociedad de Tasaci\u00f3n SA, et qui est <strong>enregistr\u00e9e<\/strong> comme soci\u00e9t\u00e9 d&rsquo;\u00e9valuation agr\u00e9\u00e9e par la <strong>Banque d&rsquo;Espagne <\/strong>sous le num\u00e9ro 4455.<\/p>\n\n\n\n<p>4) L&rsquo;<strong>\u00e9valuation actuelle<\/strong> \u00e0 des fins de garantie hypoth\u00e9caire (ordonnance ECO 805\/2003) de l&rsquo;immeuble situ\u00e9 C\/ Carrasco, 14, s&rsquo;\u00e9l\u00e8ve \u00e0 636 255 \u20ac. La soci\u00e9t\u00e9 d&rsquo;\u00e9valuation ind\u00e9pendante charg\u00e9e d&rsquo;identifier la valeur est <strong>GESVALT, <\/strong>dont la raison sociale est GESVALT Sociedad de Tasaci\u00f3n SA, et qui est <strong>enregistr\u00e9e<\/strong> comme soci\u00e9t\u00e9 d&rsquo;\u00e9valuation agr\u00e9\u00e9e par la <strong>Banque d&rsquo;Espagne <\/strong>sous le num\u00e9ro 4455.<\/p>\n\n\n\n<p><strong>La valeur totale des \u00e9valuations ECO actuelles <\/strong>des actifs hypoth\u00e9qu\u00e9s s&rsquo;\u00e9l\u00e8ve \u00e0 <strong>5 076 879 euros<\/strong>. Cela repr\u00e9sente un <strong>rapport pr\u00eat\/valeur<\/strong> (LTV) de <strong>24,62%<\/strong> par rapport \u00e0 l&rsquo;\u00e9valuation actuelle.<\/p>\n\n\n\n<p><strong>La valeur totale des \u00e9valuations ECO HET<\/strong> des actifs hypoth\u00e9qu\u00e9s est de <strong>8 124 838<\/strong> \u20ac. Cela repr\u00e9sente un <strong>rapport pr\u00eat\/valeur<\/strong> (LTV) de <strong>30,15 %<\/strong> par rapport \u00e0 l&rsquo;\u00e9valuation actuelle.<\/p>\n\n\n\n<p>Le rapport <strong>pr\u00eat\/valeur<\/strong> (LTV) lors du <strong>premier tirage <\/strong>est de <strong>15,64 %<\/strong>.<\/p>\n\n\n\n<div style=\"height:16px\" aria-hidden=\"true\" class=\"wp-block-spacer\"><\/div>\n\n\n\n<h2 class=\"wp-block-heading\" style=\"font-size:24px\">Le projet<\/h2>\n\n\n\n<figure class=\"wp-block-image size-full is-resized\"><img decoding=\"async\" width=\"858\" height=\"508\" src=\"https:\/\/www.wecity.com\/wp-content\/uploads\/2024\/07\/wecity_imag_inversion-Malaga-Catedral_02.png\" alt=\"\" class=\"wp-image-14883\" style=\"width:809px;height:auto\" srcset=\"https:\/\/www.wecity.com\/wp-content\/uploads\/2024\/07\/wecity_imag_inversion-Malaga-Catedral_02.png 858w, https:\/\/www.wecity.com\/wp-content\/uploads\/2024\/07\/wecity_imag_inversion-Malaga-Catedral_02-300x178.png 300w, https:\/\/www.wecity.com\/wp-content\/uploads\/2024\/07\/wecity_imag_inversion-Malaga-Catedral_02-768x455.png 768w\" sizes=\"(max-width: 858px) 100vw, 858px\" \/><\/figure>\n\n\n\n<figure class=\"wp-block-image size-full is-resized\"><img decoding=\"async\" width=\"858\" height=\"508\" src=\"https:\/\/www.wecity.com\/wp-content\/uploads\/2024\/07\/wecity_imag_inversion-Malaga-Catedral_01.png\" alt=\"\" class=\"wp-image-14887\" style=\"width:809px;height:auto\" srcset=\"https:\/\/www.wecity.com\/wp-content\/uploads\/2024\/07\/wecity_imag_inversion-Malaga-Catedral_01.png 858w, https:\/\/www.wecity.com\/wp-content\/uploads\/2024\/07\/wecity_imag_inversion-Malaga-Catedral_01-300x178.png 300w, https:\/\/www.wecity.com\/wp-content\/uploads\/2024\/07\/wecity_imag_inversion-Malaga-Catedral_01-768x455.png 768w\" sizes=\"(max-width: 858px) 100vw, 858px\" \/><\/figure>\n\n\n\n<figure class=\"wp-block-image size-full is-resized\"><img decoding=\"async\" width=\"858\" height=\"508\" src=\"https:\/\/www.wecity.com\/wp-content\/uploads\/2024\/07\/wecity_imag_inversion-Malaga-Catedral_00-1.png\" alt=\"\" class=\"wp-image-14891\" style=\"width:809px;height:auto\" srcset=\"https:\/\/www.wecity.com\/wp-content\/uploads\/2024\/07\/wecity_imag_inversion-Malaga-Catedral_00-1.png 858w, https:\/\/www.wecity.com\/wp-content\/uploads\/2024\/07\/wecity_imag_inversion-Malaga-Catedral_00-1-300x178.png 300w, https:\/\/www.wecity.com\/wp-content\/uploads\/2024\/07\/wecity_imag_inversion-Malaga-Catedral_00-1-768x455.png 768w\" sizes=\"(max-width: 858px) 100vw, 858px\" \/><\/figure>\n\n\n\n<div style=\"height:16px\" aria-hidden=\"true\" class=\"wp-block-spacer\"><\/div>\n\n\n\n<h2 class=\"wp-block-heading\" style=\"font-size:24px\">Localisation<\/h2>\n\n\n\n<p><strong>Malaga<\/strong>, situ\u00e9e sur la Costa del Sol, dispose d&rsquo;une offre immobili\u00e8re vari\u00e9e, allant d&rsquo;\u00e9l\u00e9gants appartements dans le centre historique \u00e0 des villas modernes et des penthouses exclusifs surplombant la M\u00e9diterran\u00e9e.<\/p>\n\n\n\n<p>La ville dispose d&rsquo;infrastructures de premier ordre, notamment d&rsquo;\u00e9tablissements d&rsquo;enseignement prestigieux tels que l&rsquo;<strong>\u00e9cole internationale St. George<\/strong> et de services m\u00e9dicaux tels que l&rsquo;<strong>h\u00f4pital international Vithas Xanit<\/strong>. Malaga est un centre culturel r\u00e9put\u00e9, avec de nombreux mus\u00e9es tels que le <strong>mus\u00e9e Picasso et le centre Pompidou,<\/strong> ainsi qu&rsquo;un large \u00e9ventail d&rsquo;installations gastronomiques et de loisirs.<\/p>\n\n\n\n<p>Pour les amateurs de sport, Malaga offre une vari\u00e9t\u00e9 d&rsquo;options, des terrains de golf de haute qualit\u00e9 aux installations modernes de sports nautiques et aux randonn\u00e9es dans le <strong>parc naturel de Montes de Malaga<\/strong>, situ\u00e9 \u00e0 proximit\u00e9. Son climat ensoleill\u00e9 tout au long de l&rsquo;ann\u00e9e, ainsi que son excellente connectivit\u00e9, gr\u00e2ce \u00e0 la proximit\u00e9 de l&rsquo;a\u00e9roport international de Malaga et du r\u00e9seau de transports publics, font de Malaga un lieu de vie et d&rsquo;investissement attrayant.<\/p>\n\n\n\n<iframe src=\"https:\/\/www.google.com\/maps\/embed?pb=!1m18!1m12!1m3!1d3027.3352692026224!2d-4.422973624519003!3d36.72099247216113!2m3!1f0!2f0!3f0!3m2!1i1024!2i768!4f13.1!3m3!1m2!1s0xd72f7957a0981d5%3A0x3fb68c1759a669c6!2sCalle%20Sta.%20Mar%C3%ADa%2C%2023%2C%20Distrito%20Centro%2C%2029015%20M%C3%A1laga!5e1!3m2!1ses!2ses!4v1719824718823!5m2!1ses!2ses\" width=\"800\" height=\"600\" style=\"border:0;\" allowfullscreen=\"\" loading=\"lazy\" referrerpolicy=\"no-referrer-when-downgrade\"><\/iframe>\n\n\n\n<h2 class=\"wp-block-heading\" style=\"font-size:24px\">Agent de garanties<\/h2>\n\n\n\n<p>La constitution, la pr\u00e9servation, la gestion, l&rsquo;administration et, le cas \u00e9ch\u00e9ant, l&rsquo;ex\u00e9cution des <strong>droits hypoth\u00e9caires immobiliers au nom des investisseurs de wecity seront effectu\u00e9es par une entit\u00e9 externe \u00e0 wecity<\/strong>.<\/p>\n\n\n\n<p><em>L&rsquo;agent de garantie choisi pour ce projet est<strong> Ceiba Global Alternative Investments SL<\/strong>, une soci\u00e9t\u00e9 sp\u00e9cialis\u00e9e dans la prestation de services fiduciaires par contrat ou mandat.<\/em><\/p>\n\n\n\n<p>Ceiba Global est une soci\u00e9t\u00e9 d\u00e9tenue par Ceiba Legal SL, un cabinet d&rsquo;avocats sp\u00e9cialis\u00e9 dans le financement alternatif qui fournit des services \u00e0 plusieurs v\u00e9hicules d&rsquo;investissement.<\/p>\n\n\n\n<p>En 2023, Ceiba Legal a fourni des services de conseil juridique pour un montant de 150 000 000 \u20ac, formalisant et structurant plus de 60 000 000 \u20ac de transactions de financement alternatif.<\/p>\n\n\n\n<p><strong>Ceiba Legal est actuellement l&rsquo;un des cabinets les plus reconnus sur le march\u00e9 espagnol en mati\u00e8re de structuration de transactions de dette garantie.<\/strong><\/p>\n\n\n\n<p>En outre, Ceiba fournit des conseils juridiques \u00e0 wecity tout au long de la vie du pr\u00eat, de la structuration \u00e0 la saisie.<\/p>\n\n\n\n<div style=\"height:16px\" aria-hidden=\"true\" class=\"wp-block-spacer\"><\/div>\n\n\n\n<h2 class=\"wp-block-heading\" style=\"font-size:24px\">Monitoring<\/h2>\n\n\n\n<p>Le promoteur devra justifier l&rsquo;utilisation des fonds dans chacune des demandes.<\/p>\n\n\n\n<p>L&rsquo;utilisation des fonds par le promoteur sera contr\u00f4l\u00e9e par une soci\u00e9t\u00e9 externe \u00e0 wecity.<\/p>\n\n\n\n<p style=\"font-size:24px\"><\/p>\n","protected":false},"featured_media":14897,"template":"","class_list":["post-14962","oportunidades","type-oportunidades","status-publish","has-post-thumbnail","hentry"],"acf":[],"_links":{"self":[{"href":"https:\/\/www.wecity.com\/fr\/wp-json\/wp\/v2\/oportunidades\/14962","targetHints":{"allow":["GET"]}}],"collection":[{"href":"https:\/\/www.wecity.com\/fr\/wp-json\/wp\/v2\/oportunidades"}],"about":[{"href":"https:\/\/www.wecity.com\/fr\/wp-json\/wp\/v2\/types\/oportunidades"}],"wp:featuredmedia":[{"embeddable":true,"href":"https:\/\/www.wecity.com\/fr\/wp-json\/wp\/v2\/media\/14897"}],"wp:attachment":[{"href":"https:\/\/www.wecity.com\/fr\/wp-json\/wp\/v2\/media?parent=14962"}],"curies":[{"name":"wp","href":"https:\/\/api.w.org\/{rel}","templated":true}]}}