{"id":14075,"date":"2024-05-21T10:51:20","date_gmt":"2024-05-21T08:51:20","guid":{"rendered":"https:\/\/www.wecity.com\/oportunidades\/madeira-villa-saudade\/"},"modified":"2025-03-13T16:59:43","modified_gmt":"2025-03-13T15:59:43","slug":"madeira-villa-saudade","status":"publish","type":"oportunidades","link":"https:\/\/www.wecity.com\/fr\/opportunites\/madeira-villa-saudade\/","title":{"rendered":"Madeira-Villa Saudade"},"content":{"rendered":"\n<p>WECITY respecte les dispositions du r\u00e8glement (UE) 2020\/1503 du Parlement europ\u00e9en et du Conseil du 7 octobre 2020 relatif aux prestataires europ\u00e9ens de services de financement participatif aux entreprises et le titre V de la loi 5\/2015 relative \u00e0 la promotion du financement des entreprises modifi\u00e9e par la loi 18\/2022 du 28 septembre relative \u00e0 la cr\u00e9ation et \u00e0 la croissance des entreprises. Elle est autoris\u00e9e par la CNMV en tant que prestataire de services de financement participatif, enregistr\u00e9e sous le num\u00e9ro 9, avec une proposition favorable de la Banque d&rsquo;Espagne.<\/p>\n\n\n\n<p><strong>Promugal. Unipessoal Lda<\/strong>, sollicite le financement de wecity pour cette opportunit\u00e9 d&rsquo;investissement. Investisseur, avant d&rsquo;effectuer votre investissement, veuillez lire les informations de base pour le client investisseur. Les performances pass\u00e9es ne garantissent pas les performances futures.<\/p>\n\n\n\n<p>Skin in the game : \u00ab\u00a0Conform\u00e9ment \u00e0 l&rsquo;article 8.2 du r\u00e8glement (UE) 2020\/1503 du Parlement europ\u00e9en et du Conseil du 7 octobre 2020 relatif aux fournisseurs europ\u00e9ens de financement participatif, nous vous informons par la pr\u00e9sente que les partenaires, les dirigeants et les employ\u00e9s de wecity peuvent investir dans cette opportunit\u00e9. Ces investissements seront r\u00e9alis\u00e9s dans les m\u00eames conditions que les autres investisseurs, sans traitement pr\u00e9f\u00e9rentiel ni acc\u00e8s privil\u00e9gi\u00e9 \u00e0 l&rsquo;information. \u00ab\u00a0<\/p>\n\n\n\n<div style=\"height:16px\" aria-hidden=\"true\" class=\"wp-block-spacer\"><\/div>\n\n\n\n<h2 class=\"wp-block-heading\">L&rsquo;investissement<\/h2>\n\n\n\n<p>L&rsquo;opportunit\u00e9 d&rsquo;investissement consiste <strong>\u00e0 financer les co\u00fbts d&rsquo;ach\u00e8vement <\/strong>(actuellement achev\u00e9s \u00e0 40%) d&rsquo;une villa de luxe situ\u00e9e \u00e0 Lugar de Zimbreiros, T\u00e1bua, Ribeira Brava, \u00eele de <strong>Mad\u00e8re, Portugal<\/strong>. Le terrain a une superficie approximative de <strong>1 657 m<sup>2<\/sup> <\/strong>et une surface de construction brute totale de 415 m<sup>2<\/sup>, dont 175 m<sup>2<\/sup> hors sol.<\/p>\n\n\n\n<p>Le promoteur a d\u00e9j\u00e0 engag\u00e9 <strong>709 000 euros de fonds propres dans le projet<\/strong>. En guise de garantie, le promoteur fournit deux des trois maisons du projet, la premi\u00e8re d\u00e9j\u00e0 achev\u00e9e et \u00e9valu\u00e9e \u00e0 2 850 000 euros, et la seconde, celle pour laquelle le financement est n\u00e9cessaire, et qui, dans son \u00e9tat actuel, est \u00e9valu\u00e9e \u00e0 1 063 000 euros. Soit un total de 3 913 000 euros, valeur utilis\u00e9e pour calculer le ratio pr\u00eat\/valeur (LTV).<\/p>\n\n\n\n<p>Le projet sera financ\u00e9 par un<strong> pr\u00eat hypoth\u00e9caire \u00e0 taux fixe de 1 000 000 \u20ac avec une garantie hypoth\u00e9caire de 1er degr\u00e9 correspondant \u00e0 la PHASE I <\/strong>d&rsquo;un pr\u00eat total pouvant atteindre un maximum de 2 000 000 \u20ac en 2 PHASES.<\/p>\n\n\n\n<p>La sortie des investisseurs de wecity est pr\u00e9vue avec la vente d&rsquo;une des deux maisons que le promoteur donne en garantie.<\/p>\n\n\n\n<p>Avec un investissement <strong>minimum de 500 \u20ac <\/strong>et sans limite d&rsquo;investissement, vous pouvez participer \u00e0 cette opportunit\u00e9 avec une excellente rentabilit\u00e9 et des garanties maximales.<\/p>\n\n\n\n<div class=\"wp-block-group is-style-border-radius has-gris-muy-claro-background-color has-background\"><div class=\"wp-block-group__inner-container is-layout-constrained wp-block-group-is-layout-constrained\">\n<p style=\"font-size:24px\"><strong><strong><strong><strong><strong>Cl\u00e9s de l&rsquo;investissement<\/strong><\/strong><\/strong><\/strong><\/strong><\/p>\n\n\n\n<ul class=\"wp-block-list\">\n<li><strong>Objet du pr\u00eat :<\/strong> financer l&rsquo;ach\u00e8vement des travaux de construction d&rsquo;une villa de luxe situ\u00e9e \u00e0 Lugar de Zimbreiros, T\u00e1bua, Ribeira Brava, \u00eele de Mad\u00e8re, Portugal.<\/li>\n\n\n\n<li><strong>Garantie :<\/strong> hypoth\u00e8que de 1er degr\u00e9.<\/li>\n\n\n\n<li><strong>Dur\u00e9e : <\/strong>18 mois (+ 6 mois de prolongation possible).<\/li>\n\n\n\n<li><strong>Taux d&rsquo;int\u00e9r\u00eat :<\/strong> 12,50 % par an.<\/li>\n\n\n\n<li><strong>Rendement total estim\u00e9 :<\/strong> 18,75 %.<\/li>\n\n\n\n<li><strong>Paiement des int\u00e9r\u00eats :<\/strong> \u00e0 l&rsquo;\u00e9ch\u00e9ance.<\/li>\n\n\n\n<li><strong>\u00c9valuation RICS :<\/strong> 3 913 000 \u20ac (LTV actuel : 25,56 %).<\/li>\n\n\n\n<li><strong>\u00c9valuation RICS (HET) :<\/strong> 6 305 000\u20ac (LTV HET : 31,72 %).<\/li>\n\n\n\n<li><strong>LTV Premi\u00e8re cession :<\/strong> 25,56%.<\/li>\n\n\n\n<li><strong>Apports : <\/strong>\n<ul class=\"wp-block-list\">\n<li><strong>Fonds propres du promoteur <\/strong>: 709 000 euros.<\/li>\n\n\n\n<li><strong>Investisseurs de la ville <\/strong>: 2 000 000 \u20ac.<\/li>\n<\/ul>\n<\/li>\n\n\n\n<li><strong>Investissement minimum :<\/strong> 500 euros.<\/li>\n\n\n\n<li><strong>Investissement maximum<\/strong> : Aucune limite d&rsquo;investissement.<\/li>\n<\/ul>\n<\/div><\/div>\n\n\n\n<h2 class=\"wp-block-heading\"><strong>\u00c9valuation de la RICS<\/strong><\/h2>\n\n\n\n<p>L&rsquo;\u00e9valuation actuelle aux fins de la garantie hypoth\u00e9caire (arr\u00eat\u00e9 minist\u00e9riel ECO 805\/2003) s&rsquo;\u00e9l\u00e8ve \u00e0 3 913 000 euros, compte tenu des deux garanties. Cela repr\u00e9sente un rapport pr\u00eat\/valeur <strong>(LTV) de 51,11 % sur l&rsquo;\u00e9valuation actuelle.<\/strong><\/p>\n\n\n\n<p>L&rsquo;\u00e9valuation bas\u00e9e sur l&rsquo;hypoth\u00e8se d&rsquo;un b\u00e2timent achev\u00e9 s&rsquo;\u00e9l\u00e8ve \u00e0 6 305 000 \u20ac. Cela repr\u00e9sente un rapport pr\u00eat\/valeur <strong>(LTV) de 31,74 % sur l&rsquo;\u00e9valuation HET.<\/strong><\/p>\n\n\n\n<p><strong>Le rapport pr\u00eat\/valeur (LTV) de la premi\u00e8re cession est de 25,56 %.<\/strong><\/p>\n\n\n\n<p>L&rsquo;expert ind\u00e9pendant charg\u00e9 d&rsquo;identifier la valeur est <strong>TINSA<\/strong>, dont la raison sociale est PVW TINSA &#8211; Avalia\u00e7\u00f5es Imobili\u00e1rias, Lda. et qui est enregistr\u00e9e aupr\u00e8s de la CMVM en tant que soci\u00e9t\u00e9 d&rsquo;\u00e9valuation agr\u00e9\u00e9e sous le num\u00e9ro PAI\/2003\/0050.<\/p>\n\n\n\n<div style=\"height:16px\" aria-hidden=\"true\" class=\"wp-block-spacer\"><\/div>\n\n\n\n<h2 class=\"wp-block-heading\">Le projet<\/h2>\n\n\n\n<p>Le projet consiste \u00e0 financer l&rsquo;ach\u00e8vement des travaux de construction d&rsquo;une villa de luxe situ\u00e9e \u00e0 <strong>Lugar de Zimbreiros, T\u00e1bua, Ribeira Brava<\/strong>, sur l&rsquo;\u00eele portugaise de <strong>Mad\u00e8re<\/strong>.<\/p>\n\n\n\n<figure class=\"wp-block-image size-large is-resized\"><img decoding=\"async\" width=\"1024\" height=\"801\" src=\"https:\/\/www.wecity.com\/wp-content\/uploads\/2024\/05\/wecity_imag_inversion-Madeira_Villa-Saudade_04-1024x801.jpg\" alt=\"\" class=\"wp-image-14049\" style=\"width:861px;height:auto\" srcset=\"https:\/\/www.wecity.com\/wp-content\/uploads\/2024\/05\/wecity_imag_inversion-Madeira_Villa-Saudade_04-1024x801.jpg 1024w, https:\/\/www.wecity.com\/wp-content\/uploads\/2024\/05\/wecity_imag_inversion-Madeira_Villa-Saudade_04-300x235.jpg 300w, https:\/\/www.wecity.com\/wp-content\/uploads\/2024\/05\/wecity_imag_inversion-Madeira_Villa-Saudade_04-768x601.jpg 768w, https:\/\/www.wecity.com\/wp-content\/uploads\/2024\/05\/wecity_imag_inversion-Madeira_Villa-Saudade_04.jpg 1287w\" sizes=\"(max-width: 1024px) 100vw, 1024px\" \/><\/figure>\n\n\n\n<p class=\"has-small-font-size\"><strong>Villa 3<\/strong> : financ\u00e9e par WECITY. Garantie hypoth\u00e9caire de 1er degr\u00e9.<br><strong>Villa 1<\/strong> : garantie hypoth\u00e9caire au 1er degr\u00e9.<\/p>\n\n\n\n<figure class=\"wp-block-image size-large is-resized\"><img decoding=\"async\" width=\"1024\" height=\"606\" src=\"https:\/\/www.wecity.com\/wp-content\/uploads\/2024\/05\/wecity_imag_inversion-Madeira_Villa-Saudade_00-1024x606.jpg\" alt=\"\" class=\"wp-image-14024\" style=\"width:861px;height:undefinedpx\" srcset=\"https:\/\/www.wecity.com\/wp-content\/uploads\/2024\/05\/wecity_imag_inversion-Madeira_Villa-Saudade_00-1024x606.jpg 1024w, https:\/\/www.wecity.com\/wp-content\/uploads\/2024\/05\/wecity_imag_inversion-Madeira_Villa-Saudade_00-300x178.jpg 300w, https:\/\/www.wecity.com\/wp-content\/uploads\/2024\/05\/wecity_imag_inversion-Madeira_Villa-Saudade_00-768x455.jpg 768w, https:\/\/www.wecity.com\/wp-content\/uploads\/2024\/05\/wecity_imag_inversion-Madeira_Villa-Saudade_00.jpg 1287w\" sizes=\"(max-width: 1024px) 100vw, 1024px\" \/><\/figure>\n\n\n\n<figure class=\"wp-block-image size-large is-resized\"><img decoding=\"async\" width=\"1024\" height=\"606\" src=\"https:\/\/www.wecity.com\/wp-content\/uploads\/2024\/05\/wecity_imag_inversion-Madeira_Villa-Saudade_01-1024x606.jpg\" alt=\"\" class=\"wp-image-14029\" style=\"width:861px;height:undefinedpx\" srcset=\"https:\/\/www.wecity.com\/wp-content\/uploads\/2024\/05\/wecity_imag_inversion-Madeira_Villa-Saudade_01-1024x606.jpg 1024w, https:\/\/www.wecity.com\/wp-content\/uploads\/2024\/05\/wecity_imag_inversion-Madeira_Villa-Saudade_01-300x178.jpg 300w, https:\/\/www.wecity.com\/wp-content\/uploads\/2024\/05\/wecity_imag_inversion-Madeira_Villa-Saudade_01-768x455.jpg 768w, https:\/\/www.wecity.com\/wp-content\/uploads\/2024\/05\/wecity_imag_inversion-Madeira_Villa-Saudade_01.jpg 1287w\" sizes=\"(max-width: 1024px) 100vw, 1024px\" \/><\/figure>\n\n\n\n<figure class=\"wp-block-image size-large is-resized\"><img decoding=\"async\" width=\"1024\" height=\"606\" src=\"https:\/\/www.wecity.com\/wp-content\/uploads\/2024\/05\/wecity_imag_inversion-Madeira_Villa-Saudade_02-1024x606.jpg\" alt=\"\" class=\"wp-image-14033\" style=\"width:861px;height:undefinedpx\" srcset=\"https:\/\/www.wecity.com\/wp-content\/uploads\/2024\/05\/wecity_imag_inversion-Madeira_Villa-Saudade_02-1024x606.jpg 1024w, https:\/\/www.wecity.com\/wp-content\/uploads\/2024\/05\/wecity_imag_inversion-Madeira_Villa-Saudade_02-300x178.jpg 300w, https:\/\/www.wecity.com\/wp-content\/uploads\/2024\/05\/wecity_imag_inversion-Madeira_Villa-Saudade_02-768x455.jpg 768w, https:\/\/www.wecity.com\/wp-content\/uploads\/2024\/05\/wecity_imag_inversion-Madeira_Villa-Saudade_02.jpg 1287w\" sizes=\"(max-width: 1024px) 100vw, 1024px\" \/><\/figure>\n\n\n\n<figure class=\"wp-block-image size-large is-resized\"><img decoding=\"async\" width=\"1024\" height=\"606\" src=\"https:\/\/www.wecity.com\/wp-content\/uploads\/2024\/05\/wecity_imag_inversion-Madeira_Villa-Saudade_03-1024x606.jpg\" alt=\"\" class=\"wp-image-14037\" style=\"width:861px;height:undefinedpx\" srcset=\"https:\/\/www.wecity.com\/wp-content\/uploads\/2024\/05\/wecity_imag_inversion-Madeira_Villa-Saudade_03-1024x606.jpg 1024w, https:\/\/www.wecity.com\/wp-content\/uploads\/2024\/05\/wecity_imag_inversion-Madeira_Villa-Saudade_03-300x178.jpg 300w, https:\/\/www.wecity.com\/wp-content\/uploads\/2024\/05\/wecity_imag_inversion-Madeira_Villa-Saudade_03-768x455.jpg 768w, https:\/\/www.wecity.com\/wp-content\/uploads\/2024\/05\/wecity_imag_inversion-Madeira_Villa-Saudade_03.jpg 1287w\" sizes=\"(max-width: 1024px) 100vw, 1024px\" \/><\/figure>\n\n\n\n<p class=\"has-text-color\" style=\"color:#9b9b9b\"><\/p>\n\n\n\n<div style=\"height:16px\" aria-hidden=\"true\" class=\"wp-block-spacer\"><\/div>\n\n\n\n<h2 class=\"wp-block-heading\">Localisation<\/h2>\n\n\n\n<p>L&rsquo;\u00eele de Mad\u00e8re est connue comme la \u00ab <strong>perle de l&rsquo;Atlantique<\/strong> \u00bb pour son climat subtropical, sa flore et sa faune exotiques et ses paysages montagneux \u00e9poustouflants. Plus de la moiti\u00e9 de l&rsquo;\u00eele abrite une immense r\u00e9serve naturelle, connue sous le nom de Laurissilva, class\u00e9e au patrimoine mondial de <strong>l&rsquo;UNESCO<\/strong> en 1999. Avec une superficie de 741 kilom\u00e8tres carr\u00e9s, l&rsquo;\u00eele de Mad\u00e8re est une oasis dans l&rsquo;Atlantique o\u00f9 les for\u00eats, les villes, les plages et les montagnes pr\u00e9servent une grande<strong> richesse naturelle et culturelle<\/strong>.<\/p>\n\n\n\n<p>L&rsquo;\u00eele offre \u00e0 ses visiteurs une grande vari\u00e9t\u00e9 d&rsquo;activit\u00e9s, comme la visite du Cabo Gir\u00e3o, un c\u00e9l\u00e8bre point de vue sur la mer, l&rsquo;ascension du Pico do Areeiro ou la visite des maisons traditionnelles de forme triangulaire aux d\u00e9tails bleus et rouges et aux toits de chaume de la r\u00e9gion de Santana. Pour les plus aventureux, l&rsquo;\u00eele propose \u00e9galement des terrains de golf, du jet ski, de la planche \u00e0 voile, de la plong\u00e9e sous-marine et du surf.<\/p>\n\n\n\n<p>Depuis 2013, l&rsquo;\u00eele de Mad\u00e8re a \u00e9t\u00e9 \u00e9lue cons\u00e9cutivement \u00ab <strong>meilleure destination insulaire au monde<\/strong> \u00bb par les c\u00e9l\u00e8bres <strong>World Travel Awards.<\/strong> C&rsquo;est l&rsquo;une des nombreuses distinctions qui t\u00e9moignent du caract\u00e8re exceptionnel de cet archipel, de plus en plus reconnu comme l&rsquo;une des <strong>destinations touristiques les plus attrayantes au monde.<\/strong><\/p>\n\n\n\n<iframe src=\"https:\/\/www.google.com\/maps\/embed?pb=!1m18!1m12!1m3!1d3008.326915578457!2d-17.081097600000003!3d32.6825254!2m3!1f0!2f0!3f0!3m2!1i1024!2i768!4f13.1!3m3!1m2!1s0xc6059eb9bd0f573%3A0x3a03f1e65f4ba5bc!2sEstrada%20da%20Longueira%2017%2C%20Ponta%20do%20Sol%2C%20Portugal!5e1!3m2!1ses!2ses!4v1716282680841!5m2!1ses!2ses\" width=\"800\" height=\"600\" style=\"border:0;\" allowfullscreen=\"\" loading=\"lazy\" referrerpolicy=\"no-referrer-when-downgrade\"><\/iframe>\n\n\n\n<div style=\"height:16px\" aria-hidden=\"true\" class=\"wp-block-spacer\"><\/div>\n\n\n\n<h2 class=\"wp-block-heading\">La garantie hypoth\u00e9caire<\/h2>\n\n\n\n<p>Le financement sera <strong>garanti par une hypoth\u00e8que de premier rang sur deux des trois maisons du projet <\/strong>: la premi\u00e8re, d\u00e9j\u00e0 achev\u00e9e et \u00e9valu\u00e9e \u00e0 2 850 000 euros, et la seconde, celle pour laquelle le financement est requis, \u00e9valu\u00e9e \u00e0 1 063 000 euros dans son \u00e9tat actuel. Au total, la valeur utilis\u00e9e pour calculer le Loan to Value (LTV) est de 3 913 000 euros.<\/p>\n\n\n\n<p>Selon le rapport d&rsquo;\u00e9valuation r\u00e9alis\u00e9 par Tinsa, la valeur actuelle s&rsquo;\u00e9l\u00e8ve \u00e0 3 913 000 \u20ac, en tenant compte des deux garanties. Le pr\u00eat \u00e0 accorder au promoteur est de 1 000 000 \u20ac, ce qui signifie un rapport pr\u00eat\/valeur (LTV) de 25,56 % sur l&rsquo;\u00e9valuation actuelle et un rapport pr\u00eat\/valeur de 25,56 % sur le premier pr\u00e9l\u00e8vement.<\/p>\n\n\n\n<p>L&rsquo;\u00e9valuation HET (Hypothetical finished building) s&rsquo;\u00e9l\u00e8ve \u00e0 6 305 000 \u20ac, ce qui signifie un rapport pr\u00eat\/valeur HET de 31,72 %.<\/p>\n\n\n\n<div style=\"height:16px\" aria-hidden=\"true\" class=\"wp-block-spacer\"><\/div>\n\n\n\n<h2 class=\"wp-block-heading\">Agent de garanties<\/h2>\n\n\n\n<p>La constitution, la pr\u00e9servation, la gestion, l&rsquo;administration et, le cas \u00e9ch\u00e9ant, <strong>l&rsquo;ex\u00e9cution des droits hypoth\u00e9caires immobiliers au nom des investisseurs de wecity seront effectu\u00e9es par une entit\u00e9 externe \u00e0 wecity.<\/strong><\/p>\n\n\n\n<p>Dans ce cas, l&rsquo;agent de garantie d\u00e9sign\u00e9 sera l&rsquo;agent de garantie du rapport.<\/p>\n\n\n\n<div style=\"height:16px\" aria-hidden=\"true\" class=\"wp-block-spacer\"><\/div>\n\n\n\n<h2 class=\"wp-block-heading\">Monitoring<\/h2>\n\n\n\n<p>Le promoteur devra justifier l&rsquo;utilisation des fonds dans chacune des demandes.<\/p>\n\n\n\n<p>L&rsquo;utilisation des fonds par le promoteur sera contr\u00f4l\u00e9e par une soci\u00e9t\u00e9 externe \u00e0 <strong>wecity<\/strong>.<\/p>\n\n\n\n<p style=\"font-size:24px\"><\/p>\n","protected":false},"featured_media":14312,"template":"","class_list":["post-14075","oportunidades","type-oportunidades","status-publish","has-post-thumbnail","hentry"],"acf":[],"_links":{"self":[{"href":"https:\/\/www.wecity.com\/fr\/wp-json\/wp\/v2\/oportunidades\/14075","targetHints":{"allow":["GET"]}}],"collection":[{"href":"https:\/\/www.wecity.com\/fr\/wp-json\/wp\/v2\/oportunidades"}],"about":[{"href":"https:\/\/www.wecity.com\/fr\/wp-json\/wp\/v2\/types\/oportunidades"}],"wp:featuredmedia":[{"embeddable":true,"href":"https:\/\/www.wecity.com\/fr\/wp-json\/wp\/v2\/media\/14312"}],"wp:attachment":[{"href":"https:\/\/www.wecity.com\/fr\/wp-json\/wp\/v2\/media?parent=14075"}],"curies":[{"name":"wp","href":"https:\/\/api.w.org\/{rel}","templated":true}]}}